{"id":57744,"date":"2026-04-28T10:40:20","date_gmt":"2026-04-28T08:40:20","guid":{"rendered":"https:\/\/www.ils-forschung.de\/eroeffnung-des-dortmunder-weltackers-eine-veranstaltung-innerhalb-des-projekts-redesign\/"},"modified":"2026-04-28T10:47:10","modified_gmt":"2026-04-28T08:47:10","slug":"eroeffnung-des-dortmunder-weltackers-eine-veranstaltung-innerhalb-des-projekts-redesign","status":"publish","type":"page","link":"https:\/\/www.ils-forschung.de\/en\/eroeffnung-des-dortmunder-weltackers-eine-veranstaltung-innerhalb-des-projekts-redesign\/","title":{"rendered":"Er\u00f6ffnung des Dortmunder Weltackers \u2013 eine Veranstaltung innerhalb des Projekts REDESIGN"},"content":{"rendered":"<div class=\"fusion-fullwidth fullwidth-box fusion-builder-row-1 fusion-flex-container nonhundred-percent-fullwidth non-hundred-percent-height-scrolling\" style=\"--awb-border-radius-top-left:0px;--awb-border-radius-top-right:0px;--awb-border-radius-bottom-right:0px;--awb-border-radius-bottom-left:0px;--awb-flex-wrap:wrap;\" ><div class=\"fusion-builder-row fusion-row fusion-flex-align-items-flex-start fusion-flex-content-wrap\" style=\"max-width:1144px;margin-left: calc(-4% \/ 2 );margin-right: calc(-4% \/ 2 );\"><div class=\"fusion-layout-column fusion_builder_column fusion-builder-column-0 fusion_builder_column_1_1 1_1 fusion-flex-column\" style=\"--awb-bg-size:cover;--awb-width-large:100%;--awb-margin-top-large:0px;--awb-spacing-right-large:1.92%;--awb-margin-bottom-large:0px;--awb-spacing-left-large:1.92%;--awb-width-medium:100%;--awb-spacing-right-medium:1.92%;--awb-spacing-left-medium:1.92%;--awb-width-small:100%;--awb-spacing-right-small:1.92%;--awb-spacing-left-small:1.92%;\"><div class=\"fusion-column-wrapper fusion-flex-justify-content-flex-start fusion-content-layout-column\"><div class=\"fusion-text fusion-text-1\"><p>Der Dortmunder Weltacker wurde am 26. April 2026 er\u00f6ffnet und stie\u00df bereits am ersten Tag auf gro\u00dfes Interesse. Knapp 200 Besucherinnen waren vor Ort, um den neuen Bildungsort zu erleben, der auf 2000m\u00b2 zeigt, wie die globale Ackerfl\u00e4che pro Mensch genutzt wird.<br \/>\nMit F\u00fchrungen und Mitmachaktionen f\u00fcr Klein und Gro\u00df bot die Er\u00f6ffnung einen lebendigen Einblick in die Themen nachhaltige Landwirtschaft, Ern\u00e4hrung, Biodiversit\u00e4t und globale Gerechtigkeit. Der Standort des Weltackers ist eingebettet in die Fl\u00e4chen des Schultenhofs Dortmund. Es gab verschiedene Mitmach-Aktionen: ein Saatgut-Quiz, das Pflanzen von Sojabohnen, ein Weltacker-Quiz, ein gemeinsames Auss\u00e4en, sowie eine Perspektivwechsel-Aktion. Bei einer F\u00fchrung \u00fcber die 2000m\u00b2 Ackerfl\u00e4che wurden die knapp 45 Kulturen und deren Anteile vorgestellt. Zus\u00e4tzlich wurden die Erlebnisse der Gesamtschule Br\u00fcnninghausen auf dem Weltacker pr\u00e4sentiert. Unabh\u00e4ngig davon stellte eine kleine Ausstellung die Themen des Weltackers vor \u2013 darunter Biodiversit\u00e4t, Lebensmittelverschwendung, Landnutzung, Klima, globale Gerechtigkeit und weitere Schwerpunkte. \u201eWir freuen uns \u00fcber den positiven Zuspruch f\u00fcr das Projekt. Der Weltacker macht sichtbar, wie eng unser Alltag mit globalen Ressourcenfragen verbunden ist\u201c, sagte Katharina Hieber, Projektkoordination. \u201eUnd die positive Resonanz zeigt, wie gro\u00df das Interesse an nachhaltiger Ern\u00e4hrung und globalen Zusammenh\u00e4ngen ist.\u201d Das Programm der Er\u00f6ffnung wurde koordiniert durch den Ern\u00e4hrungsrat Dortmund und Region e.V. in gemeinsamer Kooperation mit Querwaldein Dortmund e.V., Lernbauernhof Schulte-Tigges, Claudia Strzelecki, Gesamtschule Br\u00fcnninghausen, Schultenhof, Welthaus Dortmund und der Technischen Universit\u00e4t Dortmund.<\/p>\n<\/p>\n<p><strong>Bildung, Gemeinschaft und Dialog auf dem Weltacker<\/strong><\/p>\n<p><strong><\/strong>Der Ern\u00e4hrungsrat Dortmund bietet auf dem Weltacker gemeinsam mit Dortmunder Bildungsakteuren ein handlungsorientiertes Bildungsprogramm an, das ab sofort gebucht werden kann. Die Angebote richten sich an Bildungseinrichtungen wie Kitas, Schulen und au\u00dferschulische Lernorte mit Gemeinschaftsverpflegung und k\u00f6nnen kostenlos gebucht werden. Geplant sind au\u00dferdem Aktionen, wie Sommer- und Erntefeste, gemeinsame Kochaktionen sowie F\u00fchrungen f\u00fcr interessierte Gruppen. Am 05.05. findet bereits \u201cDEPOT ON TOUR: MIT R\u00dcCKENWIND ZUR ERN\u00c4HRUNGSWENDE\u201d statt &#8211; eine Fahrradtour zum Weltacker mit F\u00fchrung und gemeinsamer Kochaktion. Das Team freut sich \u00fcber Kooperationsanfragen f\u00fcr Workshops, Expert*innen-Vortr\u00e4ge, Dialogformate, F\u00fchrungen und Kulturangebote auf dem Acker. Alle Informationen, sowie Kontakte sind auf der Website des Dortmunder Ern\u00e4hrungsrats zu finden: https:\/\/ernaehrungsrat-dortmund.de\/projekte\/weltacker\/<\/p>\n<\/p>\n<p><strong>\u00dcber den Weltacker<\/strong><\/p>\n<\/p>\n<p>Ein Weltacker zeigt auf 2.000 m\u00b2 ma\u00dfstabsgetreu, wie die globale Ackerfl\u00e4che pro Kopf genutzt wird. Hier w\u00e4chst alles, was ein Mensch zum Leben braucht. Au\u00dferdem macht er sichtbar, wie unser Konsumverhalten mit globalen Herausforderungen wie Klimawandel, Artenverlust, Bodenfruchtbarkeit und Ern\u00e4hrungssicherheit zusammenh\u00e4ngt. Mit dem Dortmunder Weltacker entsteht ein neuer Lern- und Dialog-Ort, der diese Zusammenh\u00e4nge veranschaulicht. Der Weltacker macht sichtbar, welche Kulturen weltweit angebaut werden, wie viel Fl\u00e4che f\u00fcr unsere Ern\u00e4hrung, f\u00fcr Tierfutter, f\u00fcr Energiepflanzen oder f\u00fcr textile Rohstoffe ben\u00f6tigt wird und welche Auswirkungen unser Konsum auf B\u00f6den, Klima und Biodiversit\u00e4t hat. <\/p>\n<p>Der Aufbau des Dortmunder Weltackers wird durch den Ern\u00e4hrungsrat Dortmund und Region e.V. auf den Fl\u00e4chen des Schultenhofs Dortmund umgesetzt und innerhalb des Projekts REDESIGN durch das EU Programm Horizon Europe gef\u00f6rdert. Die Entwicklung und Umsetzung des Weltacker Bildungsprogramms wird im Rahmen des Turn-the-Tables-Projekt \u00fcber das EU DEAR Programm gef\u00f6rdert. Das Projekt ist Teil des internationalen Weltacker-Netzwerks,<br \/>\nwelches seinen Ursprung in Berlin hat und dort durch die Zukunftsstiftung Landwirtschaft ins Leben gerufen wurde.<\/p>\n<\/p>\n<p><strong>Weiterf\u00fchrende Informationen<\/strong><br \/>\n<a href=\"https:\/\/ernaehrungsrat-dortmund.de\/projekte\/weltacker\/\">Weltacker Dortmund<\/a><br \/>\n<a href=\"https:\/\/www.2000m2.eu\/de\/\">Internationale Weltacker-Bewegung<\/a><br \/>\n<a href=\"https:\/\/horizon-redesign.eu\/\">REDESIGN<\/a><\/p>\n<\/p>\n<p><strong>Kontakt:<\/strong><br \/>\nweltacker@ernaehrungsrat-dortmund.de<\/p>\n<\/p>\n<p>Diese Meldung basiert auf einer Pressemitteilung des Ern\u00e4hrungsrat Dortmund und Region e.V.<\/p><\/p>\n<\/div><div class=\"awb-gallery-wrapper awb-gallery-wrapper-1 button-span-no\" style=\"--more-btn-alignment:center;\" data-limit=\"10\" data-page=\"1\"><div style=\"margin:-5px;--awb-bordersize:0px;\" class=\"fusion-gallery fusion-gallery-container fusion-grid-3 fusion-columns-total-3 fusion-gallery-layout-grid fusion-gallery-1\"><div style=\"padding:5px;\" class=\"fusion-grid-column fusion-gallery-column fusion-gallery-column-3 hover-type-none\"><div class=\"fusion-gallery-image\"><a href=\"https:\/\/www.ils-forschung.de\/wp-content\/uploads\/2026\/04\/Logo-Weltacker.png\" rel=\"noreferrer\" data-rel=\"iLightbox[gallery_image_1]\" class=\"fusion-lightbox\" target=\"_self\"><img decoding=\"async\" src=\"https:\/\/www.ils-forschung.de\/wp-content\/uploads\/2026\/04\/Logo-Weltacker.png\" width=\"1501\" height=\"1281\" alt=\"\" title=\"Logo Weltacker\" aria-label=\"Logo Weltacker\" class=\"img-responsive wp-image-57742\" srcset=\"https:\/\/www.ils-forschung.de\/wp-content\/uploads\/2026\/04\/Logo-Weltacker-200x171.png 200w, https:\/\/www.ils-forschung.de\/wp-content\/uploads\/2026\/04\/Logo-Weltacker-400x341.png 400w, https:\/\/www.ils-forschung.de\/wp-content\/uploads\/2026\/04\/Logo-Weltacker-600x512.png 600w, https:\/\/www.ils-forschung.de\/wp-content\/uploads\/2026\/04\/Logo-Weltacker-800x683.png 800w, https:\/\/www.ils-forschung.de\/wp-content\/uploads\/2026\/04\/Logo-Weltacker-1200x1024.png 1200w, https:\/\/www.ils-forschung.de\/wp-content\/uploads\/2026\/04\/Logo-Weltacker.png 1501w\" sizes=\"(min-width: 2200px) 100vw, (min-width: 724px) 363px, (min-width: 682px) 545px, (min-width: 640px) 682px, \" \/><\/a><\/div><\/div><div style=\"padding:5px;\" class=\"fusion-grid-column fusion-gallery-column fusion-gallery-column-3 hover-type-none\"><div class=\"fusion-gallery-image\"><a href=\"https:\/\/www.ils-forschung.de\/wp-content\/uploads\/2026\/04\/260426-Eroeffnung-Weltacker-c-Borbach-6.jpg\" rel=\"noreferrer\" data-rel=\"iLightbox[gallery_image_1]\" class=\"fusion-lightbox\" target=\"_self\"><img decoding=\"async\" src=\"https:\/\/www.ils-forschung.de\/wp-content\/uploads\/2026\/04\/260426-Eroeffnung-Weltacker-c-Borbach-6.jpg\" width=\"2000\" height=\"1500\" alt=\"Buntes Schild, auf dem die Aufteilung des Weltackers dargestellt wird.\" title=\"260426 Er\u00f6ffnung Weltacker c Borbach (6)\" aria-label=\"260426 Er\u00f6ffnung Weltacker c Borbach (6)\" class=\"img-responsive wp-image-57743\" srcset=\"https:\/\/www.ils-forschung.de\/wp-content\/uploads\/2026\/04\/260426-Eroeffnung-Weltacker-c-Borbach-6-200x150.jpg 200w, https:\/\/www.ils-forschung.de\/wp-content\/uploads\/2026\/04\/260426-Eroeffnung-Weltacker-c-Borbach-6-400x300.jpg 400w, https:\/\/www.ils-forschung.de\/wp-content\/uploads\/2026\/04\/260426-Eroeffnung-Weltacker-c-Borbach-6-600x450.jpg 600w, https:\/\/www.ils-forschung.de\/wp-content\/uploads\/2026\/04\/260426-Eroeffnung-Weltacker-c-Borbach-6-800x600.jpg 800w, https:\/\/www.ils-forschung.de\/wp-content\/uploads\/2026\/04\/260426-Eroeffnung-Weltacker-c-Borbach-6-1200x900.jpg 1200w, https:\/\/www.ils-forschung.de\/wp-content\/uploads\/2026\/04\/260426-Eroeffnung-Weltacker-c-Borbach-6.jpg 2000w\" sizes=\"(min-width: 2200px) 100vw, (min-width: 724px) 363px, (min-width: 682px) 545px, (min-width: 640px) 682px, \" \/><\/a><\/div><\/div><div style=\"padding:5px;\" class=\"fusion-grid-column fusion-gallery-column fusion-gallery-column-3 hover-type-none\"><div class=\"fusion-gallery-image\"><a href=\"https:\/\/www.ils-forschung.de\/wp-content\/uploads\/2026\/04\/Weltacker-Eroeffnung_TeamcErnaehrungsrat-Dortmund-und-Region-e.V._klein.jpg\" rel=\"noreferrer\" data-rel=\"iLightbox[gallery_image_1]\" class=\"fusion-lightbox\" target=\"_self\"><img decoding=\"async\" src=\"https:\/\/www.ils-forschung.de\/wp-content\/uploads\/2026\/04\/Weltacker-Eroeffnung_TeamcErnaehrungsrat-Dortmund-und-Region-e.V._klein.jpg\" width=\"1800\" height=\"1351\" alt=\"Gruppe aus mehreren Menschen, die sich freuen und fr\u00f6hlich in die Kamera schauen.\" title=\"Weltacker Er\u00f6ffnung_Team(c)Ern\u00e4hrungsrat Dortmund und Region e.V._klein\" aria-label=\"Weltacker Er\u00f6ffnung_Team(c)Ern\u00e4hrungsrat Dortmund und Region e.V._klein\" class=\"img-responsive wp-image-57739\" srcset=\"https:\/\/www.ils-forschung.de\/wp-content\/uploads\/2026\/04\/Weltacker-Eroeffnung_TeamcErnaehrungsrat-Dortmund-und-Region-e.V._klein-200x150.jpg 200w, https:\/\/www.ils-forschung.de\/wp-content\/uploads\/2026\/04\/Weltacker-Eroeffnung_TeamcErnaehrungsrat-Dortmund-und-Region-e.V._klein-400x300.jpg 400w, https:\/\/www.ils-forschung.de\/wp-content\/uploads\/2026\/04\/Weltacker-Eroeffnung_TeamcErnaehrungsrat-Dortmund-und-Region-e.V._klein-600x450.jpg 600w, https:\/\/www.ils-forschung.de\/wp-content\/uploads\/2026\/04\/Weltacker-Eroeffnung_TeamcErnaehrungsrat-Dortmund-und-Region-e.V._klein-800x600.jpg 800w, https:\/\/www.ils-forschung.de\/wp-content\/uploads\/2026\/04\/Weltacker-Eroeffnung_TeamcErnaehrungsrat-Dortmund-und-Region-e.V._klein-1200x901.jpg 1200w, https:\/\/www.ils-forschung.de\/wp-content\/uploads\/2026\/04\/Weltacker-Eroeffnung_TeamcErnaehrungsrat-Dortmund-und-Region-e.V._klein.jpg 1800w\" sizes=\"(min-width: 2200px) 100vw, (min-width: 724px) 363px, (min-width: 682px) 545px, (min-width: 640px) 682px, \" \/><\/a><\/div><\/div><div class=\"clearfix\"><\/div><\/div><\/div><div class=\"fusion-text fusion-text-2\"><p>\u00a9 Ern\u00e4hrungsrat Dortmund und Region e.V. und Borbach\/ILS<\/p>\n<\/div><\/div><\/div><\/div><\/div>\n","protected":false},"excerpt":{"rendered":"","protected":false},"author":17,"featured_media":29962,"parent":0,"menu_order":0,"comment_status":"closed","ping_status":"closed","template":"","meta":{"footnotes":""},"class_list":["post-57744","page","type-page","status-publish","has-post-thumbnail","hentry"],"yoast_head":"<!-- This site is optimized with the Yoast SEO plugin v27.1.1 - https:\/\/yoast.com\/product\/yoast-seo-wordpress\/ -->\n<title>Er\u00f6ffnung des Dortmunder Weltackers \u2013 eine Veranstaltung innerhalb des Projekts REDESIGN - ILS - Institut f\u00fcr Landes- und Stadtentwicklungsforschung<\/title>\n<meta name=\"robots\" content=\"index, follow, max-snippet:-1, max-image-preview:large, max-video-preview:-1\" \/>\n<link rel=\"canonical\" href=\"https:\/\/www.ils-forschung.de\/en\/eroeffnung-des-dortmunder-weltackers-eine-veranstaltung-innerhalb-des-projekts-redesign\/\" \/>\n<meta property=\"og:locale\" content=\"en_US\" \/>\n<meta property=\"og:type\" content=\"article\" \/>\n<meta property=\"og:title\" content=\"Er\u00f6ffnung des Dortmunder Weltackers \u2013 eine Veranstaltung innerhalb des Projekts REDESIGN - ILS - Institut f\u00fcr Landes- und Stadtentwicklungsforschung\" \/>\n<meta property=\"og:url\" content=\"https:\/\/www.ils-forschung.de\/en\/eroeffnung-des-dortmunder-weltackers-eine-veranstaltung-innerhalb-des-projekts-redesign\/\" \/>\n<meta property=\"og:site_name\" content=\"ILS - Institut f\u00fcr Landes- und Stadtentwicklungsforschung\" \/>\n<meta property=\"article:modified_time\" content=\"2026-04-28T08:47:10+00:00\" \/>\n<meta property=\"og:image\" content=\"https:\/\/www.ils-forschung.de\/wp-content\/uploads\/2023\/04\/ils-social-share-logo.jpg\" \/>\n\t<meta property=\"og:image:width\" content=\"1200\" \/>\n\t<meta property=\"og:image:height\" content=\"630\" \/>\n\t<meta property=\"og:image:type\" content=\"image\/jpeg\" \/>\n<meta name=\"twitter:card\" content=\"summary_large_image\" \/>\n<meta name=\"twitter:site\" content=\"@ILS_forschung\" \/>\n<meta name=\"twitter:label1\" content=\"Est. reading time\" \/>\n\t<meta name=\"twitter:data1\" content=\"4 minutes\" \/>\n<script type=\"application\/ld+json\" class=\"yoast-schema-graph\">{\"@context\":\"https:\/\/schema.org\",\"@graph\":[{\"@type\":\"WebPage\",\"@id\":\"https:\/\/www.ils-forschung.de\/en\/eroeffnung-des-dortmunder-weltackers-eine-veranstaltung-innerhalb-des-projekts-redesign\/\",\"url\":\"https:\/\/www.ils-forschung.de\/en\/eroeffnung-des-dortmunder-weltackers-eine-veranstaltung-innerhalb-des-projekts-redesign\/\",\"name\":\"Er\u00f6ffnung des Dortmunder Weltackers \u2013 eine Veranstaltung innerhalb des Projekts REDESIGN - ILS - Institut f\u00fcr Landes- und Stadtentwicklungsforschung\",\"isPartOf\":{\"@id\":\"https:\/\/www.ils-forschung.de\/en\/#website\"},\"primaryImageOfPage\":{\"@id\":\"https:\/\/www.ils-forschung.de\/en\/eroeffnung-des-dortmunder-weltackers-eine-veranstaltung-innerhalb-des-projekts-redesign\/#primaryimage\"},\"image\":{\"@id\":\"https:\/\/www.ils-forschung.de\/en\/eroeffnung-des-dortmunder-weltackers-eine-veranstaltung-innerhalb-des-projekts-redesign\/#primaryimage\"},\"thumbnailUrl\":\"https:\/\/www.ils-forschung.de\/wp-content\/uploads\/2023\/04\/ils-social-share-logo.jpg\",\"datePublished\":\"2026-04-28T08:40:20+00:00\",\"dateModified\":\"2026-04-28T08:47:10+00:00\",\"breadcrumb\":{\"@id\":\"https:\/\/www.ils-forschung.de\/en\/eroeffnung-des-dortmunder-weltackers-eine-veranstaltung-innerhalb-des-projekts-redesign\/#breadcrumb\"},\"inLanguage\":\"en-US\",\"potentialAction\":[{\"@type\":\"ReadAction\",\"target\":[\"https:\/\/www.ils-forschung.de\/en\/eroeffnung-des-dortmunder-weltackers-eine-veranstaltung-innerhalb-des-projekts-redesign\/\"]}]},{\"@type\":\"ImageObject\",\"inLanguage\":\"en-US\",\"@id\":\"https:\/\/www.ils-forschung.de\/en\/eroeffnung-des-dortmunder-weltackers-eine-veranstaltung-innerhalb-des-projekts-redesign\/#primaryimage\",\"url\":\"https:\/\/www.ils-forschung.de\/wp-content\/uploads\/2023\/04\/ils-social-share-logo.jpg\",\"contentUrl\":\"https:\/\/www.ils-forschung.de\/wp-content\/uploads\/2023\/04\/ils-social-share-logo.jpg\",\"width\":1200,\"height\":630},{\"@type\":\"BreadcrumbList\",\"@id\":\"https:\/\/www.ils-forschung.de\/en\/eroeffnung-des-dortmunder-weltackers-eine-veranstaltung-innerhalb-des-projekts-redesign\/#breadcrumb\",\"itemListElement\":[{\"@type\":\"ListItem\",\"position\":1,\"name\":\"Home\",\"item\":\"https:\/\/www.ils-forschung.de\/en\/\"},{\"@type\":\"ListItem\",\"position\":2,\"name\":\"Er\u00f6ffnung des Dortmunder Weltackers \u2013 eine Veranstaltung innerhalb des Projekts REDESIGN\"}]},{\"@type\":\"WebSite\",\"@id\":\"https:\/\/www.ils-forschung.de\/en\/#website\",\"url\":\"https:\/\/www.ils-forschung.de\/en\/\",\"name\":\"ILS - Institut f\u00fcr Landes- und Stadtentwicklungsforschung\",\"description\":\"Das ILS \u2013 Institut f\u00fcr Landes- und Stadtentwicklungsforschung ist ein raumwissenschaftliches au\u00dferuniversit\u00e4res Forschungsinstitut mit Sitz in Dortmund.\",\"potentialAction\":[{\"@type\":\"SearchAction\",\"target\":{\"@type\":\"EntryPoint\",\"urlTemplate\":\"https:\/\/www.ils-forschung.de\/en\/?s={search_term_string}\"},\"query-input\":{\"@type\":\"PropertyValueSpecification\",\"valueRequired\":true,\"valueName\":\"search_term_string\"}}],\"inLanguage\":\"en-US\"}]}<\/script>\n<!-- \/ Yoast SEO plugin. -->","yoast_head_json":{"title":"Er\u00f6ffnung des Dortmunder Weltackers \u2013 eine Veranstaltung innerhalb des Projekts REDESIGN - ILS - Institut f\u00fcr Landes- und Stadtentwicklungsforschung","robots":{"index":"index","follow":"follow","max-snippet":"max-snippet:-1","max-image-preview":"max-image-preview:large","max-video-preview":"max-video-preview:-1"},"canonical":"https:\/\/www.ils-forschung.de\/en\/eroeffnung-des-dortmunder-weltackers-eine-veranstaltung-innerhalb-des-projekts-redesign\/","og_locale":"en_US","og_type":"article","og_title":"Er\u00f6ffnung des Dortmunder Weltackers \u2013 eine Veranstaltung innerhalb des Projekts REDESIGN - ILS - Institut f\u00fcr Landes- und Stadtentwicklungsforschung","og_url":"https:\/\/www.ils-forschung.de\/en\/eroeffnung-des-dortmunder-weltackers-eine-veranstaltung-innerhalb-des-projekts-redesign\/","og_site_name":"ILS - Institut f\u00fcr Landes- und Stadtentwicklungsforschung","article_modified_time":"2026-04-28T08:47:10+00:00","og_image":[{"width":1200,"height":630,"url":"https:\/\/www.ils-forschung.de\/wp-content\/uploads\/2023\/04\/ils-social-share-logo.jpg","type":"image\/jpeg"}],"twitter_card":"summary_large_image","twitter_site":"@ILS_forschung","twitter_misc":{"Est. reading time":"4 minutes"},"schema":{"@context":"https:\/\/schema.org","@graph":[{"@type":"WebPage","@id":"https:\/\/www.ils-forschung.de\/en\/eroeffnung-des-dortmunder-weltackers-eine-veranstaltung-innerhalb-des-projekts-redesign\/","url":"https:\/\/www.ils-forschung.de\/en\/eroeffnung-des-dortmunder-weltackers-eine-veranstaltung-innerhalb-des-projekts-redesign\/","name":"Er\u00f6ffnung des Dortmunder Weltackers \u2013 eine Veranstaltung innerhalb des Projekts REDESIGN - ILS - Institut f\u00fcr Landes- und Stadtentwicklungsforschung","isPartOf":{"@id":"https:\/\/www.ils-forschung.de\/en\/#website"},"primaryImageOfPage":{"@id":"https:\/\/www.ils-forschung.de\/en\/eroeffnung-des-dortmunder-weltackers-eine-veranstaltung-innerhalb-des-projekts-redesign\/#primaryimage"},"image":{"@id":"https:\/\/www.ils-forschung.de\/en\/eroeffnung-des-dortmunder-weltackers-eine-veranstaltung-innerhalb-des-projekts-redesign\/#primaryimage"},"thumbnailUrl":"https:\/\/www.ils-forschung.de\/wp-content\/uploads\/2023\/04\/ils-social-share-logo.jpg","datePublished":"2026-04-28T08:40:20+00:00","dateModified":"2026-04-28T08:47:10+00:00","breadcrumb":{"@id":"https:\/\/www.ils-forschung.de\/en\/eroeffnung-des-dortmunder-weltackers-eine-veranstaltung-innerhalb-des-projekts-redesign\/#breadcrumb"},"inLanguage":"en-US","potentialAction":[{"@type":"ReadAction","target":["https:\/\/www.ils-forschung.de\/en\/eroeffnung-des-dortmunder-weltackers-eine-veranstaltung-innerhalb-des-projekts-redesign\/"]}]},{"@type":"ImageObject","inLanguage":"en-US","@id":"https:\/\/www.ils-forschung.de\/en\/eroeffnung-des-dortmunder-weltackers-eine-veranstaltung-innerhalb-des-projekts-redesign\/#primaryimage","url":"https:\/\/www.ils-forschung.de\/wp-content\/uploads\/2023\/04\/ils-social-share-logo.jpg","contentUrl":"https:\/\/www.ils-forschung.de\/wp-content\/uploads\/2023\/04\/ils-social-share-logo.jpg","width":1200,"height":630},{"@type":"BreadcrumbList","@id":"https:\/\/www.ils-forschung.de\/en\/eroeffnung-des-dortmunder-weltackers-eine-veranstaltung-innerhalb-des-projekts-redesign\/#breadcrumb","itemListElement":[{"@type":"ListItem","position":1,"name":"Home","item":"https:\/\/www.ils-forschung.de\/en\/"},{"@type":"ListItem","position":2,"name":"Er\u00f6ffnung des Dortmunder Weltackers \u2013 eine Veranstaltung innerhalb des Projekts REDESIGN"}]},{"@type":"WebSite","@id":"https:\/\/www.ils-forschung.de\/en\/#website","url":"https:\/\/www.ils-forschung.de\/en\/","name":"ILS - Institut f\u00fcr Landes- und Stadtentwicklungsforschung","description":"Das ILS \u2013 Institut f\u00fcr Landes- und Stadtentwicklungsforschung ist ein raumwissenschaftliches au\u00dferuniversit\u00e4res Forschungsinstitut mit Sitz in Dortmund.","potentialAction":[{"@type":"SearchAction","target":{"@type":"EntryPoint","urlTemplate":"https:\/\/www.ils-forschung.de\/en\/?s={search_term_string}"},"query-input":{"@type":"PropertyValueSpecification","valueRequired":true,"valueName":"search_term_string"}}],"inLanguage":"en-US"}]}},"_links":{"self":[{"href":"https:\/\/www.ils-forschung.de\/en\/wp-json\/wp\/v2\/pages\/57744","targetHints":{"allow":["GET"]}}],"collection":[{"href":"https:\/\/www.ils-forschung.de\/en\/wp-json\/wp\/v2\/pages"}],"about":[{"href":"https:\/\/www.ils-forschung.de\/en\/wp-json\/wp\/v2\/types\/page"}],"author":[{"embeddable":true,"href":"https:\/\/www.ils-forschung.de\/en\/wp-json\/wp\/v2\/users\/17"}],"replies":[{"embeddable":true,"href":"https:\/\/www.ils-forschung.de\/en\/wp-json\/wp\/v2\/comments?post=57744"}],"version-history":[{"count":7,"href":"https:\/\/www.ils-forschung.de\/en\/wp-json\/wp\/v2\/pages\/57744\/revisions"}],"predecessor-version":[{"id":57755,"href":"https:\/\/www.ils-forschung.de\/en\/wp-json\/wp\/v2\/pages\/57744\/revisions\/57755"}],"wp:featuredmedia":[{"embeddable":true,"href":"https:\/\/www.ils-forschung.de\/en\/wp-json\/wp\/v2\/media\/29962"}],"wp:attachment":[{"href":"https:\/\/www.ils-forschung.de\/en\/wp-json\/wp\/v2\/media?parent=57744"}],"curies":[{"name":"wp","href":"https:\/\/api.w.org\/{rel}","templated":true}]}}