{"id":3122,"date":"2019-04-15T13:46:25","date_gmt":"2019-04-15T11:46:25","guid":{"rendered":"https:\/\/www.ils-forschung.de\/the-ils\/ils-staff\/zeitz-jana-friederike\/"},"modified":"2020-01-13T10:56:25","modified_gmt":"2020-01-13T09:56:25","slug":"zeitz-jana-friederike","status":"publish","type":"page","link":"https:\/\/www.ils-forschung.de\/en\/the-ils\/ils-staff\/zeitz-jana-friederike\/","title":{"rendered":"Zeitz, Jana Friederike"},"content":{"rendered":"<div class=\"fusion-fullwidth fullwidth-box fusion-builder-row-1 fusion-flex-container nonhundred-percent-fullwidth non-hundred-percent-height-scrolling\" style=\"--awb-border-radius-top-left:0px;--awb-border-radius-top-right:0px;--awb-border-radius-bottom-right:0px;--awb-border-radius-bottom-left:0px;--awb-flex-wrap:wrap;\" ><div class=\"fusion-builder-row fusion-row fusion-flex-align-items-flex-start fusion-flex-content-wrap\" style=\"max-width:1144px;margin-left: calc(-4% \/ 2 );margin-right: calc(-4% \/ 2 );\"><div class=\"fusion-layout-column fusion_builder_column fusion-builder-column-0 fusion_builder_column_3_4 3_4 fusion-flex-column\" style=\"--awb-bg-size:cover;--awb-width-large:75%;--awb-margin-top-large:0px;--awb-spacing-right-large:3.84%;--awb-margin-bottom-large:20px;--awb-spacing-left-large:2.56%;--awb-width-medium:100%;--awb-spacing-right-medium:1.92%;--awb-spacing-left-medium:1.92%;--awb-width-small:100%;--awb-spacing-right-small:1.92%;--awb-spacing-left-small:1.92%;\"><div class=\"fusion-column-wrapper fusion-flex-justify-content-flex-start fusion-content-layout-column\"><div class=\"fusion-text fusion-text-1\"><h3>Jana Friederike Zeitz, M.Sc. Geography<\/h3>\n<p>(area of specialisation: Urban and Regional Development Management)<\/p>\n<\/div><div class=\"fusion-builder-row fusion-builder-row-inner fusion-row fusion-flex-align-items-flex-start fusion-flex-content-wrap\" style=\"--awb-flex-grow:0;--awb-flex-grow-medium:0;--awb-flex-grow-small:0;--awb-flex-shrink:0;--awb-flex-shrink-medium:0;--awb-flex-shrink-small:0;width:104% !important;max-width:104% !important;margin-left: calc(-4% \/ 2 );margin-right: calc(-4% \/ 2 );\"><div class=\"fusion-layout-column fusion_builder_column_inner fusion-builder-nested-column-0 fusion_builder_column_inner_1_3 1_3 fusion-flex-column\" style=\"--awb-bg-size:cover;--awb-width-large:33.3333333333%;--awb-margin-top-large:0px;--awb-spacing-right-large:3.83999999999%;--awb-margin-bottom-large:20px;--awb-spacing-left-large:5.76%;--awb-width-medium:100%;--awb-spacing-right-medium:1.92%;--awb-spacing-left-medium:1.92%;--awb-width-small:100%;--awb-spacing-right-small:1.92%;--awb-spacing-left-small:1.92%;\"><div class=\"fusion-column-wrapper fusion-flex-justify-content-flex-start fusion-content-layout-column\"><div class=\"fusion-image-element\" style=\"--awb-caption-title-font-family:var(--h2_typography-font-family);--awb-caption-title-font-weight:var(--h2_typography-font-weight);--awb-caption-title-font-style:var(--h2_typography-font-style);--awb-caption-title-size:var(--h2_typography-font-size);--awb-caption-title-transform:var(--h2_typography-text-transform);--awb-caption-title-line-height:var(--h2_typography-line-height);--awb-caption-title-letter-spacing:var(--h2_typography-letter-spacing);\"><span class=\" fusion-imageframe imageframe-none imageframe-1 hover-type-none\"><img decoding=\"async\" src=\"https:\/\/www.ils-forschung.de\/wp-content\/uploads\/2019\/02\/zeitz-jana-friederike-683x1024.jpg\" alt class=\"img-responsive\"\/><\/span><\/div><\/div><\/div><div class=\"fusion-layout-column fusion_builder_column_inner fusion-builder-nested-column-1 fusion_builder_column_inner_2_3 2_3 fusion-flex-column\" style=\"--awb-bg-size:cover;--awb-width-large:66.6666666667%;--awb-margin-top-large:0px;--awb-spacing-right-large:2.88%;--awb-margin-bottom-large:20px;--awb-spacing-left-large:3.84%;--awb-width-medium:100%;--awb-spacing-right-medium:1.92%;--awb-spacing-left-medium:1.92%;--awb-width-small:100%;--awb-spacing-right-small:1.92%;--awb-spacing-left-small:1.92%;\"><div class=\"fusion-column-wrapper fusion-flex-justify-content-flex-start fusion-content-layout-column\"><div class=\"fusion-text fusion-text-2\"><p>Studied Geography with specialisation on Urban and Regional Development at the Department of Geography, Ruhr University Bochum. <\/p>\n<p><strong>Research interests:<\/strong><\/p>\n<ul>\n<li>The right to the city<\/li>\n<li>Social and spatial inequality<\/li>\n<li>Urban and neighbourhood development planning<\/li>\n<li>Housing market and allocation strategies<\/li>\n<\/ul>\n<\/div><div class=\"fusion-text fusion-text-3\"><p><strong>Contact:<\/strong><br \/>\nPhone: + 49 (0) 231 9051-244<br \/>\nE-Mail: <a href=\"mailto:jana.zeitz@ils-research.de\">jana.zeitz@ils-research.de<\/a><\/p>\n<\/div><\/div><\/div><\/div><\/div><\/div><div class=\"fusion-layout-column fusion_builder_column fusion-builder-column-1 fusion_builder_column_1_4 1_4 fusion-flex-column\" style=\"--awb-bg-size:cover;--awb-width-large:25%;--awb-margin-top-large:0px;--awb-spacing-right-large:7.68%;--awb-margin-bottom-large:20px;--awb-spacing-left-large:3.84%;--awb-width-medium:100%;--awb-spacing-right-medium:1.92%;--awb-spacing-left-medium:1.92%;--awb-width-small:100%;--awb-spacing-right-small:1.92%;--awb-spacing-left-small:1.92%;\"><div class=\"fusion-column-wrapper fusion-flex-justify-content-flex-start fusion-content-layout-column\"><div class=\"fusion-blog-shortcode fusion-blog-shortcode-1 fusion-blog-archive fusion-blog-layout-grid-wrapper fusion-blog-infinite fusion-blog-no-images\"><style type=\"text\/css\">.fusion-blog-shortcode-1 .fusion-blog-layout-grid .fusion-post-grid{padding:20px;}.fusion-blog-shortcode-1 .fusion-posts-container{margin-left: -20px !important; margin-right:-20px !important;}<\/style><div class=\"fusion-posts-container fusion-posts-container-infinite fusion-posts-container-load-more fusion-no-meta-info fusion-blog-layout-grid fusion-blog-layout-grid-1 isotope\" data-pages=\"293\" data-grid-col-space=\"40\" style=\"margin: -20px -20px 0;min-height:500px;\"><article id=\"blog-1-post-58957\" class=\"fusion-post-grid fusion-sticky post-58957 post type-post status-publish format-standard has-post-thumbnail hentry category-aktuelles-en\">\n<div class=\"fusion-post-wrapper\" style=\"background-color:rgba(249,249,249,1);border:1px solid #e5e5e5;border-bottom-width:3px;\"><div class=\"fusion-post-content-wrapper\" style=\"padding:20px 20px 0px 20px;\"><div class=\"fusion-post-content post-content\"><h2 class=\"blog-shortcode-post-title entry-title\"><a href=\"https:\/\/www.ils-forschung.de\/das-ils\/arbeiten-im-ils\/\">Job advertisement: Scientifc Director of the ILS<\/a><\/h2><div class=\"fusion-post-content-container\"><div class=\"fusion-fullwidth fullwidth-box fusion-builder-row-1-1 fusion-flex-container nonhundred-percent-fullwidth non-hundred-percent-height-scrolling\" style=\"--awb-border-radius-top-left:0px;--awb-border-radius-top-right:0px;--awb-border-radius-bottom-right:0px;--awb-border-radius-bottom-left:0px;--awb-flex-wrap:wrap;\" ><div class=\"fusion-builder-row fusion-row fusion-flex-align-items-flex-start fusion-flex-content-wrap\" style=\"width:104% !important;max-width:104% !important;margin-left: calc(-4% \/ 2 );margin-right: calc(-4% \/ 2 );\"><div class=\"fusion-layout-column fusion_builder_column fusion-builder-column-2 fusion_builder_column_1_1 1_1 fusion-flex-column\" style=\"--awb-bg-size:cover;--awb-width-large:100%;--awb-flex-grow:0;--awb-flex-shrink:0;--awb-margin-top-large:0px;--awb-spacing-right-large:1.92%;--awb-margin-bottom-large:0px;--awb-spacing-left-large:1.92%;--awb-width-medium:100%;--awb-flex-grow-medium:;--awb-flex-shrink-medium:;--awb-spacing-right-medium:1.92%;--awb-spacing-left-medium:1.92%;--awb-width-small:100%;--awb-flex-grow-small:;--awb-flex-shrink-small:;--awb-spacing-right-small:1.92%;--awb-spacing-left-small:1.92%;\"><div class=\"fusion-column-wrapper fusion-flex-justify-content-flex-start fusion-content-layout-column\"><div class=\"fusion-text fusion-text-4\"><p>In conjunction with TU Dortmund University, we are looking for a person with a proven academic track record to lead the ILS\u2014Institute for Regional and Urban Development Research. The position is linked to the W3 professorship in \u201cSustainable Real Estate and Land Development\u201d at TU Dortmund University. We are seeking a leader with internationally recognized research expertise who will shape the strategic development of the ILS and drive the sustainable transformation of cities and regions. The application deadline is August 12, 2026. Further information on the requirements and the application process can be found in the<strong> <a href=\"https:\/\/www.ils-forschung.de\/en\/the-ils\/working-at-ils\/\"><strong>jo<\/strong>b advertisement<\/a><\/strong>.<\/p>\n<\/div><\/div><\/div><\/div><\/div>\n<\/div><\/div><\/div><div class=\"fusion-clearfix\"><\/div><\/div>\n<\/article>\n<article id=\"blog-1-post-60526\" class=\"fusion-post-grid post-60526 post type-post status-publish format-standard has-post-thumbnail hentry category-aktuelles-en\">\n<div class=\"fusion-post-wrapper\" style=\"background-color:rgba(249,249,249,1);border:1px solid #e5e5e5;border-bottom-width:3px;\"><div class=\"fusion-post-content-wrapper\" style=\"padding:20px 20px 0px 20px;\"><div class=\"fusion-post-content post-content\"><h2 class=\"blog-shortcode-post-title entry-title\"><strong>Tomasz Zaborowski zu Gast im ILS<\/strong><\/h2><div class=\"fusion-post-content-container\"><p>Assistant Professor (PhD) Tomasz Zaborowski ist f\u00fcr einen einw\u00f6chigen Forschungsaufenthalt zu Gast in der Forschungsgruppe Sozialraum Stadt. Professor Zaborowski lehrt an der Universit\u00e4t Warschau (Faculty of Geography and Regional Studies) und forscht international vergleichend zu Instrumenten der Bodenpolitik. W\u00e4hrend seines Forschungsaufenthalts am ILS untersucht er die Rolle des St\u00e4dtebaurechts im Rahmen der Dortmunder Stadtplanung. Der Besuch ist Teil einer gr\u00f6\u00dferen Studie, in der er die Anwendung st\u00e4dtebaurechtlicher Instrumente in Warschau und Dortmund miteinander vergleicht.<\/p>\n<\/div><\/div><\/div><div class=\"fusion-clearfix\"><\/div><\/div>\n<\/article>\n<article id=\"blog-1-post-60522\" class=\"fusion-post-grid post-60522 post type-post status-publish format-standard has-post-thumbnail hentry category-aktuelles-en\">\n<div class=\"fusion-post-wrapper\" style=\"background-color:rgba(249,249,249,1);border:1px solid #e5e5e5;border-bottom-width:3px;\"><div class=\"fusion-post-content-wrapper\" style=\"padding:20px 20px 0px 20px;\"><div class=\"fusion-post-content post-content\"><h2 class=\"blog-shortcode-post-title entry-title\"><a href=\"https:\/\/www.ils-forschung.de\/gleichstellung\/\"><strong>ILS-Gleichstellungsplan wurde aktualisiert<\/strong><\/a><\/strong><\/h2><div class=\"fusion-post-content-container\"><p>Die Gleichstellung aller Geschlechter begegnet uns t\u00e4glich im Alltag. Bereits seit einigen Jahren sind Themen wie \u201eGleiche Bezahlung f\u00fcr gleiche Arbeit\u201c oder die geschlechtergerechte Sprache breit in allen Medien vertreten und werden diskutiert. Das ILS ist sich seiner Verantwortung bewusst und hat bereits 2022 den ersten Gleichstellungplan ver\u00f6ffentlicht, als Leitfaden und Arbeitshilfe zur F\u00f6rderung und Verwirklichung der Gleichstellung aller Geschlechter im Institut. Der vorliegende Plan wurde von einer Arbeitsgruppe \u00fcberarbeitet und aktuellen Anforderungen angepasst. <strong><a href=\"https:\/\/www.ils-forschung.de\/gleichstellung\/\">Mehr\u2026<\/a><\/strong><\/p>\n<\/div><\/div><\/div><div class=\"fusion-clearfix\"><\/div><\/div>\n<\/article>\n<article id=\"blog-1-post-60495\" class=\"fusion-post-grid post-60495 post type-post status-publish format-standard has-post-thumbnail hentry category-publikationen-en\">\n<div class=\"fusion-post-wrapper\" style=\"background-color:rgba(249,249,249,1);border:1px solid #e5e5e5;border-bottom-width:3px;\"><div class=\"fusion-post-content-wrapper\" style=\"padding:20px 20px 0px 20px;\"><div class=\"fusion-post-content post-content\"><h2 class=\"blog-shortcode-post-title entry-title\"><a href=\"https:\/\/doi.org\/10.1136\/bmjopen-2025-114034\">Learning from real-world conditions to advance green care for mental health equity in the Global North: protocol for a transdisciplinary multi-scalar project<\/a><\/h2><div class=\"fusion-post-content-container\"><div class=\"fusion-fullwidth fullwidth-box fusion-builder-row-1-2 fusion-flex-container nonhundred-percent-fullwidth non-hundred-percent-height-scrolling\" style=\"--awb-border-radius-top-left:0px;--awb-border-radius-top-right:0px;--awb-border-radius-bottom-right:0px;--awb-border-radius-bottom-left:0px;--awb-flex-wrap:wrap;\" ><div class=\"fusion-builder-row fusion-row fusion-flex-align-items-flex-start fusion-flex-content-wrap\" style=\"width:104% !important;max-width:104% !important;margin-left: calc(-4% \/ 2 );margin-right: calc(-4% \/ 2 );\"><div class=\"fusion-layout-column fusion_builder_column fusion-builder-column-3 fusion_builder_column_1_1 1_1 fusion-flex-column\" style=\"--awb-bg-size:cover;--awb-width-large:100%;--awb-flex-grow:0;--awb-flex-shrink:0;--awb-margin-top-large:0px;--awb-spacing-right-large:1.92%;--awb-margin-bottom-large:0px;--awb-spacing-left-large:1.92%;--awb-width-medium:100%;--awb-flex-grow-medium:;--awb-flex-shrink-medium:;--awb-spacing-right-medium:1.92%;--awb-spacing-left-medium:1.92%;--awb-width-small:100%;--awb-flex-grow-small:;--awb-flex-shrink-small:;--awb-spacing-right-small:1.92%;--awb-spacing-left-small:1.92%;\"><div class=\"fusion-column-wrapper fusion-flex-justify-content-flex-start fusion-content-layout-column\"><div class=\"fusion-text fusion-text-5\"><p>ILS researchers Noriko Otsuka and Kathrin Specht, together with other colleagues, have published an article in the journal \u2018BMJ Open\u2019. This is the first general protocol paper of the project \u2018GreenMe\u2019 and examines the extent to which Green Care\u2014that is, the use of nature in everyday life, nature-based health promotion, and nature-based therapy\u2014can contribute to improving mental health and well-being. <strong><a href=\"https:\/\/doi.org\/10.1136\/bmjopen-2025-114034\">https:\/\/doi.org\/10.1136\/bmjopen-2025-114034<\/a><\/strong>. Further current selected papers can be found <strong><a href=\"https:\/\/www.ils-forschung.de\/en\/professional-publications\/selected-papers\/\">here<\/a><\/strong>.<\/p>\n<\/div><\/div><\/div><\/div><\/div>\n<\/div><\/div><\/div><div class=\"fusion-clearfix\"><\/div><\/div>\n<\/article>\n<article id=\"blog-1-post-60506\" class=\"fusion-post-grid post-60506 post type-post status-publish format-standard has-post-thumbnail hentry category-aktuelles-en\">\n<div class=\"fusion-post-wrapper\" style=\"background-color:rgba(249,249,249,1);border:1px solid #e5e5e5;border-bottom-width:3px;\"><div class=\"fusion-post-content-wrapper\" style=\"padding:20px 20px 0px 20px;\"><div class=\"fusion-post-content post-content\"><h2 class=\"blog-shortcode-post-title entry-title\"><a href=\"https:\/\/www.ils-forschung.de\/das-ils\/profil\/johannes-rau-forschungsgemeinschaft\/\">   JRF-Sommertour im ILS <\/a><\/h2><div class=\"fusion-post-content-container\"><div class=\"fusion-fullwidth fullwidth-box fusion-builder-row-1-3 fusion-flex-container has-pattern-background has-mask-background nonhundred-percent-fullwidth non-hundred-percent-height-scrolling\" style=\"--awb-border-radius-top-left:0px;--awb-border-radius-top-right:0px;--awb-border-radius-bottom-right:0px;--awb-border-radius-bottom-left:0px;--awb-flex-wrap:wrap;\" ><div class=\"fusion-builder-row fusion-row fusion-flex-align-items-flex-start fusion-flex-content-wrap\" style=\"width:104% !important;max-width:104% !important;margin-left: calc(-4% \/ 2 );margin-right: calc(-4% \/ 2 );\"><div class=\"fusion-layout-column fusion_builder_column fusion-builder-column-4 fusion_builder_column_1_1 1_1 fusion-flex-column\" style=\"--awb-bg-size:cover;--awb-width-large:100%;--awb-flex-grow:0;--awb-flex-shrink:0;--awb-margin-top-large:0px;--awb-spacing-right-large:1.92%;--awb-margin-bottom-large:20px;--awb-spacing-left-large:1.92%;--awb-width-medium:100%;--awb-order-medium:0;--awb-flex-grow-medium:;--awb-flex-shrink-medium:;--awb-spacing-right-medium:1.92%;--awb-spacing-left-medium:1.92%;--awb-width-small:100%;--awb-order-small:0;--awb-flex-grow-small:;--awb-flex-shrink-small:;--awb-spacing-right-small:1.92%;--awb-spacing-left-small:1.92%;\"><div class=\"fusion-column-wrapper fusion-column-has-shadow fusion-flex-justify-content-flex-start fusion-content-layout-column\"><div class=\"fusion-text fusion-text-6\"><p>Ein fester Termin im Kalender: Der Vorstand der Johannes-Rau-Forschungsgemeinschaft hat uns auch in diesem Jahr auf seiner Sommertour besucht. Im Gespr\u00e4ch mit Ramona Fels und Prof. Dr. Dieter Bathen haben wir uns \u00fcber die Zusammenarbeit, aktuelle Themen am Forschungsstandort NRW und unsere anstehende Evaluierung im Herbst dieses Jahres ausgetauscht. Das ILS ist Gr\u00fcndungsmitglied der Johannes-Rau-Forschungsgemeinschaft. <strong><a href=\"https:\/\/www.ils-forschung.de\/en\/the-ils\/profile\/johannes-rau-research-foundation\/\">Mehr zur JRF<\/a><\/strong><\/p>\n<\/div><\/div><\/div><\/div><\/div>\n<\/div><\/div><\/div><div class=\"fusion-clearfix\"><\/div><\/div>\n<\/article>\n<article id=\"blog-1-post-60444\" class=\"fusion-post-grid post-60444 post type-post status-publish format-standard has-post-thumbnail hentry category-publikationen-en\">\n<div class=\"fusion-post-wrapper\" style=\"background-color:rgba(249,249,249,1);border:1px solid #e5e5e5;border-bottom-width:3px;\"><div class=\"fusion-post-content-wrapper\" style=\"padding:20px 20px 0px 20px;\"><div class=\"fusion-post-content post-content\"><h2 class=\"blog-shortcode-post-title entry-title\"><a href=\"https:\/\/doi.org\/10.1007\/s00548-026-01062-3\">Partizipative Netzwerkanalyse eines urbanen Ern\u00e4hrungssystems: Das Beispiel der Stadt Dortmund<\/a><\/h2><div class=\"fusion-post-content-container\"><p>ILS researcher Melissa Leimk\u00fchler, together with other colleagues from the research group &#8216;Spatial Planning and Urban Design&#8217;, has published an article in the journal \u201cSTANDORT Journal of Applied Geography\u201d. Increasing urbanisation is exacerbating the challenges of sustainable food supply, as cities depend on external resources and local farmland is limited. The physical proximity of diverse actors in urban areas opens up potential solutions, such as short supply chains and regional supply models. The article examines the network of Dortmund\u2019s food system in the year 2025 using social network analysis to identify actors, collaborations, and key needs. <strong><a href=\"https:\/\/doi.org\/10.1007\/s00548-026-01062-3\">https:\/\/doi.org\/10.1007\/s00548-026-01062-3<\/a><\/strong>. Further current selected papers can be found <strong><a href=\"https:\/\/www.ils-forschung.de\/en\/professional-publications\/selected-papers\/\">here<\/a><\/strong>.<\/p>\n<\/div><\/div><\/div><div class=\"fusion-clearfix\"><\/div><\/div>\n<\/article>\n<div class=\"fusion-clearfix\"><\/div><\/div><div class=\"fusion-infinite-scroll-trigger\"><\/div><div class=\"pagination infinite-scroll clearfix\" style=\"display:none;\"><span class=\"current\">1<\/span><a href=\"https:\/\/www.ils-forschung.de\/en\/wp-json\/wp\/v2\/pages\/3122\/page\/2\/\" class=\"inactive\">2<\/a><a href=\"https:\/\/www.ils-forschung.de\/en\/wp-json\/wp\/v2\/pages\/3122\/page\/3\/\" class=\"inactive\">3<\/a><a href=\"https:\/\/www.ils-forschung.de\/en\/wp-json\/wp\/v2\/pages\/3122\/page\/4\/\" class=\"inactive\">4<\/a><span class=\"pagination-dots paginations-dots-end\">&middot;&middot;&middot;<\/span><a href=\"https:\/\/www.ils-forschung.de\/en\/wp-json\/wp\/v2\/pages\/3122\/page\/291\/\" class=\"inactive\">291<\/a><a href=\"https:\/\/www.ils-forschung.de\/en\/wp-json\/wp\/v2\/pages\/3122\/page\/292\/\" class=\"inactive\">292<\/a><a href=\"https:\/\/www.ils-forschung.de\/en\/wp-json\/wp\/v2\/pages\/3122\/page\/293\/\" class=\"inactive\">293<\/a><a class=\"pagination-next\" rel=\"next\" href=\"https:\/\/www.ils-forschung.de\/en\/wp-json\/wp\/v2\/pages\/3122\/page\/2\/\"><span class=\"page-text\">Next<\/span><span class=\"page-next\"><\/span><\/a><\/div><div class=\"fusion-clearfix\"><\/div><button class=\"fusion-load-more-button fusion-blog-button fusion-clearfix\">Load More Posts<\/button><\/div><\/div><\/div><\/div><\/div>\n","protected":false},"excerpt":{"rendered":"","protected":false},"author":14,"featured_media":29962,"parent":452,"menu_order":58,"comment_status":"closed","ping_status":"closed","template":"","meta":{"footnotes":""},"class_list":["post-3122","page","type-page","status-publish","has-post-thumbnail","hentry"],"yoast_head":"<!-- This site is optimized with the Yoast SEO plugin v28.3 - https:\/\/yoast.com\/product\/yoast-seo-wordpress\/ -->\n<title>Zeitz, Jana Friederike - ILS - Institut f\u00fcr Landes- und Stadtentwicklungsforschung<\/title>\n<meta name=\"robots\" content=\"index, follow, max-snippet:-1, max-image-preview:large, max-video-preview:-1\" \/>\n<link rel=\"canonical\" href=\"https:\/\/www.ils-forschung.de\/en\/the-ils\/ils-staff\/zeitz-jana-friederike\/\" \/>\n<meta property=\"og:locale\" content=\"en_US\" \/>\n<meta property=\"og:type\" content=\"article\" \/>\n<meta property=\"og:title\" content=\"Zeitz, Jana Friederike - ILS - Institut f\u00fcr Landes- und Stadtentwicklungsforschung\" \/>\n<meta property=\"og:url\" content=\"https:\/\/www.ils-forschung.de\/en\/the-ils\/ils-staff\/zeitz-jana-friederike\/\" \/>\n<meta property=\"og:site_name\" content=\"ILS - Institut f\u00fcr Landes- und Stadtentwicklungsforschung\" \/>\n<meta property=\"article:modified_time\" content=\"2020-01-13T09:56:25+00:00\" \/>\n<meta name=\"twitter:card\" content=\"summary_large_image\" \/>\n<meta name=\"twitter:site\" content=\"@ILS_forschung\" \/>\n<meta name=\"twitter:label1\" content=\"Est. reading time\" \/>\n\t<meta name=\"twitter:data1\" content=\"4 minutes\" \/>\n<script type=\"application\/ld+json\" class=\"yoast-schema-graph\">{\"@context\":\"https:\\\/\\\/schema.org\",\"@graph\":[{\"@type\":\"WebPage\",\"@id\":\"https:\\\/\\\/www.ils-forschung.de\\\/en\\\/the-ils\\\/ils-staff\\\/zeitz-jana-friederike\\\/\",\"url\":\"https:\\\/\\\/www.ils-forschung.de\\\/en\\\/the-ils\\\/ils-staff\\\/zeitz-jana-friederike\\\/\",\"name\":\"Zeitz, Jana Friederike - ILS - Institut f\u00fcr Landes- und Stadtentwicklungsforschung\",\"isPartOf\":{\"@id\":\"https:\\\/\\\/www.ils-forschung.de\\\/en\\\/#website\"},\"primaryImageOfPage\":{\"@id\":\"https:\\\/\\\/www.ils-forschung.de\\\/en\\\/the-ils\\\/ils-staff\\\/zeitz-jana-friederike\\\/#primaryimage\"},\"image\":{\"@id\":\"https:\\\/\\\/www.ils-forschung.de\\\/en\\\/the-ils\\\/ils-staff\\\/zeitz-jana-friederike\\\/#primaryimage\"},\"thumbnailUrl\":\"https:\\\/\\\/www.ils-forschung.de\\\/wp-content\\\/uploads\\\/2023\\\/04\\\/ils-social-share-logo.jpg\",\"datePublished\":\"2019-04-15T11:46:25+00:00\",\"dateModified\":\"2020-01-13T09:56:25+00:00\",\"breadcrumb\":{\"@id\":\"https:\\\/\\\/www.ils-forschung.de\\\/en\\\/the-ils\\\/ils-staff\\\/zeitz-jana-friederike\\\/#breadcrumb\"},\"inLanguage\":\"en-US\",\"potentialAction\":[{\"@type\":\"ReadAction\",\"target\":[\"https:\\\/\\\/www.ils-forschung.de\\\/en\\\/the-ils\\\/ils-staff\\\/zeitz-jana-friederike\\\/\"]}]},{\"@type\":\"ImageObject\",\"inLanguage\":\"en-US\",\"@id\":\"https:\\\/\\\/www.ils-forschung.de\\\/en\\\/the-ils\\\/ils-staff\\\/zeitz-jana-friederike\\\/#primaryimage\",\"url\":\"https:\\\/\\\/www.ils-forschung.de\\\/wp-content\\\/uploads\\\/2023\\\/04\\\/ils-social-share-logo.jpg\",\"contentUrl\":\"https:\\\/\\\/www.ils-forschung.de\\\/wp-content\\\/uploads\\\/2023\\\/04\\\/ils-social-share-logo.jpg\",\"width\":1200,\"height\":630},{\"@type\":\"BreadcrumbList\",\"@id\":\"https:\\\/\\\/www.ils-forschung.de\\\/en\\\/the-ils\\\/ils-staff\\\/zeitz-jana-friederike\\\/#breadcrumb\",\"itemListElement\":[{\"@type\":\"ListItem\",\"position\":1,\"name\":\"Home\",\"item\":\"https:\\\/\\\/www.ils-forschung.de\\\/en\\\/\"},{\"@type\":\"ListItem\",\"position\":2,\"name\":\"The ILS\",\"item\":\"https:\\\/\\\/www.ils-forschung.de\\\/en\\\/the-ils\\\/\"},{\"@type\":\"ListItem\",\"position\":3,\"name\":\"ILS staff\",\"item\":\"https:\\\/\\\/www.ils-forschung.de\\\/en\\\/the-ils\\\/ils-staff\\\/\"},{\"@type\":\"ListItem\",\"position\":4,\"name\":\"Zeitz, Jana Friederike\"}]},{\"@type\":\"WebSite\",\"@id\":\"https:\\\/\\\/www.ils-forschung.de\\\/en\\\/#website\",\"url\":\"https:\\\/\\\/www.ils-forschung.de\\\/en\\\/\",\"name\":\"ILS - Institut f\u00fcr Landes- und Stadtentwicklungsforschung\",\"description\":\"Das ILS \u2013 Institut f\u00fcr Landes- und Stadtentwicklungsforschung ist ein raumwissenschaftliches au\u00dferuniversit\u00e4res Forschungsinstitut mit Sitz in Dortmund.\",\"potentialAction\":[{\"@type\":\"SearchAction\",\"target\":{\"@type\":\"EntryPoint\",\"urlTemplate\":\"https:\\\/\\\/www.ils-forschung.de\\\/en\\\/?s={search_term_string}\"},\"query-input\":{\"@type\":\"PropertyValueSpecification\",\"valueRequired\":true,\"valueName\":\"search_term_string\"}}],\"inLanguage\":\"en-US\"}]}<\/script>\n<!-- \/ Yoast SEO plugin. -->","yoast_head_json":{"title":"Zeitz, Jana Friederike - ILS - Institut f\u00fcr Landes- und Stadtentwicklungsforschung","robots":{"index":"index","follow":"follow","max-snippet":"max-snippet:-1","max-image-preview":"max-image-preview:large","max-video-preview":"max-video-preview:-1"},"canonical":"https:\/\/www.ils-forschung.de\/en\/the-ils\/ils-staff\/zeitz-jana-friederike\/","og_locale":"en_US","og_type":"article","og_title":"Zeitz, Jana Friederike - ILS - Institut f\u00fcr Landes- und Stadtentwicklungsforschung","og_url":"https:\/\/www.ils-forschung.de\/en\/the-ils\/ils-staff\/zeitz-jana-friederike\/","og_site_name":"ILS - Institut f\u00fcr Landes- und Stadtentwicklungsforschung","article_modified_time":"2020-01-13T09:56:25+00:00","twitter_card":"summary_large_image","twitter_site":"@ILS_forschung","twitter_misc":{"Est. reading time":"4 minutes"},"schema":{"@context":"https:\/\/schema.org","@graph":[{"@type":"WebPage","@id":"https:\/\/www.ils-forschung.de\/en\/the-ils\/ils-staff\/zeitz-jana-friederike\/","url":"https:\/\/www.ils-forschung.de\/en\/the-ils\/ils-staff\/zeitz-jana-friederike\/","name":"Zeitz, Jana Friederike - ILS - Institut f\u00fcr Landes- und Stadtentwicklungsforschung","isPartOf":{"@id":"https:\/\/www.ils-forschung.de\/en\/#website"},"primaryImageOfPage":{"@id":"https:\/\/www.ils-forschung.de\/en\/the-ils\/ils-staff\/zeitz-jana-friederike\/#primaryimage"},"image":{"@id":"https:\/\/www.ils-forschung.de\/en\/the-ils\/ils-staff\/zeitz-jana-friederike\/#primaryimage"},"thumbnailUrl":"https:\/\/www.ils-forschung.de\/wp-content\/uploads\/2023\/04\/ils-social-share-logo.jpg","datePublished":"2019-04-15T11:46:25+00:00","dateModified":"2020-01-13T09:56:25+00:00","breadcrumb":{"@id":"https:\/\/www.ils-forschung.de\/en\/the-ils\/ils-staff\/zeitz-jana-friederike\/#breadcrumb"},"inLanguage":"en-US","potentialAction":[{"@type":"ReadAction","target":["https:\/\/www.ils-forschung.de\/en\/the-ils\/ils-staff\/zeitz-jana-friederike\/"]}]},{"@type":"ImageObject","inLanguage":"en-US","@id":"https:\/\/www.ils-forschung.de\/en\/the-ils\/ils-staff\/zeitz-jana-friederike\/#primaryimage","url":"https:\/\/www.ils-forschung.de\/wp-content\/uploads\/2023\/04\/ils-social-share-logo.jpg","contentUrl":"https:\/\/www.ils-forschung.de\/wp-content\/uploads\/2023\/04\/ils-social-share-logo.jpg","width":1200,"height":630},{"@type":"BreadcrumbList","@id":"https:\/\/www.ils-forschung.de\/en\/the-ils\/ils-staff\/zeitz-jana-friederike\/#breadcrumb","itemListElement":[{"@type":"ListItem","position":1,"name":"Home","item":"https:\/\/www.ils-forschung.de\/en\/"},{"@type":"ListItem","position":2,"name":"The ILS","item":"https:\/\/www.ils-forschung.de\/en\/the-ils\/"},{"@type":"ListItem","position":3,"name":"ILS staff","item":"https:\/\/www.ils-forschung.de\/en\/the-ils\/ils-staff\/"},{"@type":"ListItem","position":4,"name":"Zeitz, Jana Friederike"}]},{"@type":"WebSite","@id":"https:\/\/www.ils-forschung.de\/en\/#website","url":"https:\/\/www.ils-forschung.de\/en\/","name":"ILS - Institut f\u00fcr Landes- und Stadtentwicklungsforschung","description":"Das ILS \u2013 Institut f\u00fcr Landes- und Stadtentwicklungsforschung ist ein raumwissenschaftliches au\u00dferuniversit\u00e4res Forschungsinstitut mit Sitz in Dortmund.","potentialAction":[{"@type":"SearchAction","target":{"@type":"EntryPoint","urlTemplate":"https:\/\/www.ils-forschung.de\/en\/?s={search_term_string}"},"query-input":{"@type":"PropertyValueSpecification","valueRequired":true,"valueName":"search_term_string"}}],"inLanguage":"en-US"}]}},"_links":{"self":[{"href":"https:\/\/www.ils-forschung.de\/en\/wp-json\/wp\/v2\/pages\/3122","targetHints":{"allow":["GET"]}}],"collection":[{"href":"https:\/\/www.ils-forschung.de\/en\/wp-json\/wp\/v2\/pages"}],"about":[{"href":"https:\/\/www.ils-forschung.de\/en\/wp-json\/wp\/v2\/types\/page"}],"author":[{"embeddable":true,"href":"https:\/\/www.ils-forschung.de\/en\/wp-json\/wp\/v2\/users\/14"}],"replies":[{"embeddable":true,"href":"https:\/\/www.ils-forschung.de\/en\/wp-json\/wp\/v2\/comments?post=3122"}],"version-history":[{"count":0,"href":"https:\/\/www.ils-forschung.de\/en\/wp-json\/wp\/v2\/pages\/3122\/revisions"}],"up":[{"embeddable":true,"href":"https:\/\/www.ils-forschung.de\/en\/wp-json\/wp\/v2\/pages\/452"}],"wp:featuredmedia":[{"embeddable":true,"href":"https:\/\/www.ils-forschung.de\/en\/wp-json\/wp\/v2\/media\/29962"}],"wp:attachment":[{"href":"https:\/\/www.ils-forschung.de\/en\/wp-json\/wp\/v2\/media?parent=3122"}],"curies":[{"name":"wp","href":"https:\/\/api.w.org\/{rel}","templated":true}]}}