{"id":29985,"date":"2023-04-28T09:35:46","date_gmt":"2023-04-28T07:35:46","guid":{"rendered":"https:\/\/www.ils-forschung.de\/the-ils\/ils-staff\/melissa-leimkuehler-m-sc-spatial-development-and-natural-resource-management\/"},"modified":"2026-02-19T20:08:58","modified_gmt":"2026-02-19T19:08:58","slug":"leimkuehler-melissa","status":"publish","type":"page","link":"https:\/\/www.ils-forschung.de\/en\/the-ils\/ils-staff\/leimkuehler-melissa\/","title":{"rendered":"Melissa Leimk\u00fchler, M.Sc. Spatial Development and Natural Resource Management"},"content":{"rendered":"<div class=\"fusion-fullwidth fullwidth-box fusion-builder-row-1 fusion-flex-container nonhundred-percent-fullwidth non-hundred-percent-height-scrolling\" style=\"--awb-border-radius-top-left:0px;--awb-border-radius-top-right:0px;--awb-border-radius-bottom-right:0px;--awb-border-radius-bottom-left:0px;--awb-flex-wrap:wrap;\" ><div class=\"fusion-builder-row fusion-row fusion-flex-align-items-flex-start fusion-flex-content-wrap\" style=\"max-width:1144px;margin-left: calc(-4% \/ 2 );margin-right: calc(-4% \/ 2 );\"><div class=\"fusion-layout-column fusion_builder_column fusion-builder-column-0 fusion_builder_column_1_1 1_1 fusion-flex-column\" style=\"--awb-bg-size:cover;--awb-width-large:100%;--awb-margin-top-large:0px;--awb-spacing-right-large:1.92%;--awb-margin-bottom-large:20px;--awb-spacing-left-large:1.92%;--awb-width-medium:100%;--awb-spacing-right-medium:1.92%;--awb-spacing-left-medium:1.92%;--awb-width-small:100%;--awb-spacing-right-small:1.92%;--awb-spacing-left-small:1.92%;\"><div class=\"fusion-column-wrapper fusion-flex-justify-content-flex-start fusion-content-layout-column\"><div class=\"fusion-builder-row fusion-builder-row-inner fusion-row fusion-flex-align-items-flex-start fusion-flex-content-wrap\" style=\"width:104% !important;max-width:104% !important;margin-left: calc(-4% \/ 2 );margin-right: calc(-4% \/ 2 );\"><div class=\"fusion-layout-column fusion_builder_column_inner fusion-builder-nested-column-0 fusion_builder_column_inner_1_4 1_4 fusion-flex-column\" style=\"--awb-bg-size:cover;--awb-width-large:25%;--awb-margin-top-large:0px;--awb-spacing-right-large:7.68%;--awb-margin-bottom-large:20px;--awb-spacing-left-large:7.68%;--awb-width-medium:100%;--awb-spacing-right-medium:1.92%;--awb-spacing-left-medium:1.92%;--awb-width-small:100%;--awb-spacing-right-small:1.92%;--awb-spacing-left-small:1.92%;\"><div class=\"fusion-column-wrapper fusion-flex-justify-content-flex-start fusion-content-layout-column\"><div class=\"fusion-image-element \" style=\"--awb-caption-title-font-family:var(--h2_typography-font-family);--awb-caption-title-font-weight:var(--h2_typography-font-weight);--awb-caption-title-font-style:var(--h2_typography-font-style);--awb-caption-title-size:var(--h2_typography-font-size);--awb-caption-title-transform:var(--h2_typography-text-transform);--awb-caption-title-line-height:var(--h2_typography-line-height);--awb-caption-title-letter-spacing:var(--h2_typography-letter-spacing);\"><span class=\" fusion-imageframe imageframe-none imageframe-1 hover-type-none\"><img decoding=\"async\" width=\"1000\" height=\"1500\" title=\"melissa-leimkuehler\" src=\"https:\/\/www.ils-forschung.de\/wp-content\/uploads\/2023\/04\/melissa-leimkuehler.jpg\" alt class=\"img-responsive wp-image-29982\" srcset=\"https:\/\/www.ils-forschung.de\/wp-content\/uploads\/2023\/04\/melissa-leimkuehler-200x300.jpg 200w, https:\/\/www.ils-forschung.de\/wp-content\/uploads\/2023\/04\/melissa-leimkuehler-400x600.jpg 400w, https:\/\/www.ils-forschung.de\/wp-content\/uploads\/2023\/04\/melissa-leimkuehler-600x900.jpg 600w, https:\/\/www.ils-forschung.de\/wp-content\/uploads\/2023\/04\/melissa-leimkuehler-800x1200.jpg 800w, https:\/\/www.ils-forschung.de\/wp-content\/uploads\/2023\/04\/melissa-leimkuehler.jpg 1000w\" sizes=\"(max-width: 1125px) 100vw, (max-width: 765px) 100vw, 400px\" \/><\/span><\/div><\/div><\/div><div class=\"fusion-layout-column fusion_builder_column_inner fusion-builder-nested-column-1 fusion_builder_column_inner_3_4 3_4 fusion-flex-column\" style=\"--awb-bg-size:cover;--awb-width-large:75%;--awb-margin-top-large:0px;--awb-spacing-right-large:2.56%;--awb-margin-bottom-large:20px;--awb-spacing-left-large:2.56%;--awb-width-medium:100%;--awb-spacing-right-medium:1.92%;--awb-spacing-left-medium:1.92%;--awb-width-small:100%;--awb-spacing-right-small:1.92%;--awb-spacing-left-small:1.92%;\"><div class=\"fusion-column-wrapper fusion-flex-justify-content-flex-start fusion-content-layout-column\"><div class=\"fusion-text fusion-text-1\"><p>Bachelor&#8217;s degree in Urban and Spatial Planning at the FH Erfurt and Master&#8217;s degree in &#8220;Spatial Development and Natural Resource Management&#8221; at the TU Dresden.<\/p>\n<p><strong>Research interests:<\/strong><\/p>\n<ul>\n<li>Food Systems in European Cities<\/li>\n<li>Stakeholder analysis in Urban Food Networks<\/li>\n<\/ul>\n<\/div><div class=\"fusion-text fusion-text-2\"><p><strong>Contact:<\/strong><br \/>\nE-Mail: <a href=\"mailto:melissa.leimkuehler@ils-research.de\">melissa.leimkuehler@ils-research.de<\/a><\/p>\n<\/div><\/div><\/div><\/div><div class=\"fusion-separator fusion-full-width-sep\" style=\"align-self: center;margin-left: auto;margin-right: auto;margin-top:20px;margin-bottom:20px;width:100%;\"><\/div><div class=\"fusion-text fusion-text-3\">\n<\/div><div class=\"fusion-separator fusion-full-width-sep\" style=\"align-self: center;margin-left: auto;margin-right: auto;margin-top:20px;margin-bottom:20px;width:100%;\"><\/div><div class=\"fusion-text fusion-text-4\"><h3>Publications (Selection)<\/h3>\n<\/div><div class=\"accordian fusion-accordian\" style=\"--awb-border-size:1px;--awb-icon-size:16px;--awb-content-font-size:16px;--awb-icon-alignment:left;--awb-hover-color:#f9f9f9;--awb-border-color:#cccccc;--awb-background-color:#ffffff;--awb-divider-color:#e0dede;--awb-divider-hover-color:#e0dede;--awb-icon-color:#ffffff;--awb-title-color:#000000;--awb-content-color:#000000;--awb-icon-box-color:var(--awb-color7);--awb-toggle-hover-accent-color:var(--awb-custom10);--awb-title-font-family:&quot;Source Sans 3&quot;;--awb-title-font-weight:400;--awb-title-font-style:normal;--awb-title-font-size:16px;--awb-content-font-family:&quot;Source Sans 3&quot;;--awb-content-font-style:normal;--awb-content-font-weight:400;\"><div class=\"panel-group fusion-toggle-icon-boxed\" id=\"accordion-29985-1\"><div class=\"fusion-panel panel-default panel-7d6e0901b8d8d49f7 fusion-toggle-has-divider\"><div class=\"panel-heading\"><h4 class=\"panel-title toggle\" id=\"toggle_7d6e0901b8d8d49f7\"><a aria-expanded=\"false\" aria-controls=\"7d6e0901b8d8d49f7\" role=\"button\" data-toggle=\"collapse\" data-parent=\"#accordion-29985-1\" data-target=\"#7d6e0901b8d8d49f7\" href=\"#7d6e0901b8d8d49f7\"><span class=\"fusion-toggle-icon-wrapper\" aria-hidden=\"true\"><i class=\"fa-fusion-box active-icon awb-icon-minus\" aria-hidden=\"true\"><\/i><i class=\"fa-fusion-box inactive-icon awb-icon-plus\" aria-hidden=\"true\"><\/i><\/span><span class=\"fusion-toggle-heading\">Refereed Articles<\/span><\/a><\/h4><\/div><div id=\"7d6e0901b8d8d49f7\" class=\"panel-collapse collapse \" aria-labelledby=\"toggle_7d6e0901b8d8d49f7\"><div class=\"panel-body toggle-content fusion-clearfix\">\n<ul>\n<li>Koch, Ann-Kristin; Leimk\u00fchler, Melissa; Gatawis, Julian; Weith, Thomas (2025): <a href=\"https:\/\/www.westermann.de\/anlage\/4680103\/Kreislaufwirtschaft-im-Verbund-Synergien-zwischen-Abwasser-und-Lebensmittelwirtschaft\">Kreislaufwirtschaft im Verbund \u2013 Synergien zwischen Abwasser- und Lebensmittelwirtschaft<\/a>. In: Geographische Rundschau, 12, 26\u201331.<\/li>\n<\/ul>\n<p>&nbsp;<\/p>\n<ul>\n<li>Leimk\u00fchler, Melissa; Specht, Kathrin; Iodice, Chiara; Schr\u00f6ter, Barbara (2025): <a href=\"https:\/\/doi.org\/10.1002\/uar2.70029\">Supporting the transformation of urban food systems: The food network of the city of Dortmund<\/a>. In: Urban Agriculture &amp; Regional Food Systems, 10:e70029. <a href=\"https:\/\/doi.org\/10.1002\/uar2.70029\">https:\/\/doi.org\/10.1002\/uar2.70029 <\/a>\u00a0(online first 23.11.2025)<\/li>\n<\/ul>\n<p>&nbsp;<\/p>\n<ul>\n<li>Leimk\u00fchler, Melissa; Specht, Kathrin; Schr\u00f6ter, Barbara; Wissmann, Anna; Iodice, Chiara; Fox-K\u00e4mper, Runrid; Steines, Ann-Kristin; Monticone, Francesca; Samoggia, Antonella; Modarelli, Giuseppe Carlo; Reynaud-Desmet, L\u00e9lia; Curtis, Adam; Righini, Isabella; D\u2019Ostuni, Michele; Ram\u00f3n, Jaime; Amghar, Samir; Pascual-Fern\u00e1ndez, Jos\u00e9 J. (2024): <a href=\"https:\/\/doi.org\/10.3389\/fsufs.2024.1315399\" target=\"_blank\" rel=\"noopener\">Using the Net-Map tool to analyze stakeholder networks in the city region food systems of seven European cities<\/a>. In: Frontiers in Sustainable Food Systems 8, 1315399. <a href=\"https:\/\/doi.org\/10.3389\/fsufs.2024.1315399\" target=\"_blank\" rel=\"noopener\">https:\/\/doi.org\/10.3389\/fsufs.2024.1315399<\/a>. (online first 27.03.2024)<\/li>\n<\/ul>\n<\/div><\/div><\/div><div class=\"fusion-panel panel-default panel-176289dbe72e567c6 fusion-toggle-has-divider\"><div class=\"panel-heading\"><h4 class=\"panel-title toggle\" id=\"toggle_176289dbe72e567c6\"><a aria-expanded=\"false\" aria-controls=\"176289dbe72e567c6\" role=\"button\" data-toggle=\"collapse\" data-parent=\"#accordion-29985-1\" data-target=\"#176289dbe72e567c6\" href=\"#176289dbe72e567c6\"><span class=\"fusion-toggle-icon-wrapper\" aria-hidden=\"true\"><i class=\"fa-fusion-box active-icon awb-icon-minus\" aria-hidden=\"true\"><\/i><i class=\"fa-fusion-box inactive-icon awb-icon-plus\" aria-hidden=\"true\"><\/i><\/span><span class=\"fusion-toggle-heading\">Non-Refereed Articles<\/span><\/a><\/h4><\/div><div id=\"176289dbe72e567c6\" class=\"panel-collapse collapse \" aria-labelledby=\"toggle_176289dbe72e567c6\"><div class=\"panel-body toggle-content fusion-clearfix\">\n<ul>\n<li>Leimk\u00fchler, Melissa (2023): Transformation st\u00e4dtischer Ern\u00e4hrungssysteme: Analyse des Ern\u00e4hrungsnetzwerks der Stadt Dortmund. Dresden: Technische Universit\u00e4t Dresden. (unver\u00f6ffentlichte Masterarbeit)<\/li>\n<\/ul>\n<\/div><\/div><\/div><div class=\"fusion-panel panel-default panel-76472fe88f79e16ec fusion-toggle-has-divider\"><div class=\"panel-heading\"><h4 class=\"panel-title toggle\" id=\"toggle_76472fe88f79e16ec\"><a aria-expanded=\"false\" aria-controls=\"76472fe88f79e16ec\" role=\"button\" data-toggle=\"collapse\" data-parent=\"#accordion-29985-1\" data-target=\"#76472fe88f79e16ec\" href=\"#76472fe88f79e16ec\"><span class=\"fusion-toggle-icon-wrapper\" aria-hidden=\"true\"><i class=\"fa-fusion-box active-icon awb-icon-minus\" aria-hidden=\"true\"><\/i><i class=\"fa-fusion-box inactive-icon awb-icon-plus\" aria-hidden=\"true\"><\/i><\/span><span class=\"fusion-toggle-heading\">Monographs<\/span><\/a><\/h4><\/div><div id=\"76472fe88f79e16ec\" class=\"panel-collapse collapse \" aria-labelledby=\"toggle_76472fe88f79e16ec\"><div class=\"panel-body toggle-content fusion-clearfix\">\n<ul>\n<li>Leimk\u00fchler, Melissa (2023): Transformation st\u00e4dtischer Ern\u00e4hrungssysteme: Analyse des Ern\u00e4hrungsnetzwerks der Stadt Dortmund. Dresden: Technische Universit\u00e4t Dresden. (unver\u00f6ffentlichte Masterarbeit)<\/li>\n<\/ul>\n<\/div><\/div><\/div><div class=\"fusion-panel panel-default panel-eadbfdb2eea791813 fusion-toggle-has-divider\"><div class=\"panel-heading\"><h4 class=\"panel-title toggle\" id=\"toggle_eadbfdb2eea791813\"><a aria-expanded=\"false\" aria-controls=\"eadbfdb2eea791813\" role=\"button\" data-toggle=\"collapse\" data-parent=\"#accordion-29985-1\" data-target=\"#eadbfdb2eea791813\" href=\"#eadbfdb2eea791813\"><span class=\"fusion-toggle-icon-wrapper\" aria-hidden=\"true\"><i class=\"fa-fusion-box active-icon awb-icon-minus\" aria-hidden=\"true\"><\/i><i class=\"fa-fusion-box inactive-icon awb-icon-plus\" aria-hidden=\"true\"><\/i><\/span><span class=\"fusion-toggle-heading\">Transfer and Policy Papers, Working Papers<\/span><\/a><\/h4><\/div><div id=\"eadbfdb2eea791813\" class=\"panel-collapse collapse \" aria-labelledby=\"toggle_eadbfdb2eea791813\"><div class=\"panel-body toggle-content fusion-clearfix\">\n<ul>\n<li>Steines, Ann-Kristin; Leimk\u00fchler, Melissa; Specht, Kathrin; Iodice, Chiara; Wissmann, Anna; Schr\u00f6ter, Barbara; Bastia, Teresa; Cirillo, Chiara; C\u00f3rdoba Balcells, Valentina; Coudard, Antoine; D\u2019Ostuni, Michele; Dehmel, Niclas; Gabarell, Xavier; Gheorghica, Anca; Ghiban, Andreea; Jikia, Nino; Leli\u00e8vre, Agn\u00e8s; Modarelli, Giuseppe Carlo; Monticone, Francesca; Mu\u00f1oz Odina, Pere; Orsini, Francesco; Mu\u00f1oz-Liesa, Joan; Nolde, Erwin; Pascual-Fern\u00e1ndez, Jos\u00e9; Petit Boix, Anna; P\u00f6lling, Bernd; Ram\u00f3n Bruquetas, Jaime; Reynaud-Desmet, L\u00e9lia; Riera Sant, Bernat; Righini, Isabella; Rossi, Giulia; Samoggia, Antonella; Tonini, Pietro; Trusnovec, Gorazd; Wiese, Claudia; Zamida, Renata (2024): Deliverable 6.4 European Guidebook to Sustainable CRFS. <a href=\"https:\/\/foode.eu\/wp-content\/uploads\/2024\/01\/Attachment_0-copy.pdf\" target=\"_blank\" rel=\"noopener\">https:\/\/foode.eu\/wp-content\/uploads\/2024\/01\/Attachment_0-copy.pdf<\/a>.<\/li>\n<\/ul>\n<p>&nbsp;<\/p>\n<ul>\n<li>Wissmann, Anna; Specht, Kathrin; Steines, Ann-Kristin; Leimk\u00fchler, Melissa; Iodice, Chiara; Coudard, Antoine; Righini, Isabella; Bruquetas, Jaime Ram\u00f3n; D\u2019Ostuni, Michele; Dehmel, Niclas; Pascual-Fern\u00e1ndez, Jos\u00e9 J.; Nolde, Erwin; Gheorghic\u0103, Anca Elena; Ghiban, Andreea; Leli\u00e8vre, Agn\u00e8s; Monticone, Francesca; Modarelli, Giuseppe Carlo; Mu\u0148oz, Pere; Orsini, Francesco; Pennisi, Giuseppina; Poelling, Bernd; Reynaud-Desmet, L\u00e9lia; Saint-Ges, V\u00e9ronique; Samoggia, Antonella; Tru\u0161novec, Gorazd; Wiese, Claudia; Bastia, Teresa; C\u0103pit\u0103ni\u021ba, Cristina; Cirillo, Chiara; Petit-Boix, Anna; Rossi, Giulia; Bertocchi, Inti; Zamida, Renata; Riera, Bernat; Tonini, Pietro; C\u00f3rdoba, Valentina; Gabarrell, Xavier; Mu\u00f1oz-Liesa, Joan (2024): European Guidebook on Sustainable City Region Food Systems. Dortmund. <a href=\"https:\/\/doi.org\/10.58122\/weg1-dd11\" target=\"_blank\" rel=\"noopener\">https:\/\/doi.org\/10.58122\/weg1-dd11<\/a>.<\/li>\n<\/ul>\n<p>&nbsp;<\/p>\n<ul>\n<li>Iodice, Chiara; Specht, Kathrin; Wissmann, Anna; Steines, Ann-Kristin; Leimk\u00fchler, Melissa (2023): Deliverable 6.3 Checklists for replication of best practices. <a href=\"https:\/\/foode.eu\/wp-content\/uploads\/2024\/01\/Attachment_0.pdf\" target=\"_blank\" rel=\"noopener\">https:\/\/foode.eu\/wp-content\/uploads\/2024\/01\/Attachment_0.pdf<\/a>.<\/li>\n<\/ul>\n<p>&nbsp;<\/p>\n<ul>\n<li>Wissmann, Anna; Iodice, Chiara; Leimk\u00fchler, Melissa; Specht, Kathrin; Fox-K\u00e4mper, Runrid; Amghar, Samir; Curtis, Adam; Corbett, Emma; Bruquetas, Jaime Ram\u00f3n; Cirillo, Chiara; D\u2019Ostuni, Michele; Pascual-Fern\u00e1ndez, Jos\u00e9 J.; Monticone, Francesca; Modarelli, Giuseppe Carlo; Reynaud-Desmet, L\u00e9lia; Righini, Isabella; Saint-Ges, V\u00e9ronique; Samoggia, Antonella; Steines, Ann-Kristin (2023): <a href=\"https:\/\/foode.eu\/wp-content\/uploads\/2023\/01\/FoodE_WP6_D6.2_submission.pdf\" target=\"_blank\" rel=\"noopener\">FoodE Deliverable 6.2 Analysis of the roles and relationships of different actors in the food chain<\/a>.<\/li>\n<\/ul>\n<\/div><\/div><\/div><\/div><\/div><div class=\"fusion-separator fusion-full-width-sep\" style=\"align-self: center;margin-left: auto;margin-right: auto;margin-top:20px;margin-bottom:20px;width:100%;\"><\/div><div class=\"fusion-text fusion-text-5\"><h3>Presentations (Selection)<\/h3>\n<\/div><div class=\"accordian fusion-accordian\" style=\"--awb-border-size:1px;--awb-icon-size:16px;--awb-content-font-size:16px;--awb-icon-alignment:left;--awb-hover-color:#f9f9f9;--awb-border-color:#cccccc;--awb-background-color:#ffffff;--awb-divider-color:#e0dede;--awb-divider-hover-color:#e0dede;--awb-icon-color:#ffffff;--awb-title-color:#000000;--awb-content-color:#000000;--awb-icon-box-color:var(--awb-color7);--awb-toggle-hover-accent-color:var(--awb-custom10);--awb-title-font-family:&quot;Source Sans 3&quot;;--awb-title-font-weight:400;--awb-title-font-style:normal;--awb-title-font-size:16px;--awb-content-font-family:&quot;Source Sans 3&quot;;--awb-content-font-style:normal;--awb-content-font-weight:400;\"><div class=\"panel-group fusion-toggle-icon-boxed\" id=\"accordion-29985-2\"><div class=\"fusion-panel panel-default panel-0e2ca2fd5c7167da9 fusion-toggle-has-divider\"><div class=\"panel-heading\"><h4 class=\"panel-title toggle\" id=\"toggle_0e2ca2fd5c7167da9\"><a aria-expanded=\"false\" aria-controls=\"0e2ca2fd5c7167da9\" role=\"button\" data-toggle=\"collapse\" data-parent=\"#accordion-29985-2\" data-target=\"#0e2ca2fd5c7167da9\" href=\"#0e2ca2fd5c7167da9\"><span class=\"fusion-toggle-icon-wrapper\" aria-hidden=\"true\"><i class=\"fa-fusion-box active-icon awb-icon-minus\" aria-hidden=\"true\"><\/i><i class=\"fa-fusion-box inactive-icon awb-icon-plus\" aria-hidden=\"true\"><\/i><\/span><span class=\"fusion-toggle-heading\">Refereed Conference Presentations<\/span><\/a><\/h4><\/div><div id=\"0e2ca2fd5c7167da9\" class=\"panel-collapse collapse \" aria-labelledby=\"toggle_0e2ca2fd5c7167da9\"><div class=\"panel-body toggle-content fusion-clearfix\">\n<ul>\n<li>Partizipative Soziale Netzwerkanalyse zur Transformation st\u00e4dtischer Ern\u00e4hrungssysteme am Beispiel des Living Labs Weltacker in Dortmund (Specht, Kathrin; gemeinsam mit Leimk\u00fchler, Melissa*; Koch, Ann-Kristin*; Schr\u00f6ter, Barbara*; Iodice-Kraft, Chiara*; Eisenberg, Annika*). Vortrag auf der PartWiss 25 \u2013 4. Konferenz zur Vernetzung und St\u00e4rkung von Partizipation in der Wissenschaft, 13.11.2025, Leipzig.<\/li>\n<\/ul>\n<p>&nbsp;<\/p>\n<ul>\n<li>Akteure, Netzwerkstrukturen und Bedarfe im Dortmunder Ern\u00e4hrungssystem (gemeinsam mit Schr\u00f6ter, Barbara*; Koch, Ann-Kristin*; Ochel, Kay Marie*; Specht, Kathrin*; Iodice-Kraft, Chiara*; Eisenberg, Annika*). Posterpr\u00e4sentation auf der Veranstaltung \u201eTowards New Food Systems \u2013 Ern\u00e4hrungs- und Lebensmittelsysteme neu gedacht\u201c des Innovationsraum NewFoodSystems, 28.10.2025, Berlin.<\/li>\n<\/ul>\n<p>&nbsp;<\/p>\n<ul>\n<li>Transformation st\u00e4dtischer Ern\u00e4hrungssysteme: Analyse des Ern\u00e4hrungsnetzwerks der Stadt Dortmund (gemeinsam mit Specht, Kathrin*; Wi\u00dfmann, Anna*; Fox-K\u00e4mper, Runrid*; Iodice, Chiara*). Vortrag auf dem 62. Deutschen Kongress f\u00fcr Geographie 2023, 22.09.2023, Frankfurt am Main.<\/li>\n<\/ul>\n<\/div><\/div><\/div><div class=\"fusion-panel panel-default panel-c7fa617ea1c6ae033 fusion-toggle-has-divider\" style=\"--awb-title-color:#000000;--awb-content-color:#000000;\"><div class=\"panel-heading\"><h4 class=\"panel-title toggle\" id=\"toggle_c7fa617ea1c6ae033\"><a aria-expanded=\"false\" aria-controls=\"c7fa617ea1c6ae033\" role=\"button\" data-toggle=\"collapse\" data-parent=\"#accordion-29985-2\" data-target=\"#c7fa617ea1c6ae033\" href=\"#c7fa617ea1c6ae033\"><span class=\"fusion-toggle-icon-wrapper\" aria-hidden=\"true\"><i class=\"fa-fusion-box active-icon awb-icon-minus\" aria-hidden=\"true\"><\/i><i class=\"fa-fusion-box inactive-icon awb-icon-plus\" aria-hidden=\"true\"><\/i><\/span><span class=\"fusion-toggle-heading\">Additional Presentations<\/span><\/a><\/h4><\/div><div id=\"c7fa617ea1c6ae033\" class=\"panel-collapse collapse \" aria-labelledby=\"toggle_c7fa617ea1c6ae033\"><div class=\"panel-body toggle-content fusion-clearfix\">\n<ul>\n<li>Ern\u00e4hrung \u2013 ein Thema f\u00fcr die Raumentwicklung? Ern\u00e4hrung in Stadt und Region konkret (gemeinsam mit Specht, Kathrin; Iodice-Kraft, Chiara-Charlotte; Koch, Ann-Kristin). Vortrag auf der 119. Sitzung des ARL-Forums Nordrhein-Westfalen, 12.12.2025, online.<\/li>\n<\/ul>\n<\/div><\/div><\/div><\/div><\/div><\/div><\/div><\/div><\/div>\n","protected":false},"excerpt":{"rendered":"","protected":false},"author":14,"featured_media":29962,"parent":452,"menu_order":0,"comment_status":"closed","ping_status":"closed","template":"","meta":{"footnotes":""},"class_list":["post-29985","page","type-page","status-publish","has-post-thumbnail","hentry"],"yoast_head":"<!-- This site is optimized with the Yoast SEO plugin v27.1.1 - https:\/\/yoast.com\/product\/yoast-seo-wordpress\/ -->\n<title>Melissa Leimk\u00fchler, M.Sc. Spatial Development and Natural Resource Management - ILS - Institut f\u00fcr Landes- und Stadtentwicklungsforschung<\/title>\n<meta name=\"robots\" content=\"index, follow, max-snippet:-1, max-image-preview:large, max-video-preview:-1\" \/>\n<link rel=\"canonical\" href=\"https:\/\/www.ils-forschung.de\/en\/the-ils\/ils-staff\/leimkuehler-melissa\/\" \/>\n<meta property=\"og:locale\" content=\"en_US\" \/>\n<meta property=\"og:type\" content=\"article\" \/>\n<meta property=\"og:title\" content=\"Melissa Leimk\u00fchler, M.Sc. Spatial Development and Natural Resource Management - ILS - Institut f\u00fcr Landes- und Stadtentwicklungsforschung\" \/>\n<meta property=\"og:url\" content=\"https:\/\/www.ils-forschung.de\/en\/the-ils\/ils-staff\/leimkuehler-melissa\/\" \/>\n<meta property=\"og:site_name\" content=\"ILS - Institut f\u00fcr Landes- und Stadtentwicklungsforschung\" \/>\n<meta property=\"article:modified_time\" content=\"2026-02-19T19:08:58+00:00\" \/>\n<meta name=\"twitter:card\" content=\"summary_large_image\" \/>\n<meta name=\"twitter:site\" content=\"@ILS_forschung\" \/>\n<meta name=\"twitter:label1\" content=\"Est. reading time\" \/>\n\t<meta name=\"twitter:data1\" content=\"4 minutes\" \/>\n<script type=\"application\/ld+json\" class=\"yoast-schema-graph\">{\"@context\":\"https:\/\/schema.org\",\"@graph\":[{\"@type\":\"WebPage\",\"@id\":\"https:\/\/www.ils-forschung.de\/en\/the-ils\/ils-staff\/leimkuehler-melissa\/\",\"url\":\"https:\/\/www.ils-forschung.de\/en\/the-ils\/ils-staff\/leimkuehler-melissa\/\",\"name\":\"Melissa Leimk\u00fchler, M.Sc. Spatial Development and Natural Resource Management - ILS - Institut f\u00fcr Landes- und Stadtentwicklungsforschung\",\"isPartOf\":{\"@id\":\"https:\/\/www.ils-forschung.de\/en\/#website\"},\"primaryImageOfPage\":{\"@id\":\"https:\/\/www.ils-forschung.de\/en\/the-ils\/ils-staff\/leimkuehler-melissa\/#primaryimage\"},\"image\":{\"@id\":\"https:\/\/www.ils-forschung.de\/en\/the-ils\/ils-staff\/leimkuehler-melissa\/#primaryimage\"},\"thumbnailUrl\":\"https:\/\/www.ils-forschung.de\/wp-content\/uploads\/2023\/04\/ils-social-share-logo.jpg\",\"datePublished\":\"2023-04-28T07:35:46+00:00\",\"dateModified\":\"2026-02-19T19:08:58+00:00\",\"breadcrumb\":{\"@id\":\"https:\/\/www.ils-forschung.de\/en\/the-ils\/ils-staff\/leimkuehler-melissa\/#breadcrumb\"},\"inLanguage\":\"en-US\",\"potentialAction\":[{\"@type\":\"ReadAction\",\"target\":[\"https:\/\/www.ils-forschung.de\/en\/the-ils\/ils-staff\/leimkuehler-melissa\/\"]}]},{\"@type\":\"ImageObject\",\"inLanguage\":\"en-US\",\"@id\":\"https:\/\/www.ils-forschung.de\/en\/the-ils\/ils-staff\/leimkuehler-melissa\/#primaryimage\",\"url\":\"https:\/\/www.ils-forschung.de\/wp-content\/uploads\/2023\/04\/ils-social-share-logo.jpg\",\"contentUrl\":\"https:\/\/www.ils-forschung.de\/wp-content\/uploads\/2023\/04\/ils-social-share-logo.jpg\",\"width\":1200,\"height\":630},{\"@type\":\"BreadcrumbList\",\"@id\":\"https:\/\/www.ils-forschung.de\/en\/the-ils\/ils-staff\/leimkuehler-melissa\/#breadcrumb\",\"itemListElement\":[{\"@type\":\"ListItem\",\"position\":1,\"name\":\"Home\",\"item\":\"https:\/\/www.ils-forschung.de\/en\/\"},{\"@type\":\"ListItem\",\"position\":2,\"name\":\"The ILS\",\"item\":\"https:\/\/www.ils-forschung.de\/en\/the-ils\/\"},{\"@type\":\"ListItem\",\"position\":3,\"name\":\"ILS staff\",\"item\":\"https:\/\/www.ils-forschung.de\/en\/the-ils\/ils-staff\/\"},{\"@type\":\"ListItem\",\"position\":4,\"name\":\"Melissa Leimk\u00fchler, M.Sc. Spatial Development and Natural Resource Management\"}]},{\"@type\":\"WebSite\",\"@id\":\"https:\/\/www.ils-forschung.de\/en\/#website\",\"url\":\"https:\/\/www.ils-forschung.de\/en\/\",\"name\":\"ILS - Institut f\u00fcr Landes- und Stadtentwicklungsforschung\",\"description\":\"Das ILS \u2013 Institut f\u00fcr Landes- und Stadtentwicklungsforschung ist ein raumwissenschaftliches au\u00dferuniversit\u00e4res Forschungsinstitut mit Sitz in Dortmund.\",\"potentialAction\":[{\"@type\":\"SearchAction\",\"target\":{\"@type\":\"EntryPoint\",\"urlTemplate\":\"https:\/\/www.ils-forschung.de\/en\/?s={search_term_string}\"},\"query-input\":{\"@type\":\"PropertyValueSpecification\",\"valueRequired\":true,\"valueName\":\"search_term_string\"}}],\"inLanguage\":\"en-US\"}]}<\/script>\n<!-- \/ Yoast SEO plugin. -->","yoast_head_json":{"title":"Melissa Leimk\u00fchler, M.Sc. Spatial Development and Natural Resource Management - ILS - Institut f\u00fcr Landes- und Stadtentwicklungsforschung","robots":{"index":"index","follow":"follow","max-snippet":"max-snippet:-1","max-image-preview":"max-image-preview:large","max-video-preview":"max-video-preview:-1"},"canonical":"https:\/\/www.ils-forschung.de\/en\/the-ils\/ils-staff\/leimkuehler-melissa\/","og_locale":"en_US","og_type":"article","og_title":"Melissa Leimk\u00fchler, M.Sc. Spatial Development and Natural Resource Management - ILS - Institut f\u00fcr Landes- und Stadtentwicklungsforschung","og_url":"https:\/\/www.ils-forschung.de\/en\/the-ils\/ils-staff\/leimkuehler-melissa\/","og_site_name":"ILS - Institut f\u00fcr Landes- und Stadtentwicklungsforschung","article_modified_time":"2026-02-19T19:08:58+00:00","twitter_card":"summary_large_image","twitter_site":"@ILS_forschung","twitter_misc":{"Est. reading time":"4 minutes"},"schema":{"@context":"https:\/\/schema.org","@graph":[{"@type":"WebPage","@id":"https:\/\/www.ils-forschung.de\/en\/the-ils\/ils-staff\/leimkuehler-melissa\/","url":"https:\/\/www.ils-forschung.de\/en\/the-ils\/ils-staff\/leimkuehler-melissa\/","name":"Melissa Leimk\u00fchler, M.Sc. Spatial Development and Natural Resource Management - ILS - Institut f\u00fcr Landes- und Stadtentwicklungsforschung","isPartOf":{"@id":"https:\/\/www.ils-forschung.de\/en\/#website"},"primaryImageOfPage":{"@id":"https:\/\/www.ils-forschung.de\/en\/the-ils\/ils-staff\/leimkuehler-melissa\/#primaryimage"},"image":{"@id":"https:\/\/www.ils-forschung.de\/en\/the-ils\/ils-staff\/leimkuehler-melissa\/#primaryimage"},"thumbnailUrl":"https:\/\/www.ils-forschung.de\/wp-content\/uploads\/2023\/04\/ils-social-share-logo.jpg","datePublished":"2023-04-28T07:35:46+00:00","dateModified":"2026-02-19T19:08:58+00:00","breadcrumb":{"@id":"https:\/\/www.ils-forschung.de\/en\/the-ils\/ils-staff\/leimkuehler-melissa\/#breadcrumb"},"inLanguage":"en-US","potentialAction":[{"@type":"ReadAction","target":["https:\/\/www.ils-forschung.de\/en\/the-ils\/ils-staff\/leimkuehler-melissa\/"]}]},{"@type":"ImageObject","inLanguage":"en-US","@id":"https:\/\/www.ils-forschung.de\/en\/the-ils\/ils-staff\/leimkuehler-melissa\/#primaryimage","url":"https:\/\/www.ils-forschung.de\/wp-content\/uploads\/2023\/04\/ils-social-share-logo.jpg","contentUrl":"https:\/\/www.ils-forschung.de\/wp-content\/uploads\/2023\/04\/ils-social-share-logo.jpg","width":1200,"height":630},{"@type":"BreadcrumbList","@id":"https:\/\/www.ils-forschung.de\/en\/the-ils\/ils-staff\/leimkuehler-melissa\/#breadcrumb","itemListElement":[{"@type":"ListItem","position":1,"name":"Home","item":"https:\/\/www.ils-forschung.de\/en\/"},{"@type":"ListItem","position":2,"name":"The ILS","item":"https:\/\/www.ils-forschung.de\/en\/the-ils\/"},{"@type":"ListItem","position":3,"name":"ILS staff","item":"https:\/\/www.ils-forschung.de\/en\/the-ils\/ils-staff\/"},{"@type":"ListItem","position":4,"name":"Melissa Leimk\u00fchler, M.Sc. Spatial Development and Natural Resource Management"}]},{"@type":"WebSite","@id":"https:\/\/www.ils-forschung.de\/en\/#website","url":"https:\/\/www.ils-forschung.de\/en\/","name":"ILS - Institut f\u00fcr Landes- und Stadtentwicklungsforschung","description":"Das ILS \u2013 Institut f\u00fcr Landes- und Stadtentwicklungsforschung ist ein raumwissenschaftliches au\u00dferuniversit\u00e4res Forschungsinstitut mit Sitz in Dortmund.","potentialAction":[{"@type":"SearchAction","target":{"@type":"EntryPoint","urlTemplate":"https:\/\/www.ils-forschung.de\/en\/?s={search_term_string}"},"query-input":{"@type":"PropertyValueSpecification","valueRequired":true,"valueName":"search_term_string"}}],"inLanguage":"en-US"}]}},"_links":{"self":[{"href":"https:\/\/www.ils-forschung.de\/en\/wp-json\/wp\/v2\/pages\/29985","targetHints":{"allow":["GET"]}}],"collection":[{"href":"https:\/\/www.ils-forschung.de\/en\/wp-json\/wp\/v2\/pages"}],"about":[{"href":"https:\/\/www.ils-forschung.de\/en\/wp-json\/wp\/v2\/types\/page"}],"author":[{"embeddable":true,"href":"https:\/\/www.ils-forschung.de\/en\/wp-json\/wp\/v2\/users\/14"}],"replies":[{"embeddable":true,"href":"https:\/\/www.ils-forschung.de\/en\/wp-json\/wp\/v2\/comments?post=29985"}],"version-history":[{"count":10,"href":"https:\/\/www.ils-forschung.de\/en\/wp-json\/wp\/v2\/pages\/29985\/revisions"}],"predecessor-version":[{"id":55780,"href":"https:\/\/www.ils-forschung.de\/en\/wp-json\/wp\/v2\/pages\/29985\/revisions\/55780"}],"up":[{"embeddable":true,"href":"https:\/\/www.ils-forschung.de\/en\/wp-json\/wp\/v2\/pages\/452"}],"wp:featuredmedia":[{"embeddable":true,"href":"https:\/\/www.ils-forschung.de\/en\/wp-json\/wp\/v2\/media\/29962"}],"wp:attachment":[{"href":"https:\/\/www.ils-forschung.de\/en\/wp-json\/wp\/v2\/media?parent=29985"}],"curies":[{"name":"wp","href":"https:\/\/api.w.org\/{rel}","templated":true}]}}