{"id":29386,"date":"2023-03-23T12:59:17","date_gmt":"2023-03-23T11:59:17","guid":{"rendered":"https:\/\/www.ils-forschung.de\/the-ils\/ils-staff\/dr-isabel-ramos-lobato-dipl-geogr\/"},"modified":"2026-02-13T17:04:15","modified_gmt":"2026-02-13T16:04:15","slug":"ramos-lobato-isabel","status":"publish","type":"page","link":"https:\/\/www.ils-forschung.de\/en\/the-ils\/ils-staff\/ramos-lobato-isabel\/","title":{"rendered":"Dr. Isabel Ramos Lobato, Dipl-Geogr."},"content":{"rendered":"<div class=\"fusion-fullwidth fullwidth-box fusion-builder-row-1 fusion-flex-container nonhundred-percent-fullwidth non-hundred-percent-height-scrolling\" style=\"--awb-border-radius-top-left:0px;--awb-border-radius-top-right:0px;--awb-border-radius-bottom-right:0px;--awb-border-radius-bottom-left:0px;--awb-flex-wrap:wrap;\" ><div class=\"fusion-builder-row fusion-row fusion-flex-align-items-flex-start fusion-flex-content-wrap\" style=\"max-width:1144px;margin-left: calc(-4% \/ 2 );margin-right: calc(-4% \/ 2 );\"><div class=\"fusion-layout-column fusion_builder_column fusion-builder-column-0 fusion_builder_column_1_1 1_1 fusion-flex-column\" style=\"--awb-bg-size:cover;--awb-width-large:100%;--awb-margin-top-large:0px;--awb-spacing-right-large:1.92%;--awb-margin-bottom-large:20px;--awb-spacing-left-large:1.92%;--awb-width-medium:100%;--awb-spacing-right-medium:1.92%;--awb-spacing-left-medium:1.92%;--awb-width-small:100%;--awb-spacing-right-small:1.92%;--awb-spacing-left-small:1.92%;\"><div class=\"fusion-column-wrapper fusion-flex-justify-content-flex-start fusion-content-layout-column\"><div class=\"fusion-builder-row fusion-builder-row-inner fusion-row fusion-flex-align-items-flex-start fusion-flex-content-wrap\" style=\"width:104% !important;max-width:104% !important;margin-left: calc(-4% \/ 2 );margin-right: calc(-4% \/ 2 );\"><div class=\"fusion-layout-column fusion_builder_column_inner fusion-builder-nested-column-0 fusion_builder_column_inner_1_4 1_4 fusion-flex-column\" style=\"--awb-bg-size:cover;--awb-width-large:25%;--awb-margin-top-large:0px;--awb-spacing-right-large:7.68%;--awb-margin-bottom-large:20px;--awb-spacing-left-large:7.68%;--awb-width-medium:100%;--awb-spacing-right-medium:1.92%;--awb-spacing-left-medium:1.92%;--awb-width-small:100%;--awb-spacing-right-small:1.92%;--awb-spacing-left-small:1.92%;\"><div class=\"fusion-column-wrapper fusion-flex-justify-content-flex-start fusion-content-layout-column\"><div class=\"fusion-image-element \" style=\"--awb-caption-title-font-family:var(--h2_typography-font-family);--awb-caption-title-font-weight:var(--h2_typography-font-weight);--awb-caption-title-font-style:var(--h2_typography-font-style);--awb-caption-title-size:var(--h2_typography-font-size);--awb-caption-title-transform:var(--h2_typography-text-transform);--awb-caption-title-line-height:var(--h2_typography-line-height);--awb-caption-title-letter-spacing:var(--h2_typography-letter-spacing);\"><span class=\" fusion-imageframe imageframe-none imageframe-1 hover-type-none\"><img decoding=\"async\" width=\"1000\" height=\"1500\" title=\"isabel-ramos-lobato\" src=\"https:\/\/www.ils-forschung.de\/wp-content\/uploads\/2023\/03\/isabel-ramos-lobato.jpg\" alt class=\"img-responsive wp-image-29380\" srcset=\"https:\/\/www.ils-forschung.de\/wp-content\/uploads\/2023\/03\/isabel-ramos-lobato-200x300.jpg 200w, https:\/\/www.ils-forschung.de\/wp-content\/uploads\/2023\/03\/isabel-ramos-lobato-400x600.jpg 400w, https:\/\/www.ils-forschung.de\/wp-content\/uploads\/2023\/03\/isabel-ramos-lobato-600x900.jpg 600w, https:\/\/www.ils-forschung.de\/wp-content\/uploads\/2023\/03\/isabel-ramos-lobato-800x1200.jpg 800w, https:\/\/www.ils-forschung.de\/wp-content\/uploads\/2023\/03\/isabel-ramos-lobato.jpg 1000w\" sizes=\"(max-width: 1125px) 100vw, (max-width: 765px) 100vw, 400px\" \/><\/span><\/div><div class=\"fusion-text fusion-text-1\"><p><span style=\"font-size: 12px;\">\u00a9 Uwe Gr\u00fctzner<\/span><\/p>\n<\/div><\/div><\/div><div class=\"fusion-layout-column fusion_builder_column_inner fusion-builder-nested-column-1 fusion_builder_column_inner_3_4 3_4 fusion-flex-column\" style=\"--awb-bg-size:cover;--awb-width-large:75%;--awb-margin-top-large:0px;--awb-spacing-right-large:2.56%;--awb-margin-bottom-large:20px;--awb-spacing-left-large:2.56%;--awb-width-medium:100%;--awb-spacing-right-medium:1.92%;--awb-spacing-left-medium:1.92%;--awb-width-small:100%;--awb-spacing-right-small:1.92%;--awb-spacing-left-small:1.92%;\"><div class=\"fusion-column-wrapper fusion-flex-justify-content-flex-start fusion-content-layout-column\"><div class=\"fusion-text fusion-text-2\"><p>Studied geography, sociology, and peace and conflict studies at Philipps-University Marburg and gained her doctorate at the Ruhr-University Bochum. Research stays in Portugal and Brazil as well as a three-year postdoc position at the University of Helsinki, Finland.<\/p>\n<p><strong>Research interests:<\/strong><\/p>\n<ul>\n<li>Geography of education<\/li>\n<li>Segregation<\/li>\n<li>Social and spatial inequalities<\/li>\n<li>Institutional discrimination and exclusion on the housing market<\/li>\n<li>Social networks and encounters of (middle class) households<\/li>\n<li>Qualitative methods of empirical social research<\/li>\n<\/ul>\n<\/div><div class=\"fusion-text fusion-text-3\"><p><strong>Contact:<\/strong><br \/>\nPhone: +49 (0) 231 9051-191<br \/>\nE-Mail: <a href=\"mailto:isabel.ramos-lobato@ils-research.de\">isabel.ramos-lobato@ils-research.de<\/a><\/p>\n<\/div><\/div><\/div><\/div><div class=\"fusion-separator fusion-full-width-sep\" style=\"align-self: center;margin-left: auto;margin-right: auto;margin-top:20px;margin-bottom:20px;width:100%;\"><\/div><div class=\"fusion-text fusion-text-4\">\n<\/div><div class=\"fusion-separator fusion-full-width-sep\" style=\"align-self: center;margin-left: auto;margin-right: auto;margin-top:20px;margin-bottom:20px;width:100%;\"><\/div><div class=\"fusion-text fusion-text-5\"><h3>Publications (Selection)<\/h3>\n<\/div><div class=\"accordian fusion-accordian\" style=\"--awb-border-size:1px;--awb-icon-size:16px;--awb-content-font-size:16px;--awb-icon-alignment:left;--awb-hover-color:#f9f9f9;--awb-border-color:#cccccc;--awb-background-color:#ffffff;--awb-divider-color:#e0dede;--awb-divider-hover-color:#e0dede;--awb-icon-color:#ffffff;--awb-title-color:#000000;--awb-content-color:#000000;--awb-icon-box-color:var(--awb-color7);--awb-toggle-hover-accent-color:var(--awb-custom10);--awb-title-font-family:&quot;Source Sans 3&quot;;--awb-title-font-weight:400;--awb-title-font-style:normal;--awb-title-font-size:16px;--awb-content-font-family:&quot;Source Sans 3&quot;;--awb-content-font-style:normal;--awb-content-font-weight:400;\"><div class=\"panel-group fusion-toggle-icon-boxed\" id=\"accordion-29386-1\"><div class=\"fusion-panel panel-default panel-ced0eb4bb6d6bf0da fusion-toggle-has-divider\"><div class=\"panel-heading\"><h4 class=\"panel-title toggle\" id=\"toggle_ced0eb4bb6d6bf0da\"><a aria-expanded=\"false\" aria-controls=\"ced0eb4bb6d6bf0da\" role=\"button\" data-toggle=\"collapse\" data-parent=\"#accordion-29386-1\" data-target=\"#ced0eb4bb6d6bf0da\" href=\"#ced0eb4bb6d6bf0da\"><span class=\"fusion-toggle-icon-wrapper\" aria-hidden=\"true\"><i class=\"fa-fusion-box active-icon awb-icon-minus\" aria-hidden=\"true\"><\/i><i class=\"fa-fusion-box inactive-icon awb-icon-plus\" aria-hidden=\"true\"><\/i><\/span><span class=\"fusion-toggle-heading\">Refereed Articles<\/span><\/a><\/h4><\/div><div id=\"ced0eb4bb6d6bf0da\" class=\"panel-collapse collapse \" aria-labelledby=\"toggle_ced0eb4bb6d6bf0da\"><div class=\"panel-body toggle-content fusion-clearfix\">\n<ul>\n<li>Wettlaufer, Andreas; Ramos Lobato, Isabel (2026): <a href=\"https:\/\/doi.org\/10.1111\/tesg.70060\">The Reputation of Primary Schools\u2014Rumours with Consequences for Segregation<\/a>. In: Tijdschrift voor Economische en Sociale Geografie, online first January 28, 2026. <a href=\"https:\/\/doi.org\/10.1111\/tesg.70060\">https:\/\/doi.org\/10.1111\/tesg.70060<\/a>.<\/li>\n<\/ul>\n<ul>\n<li>Ramos Lobato, Isabel; Farwick, Andreas; Hanh\u00f6rster, Heike; Wettlaufer, Andreas (2025): <a href=\"https:\/\/doi.org\/10.36900\/suburban.v13i2\/3.1025\">Segregation an Grundschulen und die Produktion von Ungleichheit<\/a>. In: sub\/urban 13, 2\/3, 39\u201370. <a href=\"https:\/\/doi.org\/10.36900\/suburban.v13i2\/3.1025\">https:\/\/doi.org\/10.36900\/suburban.v13i2\/3.1025<\/a>. (online first 21.11.2025)<\/li>\n<\/ul>\n<ul>\n<li>Brill, Hannah; Hanh\u00f6rster, Heike; Hans, Nils; Ne\u00dfler, Miriam; Ramos Lobato, Isabel (2025): <a href=\"https:\/\/doi.org\/10.36900\/suburban.v13i2\/3.1027\">\u201eNeue\u201c Ankunftsr\u00e4ume zwischen Inklusion und Exklusion. Eine Literaturanalyse r\u00e4umlicher Zuzugsmuster in Europa<\/a>. In: sub\/urban 13, 2\/3, 137\u2013165. <a href=\"https:\/\/doi.org\/10.36900\/suburban.v13i2\/3.1027\">https:\/\/doi.org\/10.36900\/suburban.v13i2\/3.1027<\/a>. (online first 21.11.2025)<\/li>\n<\/ul>\n<ul>\n<li>Hanh\u00f6rster, Heike; Ramos Lobato, Isabel (2025): <a href=\"https:\/\/doi.org\/10.25162\/bgl-2025-0013\" target=\"_blank\" rel=\"noopener\">Segregation an Grundschulen: Strukturen und Praktiken institutioneller Diskriminierung<\/a>. In: Berichte. Geographie und Landeskunde 98, 2\/3, 160\u2013185. <a href=\"https:\/\/doi.org\/10.25162\/bgl-2025-0013\" target=\"_blank\" rel=\"noopener\">https:\/\/doi.org\/10.25162\/bgl-2025-0013<\/a>.<\/li>\n<\/ul>\n<ul>\n<li>R\u00f6nnberg, Oskar; Bernelius, Venla; Ramos Lobato, Isabel (2024): <a href=\"https:\/\/doi.org\/10.1080\/20020317.2024.2412411\">How schools affect neighbourhoods: a conceptual framework for the multiple roles of public schools<\/a>. In: Nordic Journal of Studies in Educational Policy, online first October 7, 2024, 1\u201316. <a href=\"https:\/\/doi.org\/10.1080\/20020317.2024.2412411\">https:\/\/doi.org\/10.1080\/20020317.2024.2412411<\/a>.<\/li>\n<\/ul>\n<ul>\n<li>Ramos Lobato, Isabel; Goldbach, Alina; Hanh\u00f6rster, Heike (2023): <a href=\"https:\/\/doi.org\/10.3389\/fsoc.2023.1250158\" target=\"_blank\" rel=\"noopener\">\u201cThe kids get haggled over\u201c: How institutional practices contribute to segregation in elementary schools<\/a>. In: Frontiers in Sociology 8, 1250158. <a href=\"https:\/\/doi.org\/10.3389\/fsoc.2023.1250158\" target=\"_blank\" rel=\"noopener\">https:\/\/doi.org\/10.3389\/fsoc.2023.1250158<\/a>.<\/li>\n<\/ul>\n<ul>\n<li>Resler, Megan; Ramos Lobato, Isabel; Candy, Seona (2022): \u201eWe Don\u2019t Meet [Any]where Else, Just Here\u201c: Spatiality of Social Capital in Urban Allotments. In: Social Inclusion 10, 3, 273\u2013283. <a href=\"https:\/\/doi.org\/10.17645\/si.v10i3.5322\" target=\"_blank\" rel=\"noopener\">https:\/\/doi.org\/10.17645\/si.v10i3.5322<\/a>.<\/li>\n<\/ul>\n<ul>\n<li>Boterman, Willem Rogier; Ramos Lobato, Isabel (2022): Meddling with school choice: comparing education policy interventions and their impact on school segregation. In: Comparative Education 58, 4, 470\u2013488. <a href=\"https:\/\/doi.org\/10.1080\/03050068.2022.2055297\" target=\"_blank\" rel=\"noopener\">https:\/\/doi.org\/10.1080\/03050068.2022.2055297<\/a>.<\/li>\n<\/ul>\n<ul>\n<li>Hanh\u00f6rster, Heike; Ramos Lobato, Isabel; Weck, Sabine (2021): People, Place, and Politics: Local Factors Shaping Middle\u2010Class Practices in Mixed\u2010Class German Neighbourhoods. In: Social Inclusion 9, 4, 363\u2013374. <a href=\"https:\/\/doi.org\/10.17645\/si.v9i4.4478\" target=\"_blank\" rel=\"noopener\">https:\/\/doi.org\/10.17645\/si.v9i4.4478<\/a>.<\/li>\n<\/ul>\n<ul>\n<li>Ramos Lobato, Isabel (2021): From Catchment Areas to Parental Choice: Education Policy Reforms and their Effects on School Segregation. In: On_Education. Journal for Research and Debate 4, 11. <a href=\"https:\/\/doi.org\/10.17899\/on_ed.2021.11.4\" target=\"_blank\" rel=\"noopener\">https:\/\/doi.org\/10.17899\/on_ed.2021.11.4<\/a>.<\/li>\n<\/ul>\n<ul>\n<li>Bernelius, Venla; Huilla, Heidi; Ramos Lobato, Isabel (2021): Notorious Schools in Notorious Places? Exploring the Connectedness of Urban and Educational Segregation. In: Social Inclusion 9, 2, 154\u2013165. <a href=\"https:\/\/doi.org\/10.17645\/si.v9i2.3838\" target=\"_blank\" rel=\"noopener\">https:\/\/doi.org\/10.17645\/si.v9i2.3838<\/a>.<\/li>\n<\/ul>\n<ul>\n<li>Hanh\u00f6rster, Heike; Ramos Lobato, Isabel (2021): Migrants\u2019Access to the Rental Housing Market in Germany: Housing Providers and Allocation Policies. In: Urban Planning 6, 2, 7\u201318. <a href=\"https:\/\/doi.org\/10.17645\/up.v6i2.3802\" target=\"_blank\" rel=\"noopener\">https:\/\/doi.org\/10.17645\/up.v6i2.3802<\/a>.<\/li>\n<\/ul>\n<ul>\n<li>Farwick, Andreas; Hanh\u00f6rster, Heike; Ramos Lobato, Isabel; Striemer, Wiebke (2019): Neighbourhood-based social integration\u2013 The importance of the local context for different forms of resource transfer. In: Raumforschung und Raumordnung | Spatial Research and Planning 77, 4, 417\u2013434. <a href=\"https:\/\/doi.org\/10.2478\/rara-2019-0046\" target=\"_blank\" rel=\"noopener\">https:\/\/doi.org\/10.2478\/rara-2019-0046<\/a>.<\/li>\n<\/ul>\n<ul>\n<li>Ramos Lobato, Isabel; Groos, Thomas (2019): Choice as a duty? The abolition of primary school catchment areas in North Rhine-Westphalia\/Germany and its impact on parent choice strategies. In: Urban Studies 56, 15, 3274\u20133291. <a href=\"https:\/\/doi.org\/10.1177\/0042098018814456\" target=\"_blank\" rel=\"noopener\">https:\/\/doi.org\/10.1177\/0042098018814456<\/a>.<\/li>\n<\/ul>\n<ul>\n<li>Ramos Lobato, Isabel; Bernelius, Venla; Kosunen, Sonja (2018): Looking for the ordinary? Parental choice and elite school avoidance in Finland and Germany. In: Nordic Journal of Studies in Educational Policy 4, 3, 156\u2013167. <a href=\"https:\/\/doi.org\/10.1080\/20020317.2018.1548239\" target=\"_blank\" rel=\"noopener\">https:\/\/doi.org\/10.1080\/20020317.2018.1548239<\/a>.<\/li>\n<\/ul>\n<ul>\n<li>Ramos Lobato, Isabel (2017): \u201eI do not want to poach pupils from other schools\u201c \u2013 German Primary Schools and their Role in Educational Choice Processes. In: Belgeo [online]. <a href=\"https:\/\/doi.org\/10.4000\/belgeo.19131\" target=\"_blank\" rel=\"noopener\">https:\/\/doi.org\/10.4000\/belgeo.19131<\/a>.<\/li>\n<\/ul>\n<ul>\n<li>Maloutas, Thomas; Ramos Lobato, Isabel (2015): Education and Social Reproduction: Educational Mechanisms and Residential Segregation in Athens and Dortmund. In: Local Economy 30, 7, 800\u2013817. <a href=\"https:\/\/doi.org\/10.1177\/0269094215601817\" target=\"_blank\" rel=\"noopener\">https:\/\/doi.org\/10.1177\/0269094215601817<\/a>.<\/li>\n<\/ul>\n<ul>\n<li>Weck, Sabine; Ramos Lobato, Isabel (2015): Social Exclusion: Continuities and Discontinuities in Explaining Local Patterns. In: Local Economy, London 30, 7, 765\u2013782. <a href=\"https:\/\/doi.org\/10.1177\/0269094215601641\" target=\"_blank\" rel=\"noopener\">https:\/\/doi.org\/10.1177\/0269094215601641<\/a>.<\/li>\n<\/ul>\n<\/div><\/div><\/div><div class=\"fusion-panel panel-default panel-58bc294d95eae0967 fusion-toggle-has-divider\"><div class=\"panel-heading\"><h4 class=\"panel-title toggle\" id=\"toggle_58bc294d95eae0967\"><a aria-expanded=\"false\" aria-controls=\"58bc294d95eae0967\" role=\"button\" data-toggle=\"collapse\" data-parent=\"#accordion-29386-1\" data-target=\"#58bc294d95eae0967\" href=\"#58bc294d95eae0967\"><span class=\"fusion-toggle-icon-wrapper\" aria-hidden=\"true\"><i class=\"fa-fusion-box active-icon awb-icon-minus\" aria-hidden=\"true\"><\/i><i class=\"fa-fusion-box inactive-icon awb-icon-plus\" aria-hidden=\"true\"><\/i><\/span><span class=\"fusion-toggle-heading\">Non-Refereed Articles<\/span><\/a><\/h4><\/div><div id=\"58bc294d95eae0967\" class=\"panel-collapse collapse \" aria-labelledby=\"toggle_58bc294d95eae0967\"><div class=\"panel-body toggle-content fusion-clearfix\">\n<ul>\n<li>Hanh\u00f6rster, Heike; Ramos Lobato, Isabel; Droste, Christiane; Becker, Anna (2021): <a href=\"https:\/\/shop.arl-net.de\/media\/direct\/pdf\/nachrichten\/2021-2\/nr_2-21_hanhoerster_ua.pdf\" target=\"_blank\" rel=\"noopener\">Belegungspolitik von Wohnungsunternehmen: Potenzial oder Barriere f\u00fcr Integration?<\/a> In: Nachrichten der ARL, 2 \u201eSpace, Gender, Diversity\u201c, 25\u201329.<\/li>\n<\/ul>\n<p>&nbsp;<\/p>\n<ul>\n<li>Hanh\u00f6rster, Heike; Ramos Lobato, Isabel; Droste, Christiane; Diesenreiter, Carina; Becker, Anna (2020): <a href=\"https:\/\/www.vhw.de\/publikationen\/forum-wohnen-und-stadtentwicklung\/archiv\/archiv-detail\/magazin\/heft-22020-quartiersentwicklung-und-wohnungswirtschaft\/\" target=\"_blank\" rel=\"noopener\">Faire Wohnraumversorgung und \u201egesunde Mischung\u201c? Belegungspolitiken institutioneller Wohnungsanbietender auf dem Pr\u00fcfstand<\/a>. In: Forum Wohnen und Stadtentwicklung, 2, 97\u2013102.<\/li>\n<\/ul>\n<p>&nbsp;<\/p>\n<ul>\n<li>Ramos Lobato, Isabel, Reimer, Mario (2012): Globale Herausforderungen und regionale Antworten. Ergebnisse aus dem ESPON-Projekt \u201eTerritoriale Performance Monitoring\u201c. In: RaumPlanung 165, 6, 37\u201340.<\/li>\n<\/ul>\n<\/div><\/div><\/div><div class=\"fusion-panel panel-default panel-d7c091340427f45f9 fusion-toggle-has-divider\"><div class=\"panel-heading\"><h4 class=\"panel-title toggle\" id=\"toggle_d7c091340427f45f9\"><a aria-expanded=\"false\" aria-controls=\"d7c091340427f45f9\" role=\"button\" data-toggle=\"collapse\" data-parent=\"#accordion-29386-1\" data-target=\"#d7c091340427f45f9\" href=\"#d7c091340427f45f9\"><span class=\"fusion-toggle-icon-wrapper\" aria-hidden=\"true\"><i class=\"fa-fusion-box active-icon awb-icon-minus\" aria-hidden=\"true\"><\/i><i class=\"fa-fusion-box inactive-icon awb-icon-plus\" aria-hidden=\"true\"><\/i><\/span><span class=\"fusion-toggle-heading\">Monographs<\/span><\/a><\/h4><\/div><div id=\"d7c091340427f45f9\" class=\"panel-collapse collapse \" aria-labelledby=\"toggle_d7c091340427f45f9\"><div class=\"panel-body toggle-content fusion-clearfix\">\n<ul>\n<li>Ramos Lobato, Isabel (2019): Free primary school choice, parental networks, and their impact on educational strategies and segregation. Bochum.<\/li>\n<\/ul>\n<\/div><\/div><\/div><div class=\"fusion-panel panel-default panel-e9eee37c53a6a0f4f fusion-toggle-has-divider\"><div class=\"panel-heading\"><h4 class=\"panel-title toggle\" id=\"toggle_e9eee37c53a6a0f4f\"><a aria-expanded=\"false\" aria-controls=\"e9eee37c53a6a0f4f\" role=\"button\" data-toggle=\"collapse\" data-parent=\"#accordion-29386-1\" data-target=\"#e9eee37c53a6a0f4f\" href=\"#e9eee37c53a6a0f4f\"><span class=\"fusion-toggle-icon-wrapper\" aria-hidden=\"true\"><i class=\"fa-fusion-box active-icon awb-icon-minus\" aria-hidden=\"true\"><\/i><i class=\"fa-fusion-box inactive-icon awb-icon-plus\" aria-hidden=\"true\"><\/i><\/span><span class=\"fusion-toggle-heading\">Contributions to Books<\/span><\/a><\/h4><\/div><div id=\"e9eee37c53a6a0f4f\" class=\"panel-collapse collapse \" aria-labelledby=\"toggle_e9eee37c53a6a0f4f\"><div class=\"panel-body toggle-content fusion-clearfix\">\n<ul>\n<li>Ramos Lobato, Isabel (2025): Stadt und Bildung. In: Eckhardt, Frank (Hrsg.): Handbuch Stadtsoziologie. Wiesbaden: Springer VS, 1\u201328. <a href=\"https:\/\/doi.org\/10.1007\/978-3-658-42419-0_30-1\" target=\"_blank\" rel=\"noopener\">https:\/\/doi.org\/10.1007\/978-3-658-42419-0_30-1<\/a>.<\/li>\n<\/ul>\n<p>&nbsp;<\/p>\n<ul>\n<li>Ramos Lobato, Isabel; Kosunen, Sonja; Bernelius, Venla (2024): Koulutuksen eriarvoisuus ja tarve-perustainen resursointi (Educational inequality and needs-based resource allocation for urban schools). In: Kosunen, Sonja; Juvonen, Sara; Huilla, Heidi; Peltola, Marja (Hrsg.): Koulu ja eriarvoisuus (Schule und Ungleichheit). Helsinki: Gaudeamus, 175\u2212191.<\/li>\n<\/ul>\n<p>&nbsp;<\/p>\n<ul>\n<li>Ramos Lobato, Isabel; Bernelius, Venla (2023): Divided Cities \u2013 Divided Schools? School Segregation and the Role of Needs-Based Resource Allocation in Finland. In: Thrupp, Martin; Sepp\u00e4nen, Piia; Kauko, Jaakko; Kosunen, Sonja (Hrsg.): Finland\u2019s Famous Education System \u2013 Unvarnished Insights into Finnish Schooling. Singapore: Springer Singapore, 227\u2212242.<\/li>\n<\/ul>\n<p>&nbsp;<\/p>\n<ul>\n<li>Boterman, Willem Rogier; Ramos Lobato, Isabel (2022): Local segregation patterns and multilevel education policies. In: Kazepov, Yuri; Barberis, Eduardo; Cucca, Roberta (Hrsg.): Handbook of Urban Social Policies. Cheltenham: Edward Elgar, 219\u2212233.<\/li>\n<\/ul>\n<p>&nbsp;<\/p>\n<ul>\n<li>Ramos Lobato, Isabel; Weck, Sabine (2017): Gute Bildungschancen als r\u00e4umliches Privileg? Eine kleinr\u00e4umige Analyse der Verteilung am Beispiel der Stadt Dortmund. In: Altrock, Uwe; Kunze, Ronald (Hrsg.): Jahrbuch Stadterneuerung 2016 \u201eStadterneuerung und Armut\u201c. Wiesbaden: VS Verlag f\u00fcr Sozialwissenschaften, 105\u2013124.<\/li>\n<\/ul>\n<p>&nbsp;<\/p>\n<ul>\n<li>Ramos Lobato, Isabel (2011): Das Modell der Sociedades da Reabilita\u00e7\u00e3o Urbana \u2013 Portugiesische Stadterneuerungspolitik in der Altstadt Portos. In: Altrock, Uwe; Kunze, Ronald; Schmitt, Gisela; Schubert, Dirk (Hrsg.): Jahrbuch Stadterneuerung 2011 \u2013 Stadtumbau und Festivalisierung. Wiesbaden: VS Verlag f\u00fcr Sozialwissenschaften, 273\u2013284.<\/li>\n<\/ul>\n<p>&nbsp;<\/p>\n<ul>\n<li>Ramos Lobato, Isabel (2010): St\u00e4dtischer Verfall, Sanierungsstrategien und ihre sozio\u00f6konomischen Folgen im historischen Zentrum von Porto\/Portugal. In: Marburger Geographische Gesellschaft (Hrsg.): Jahrbuch 2010, 205-211.<\/li>\n<\/ul>\n<\/div><\/div><\/div><div class=\"fusion-panel panel-default panel-d9b0d47bb023adf1c fusion-toggle-has-divider\"><div class=\"panel-heading\"><h4 class=\"panel-title toggle\" id=\"toggle_d9b0d47bb023adf1c\"><a aria-expanded=\"false\" aria-controls=\"d9b0d47bb023adf1c\" role=\"button\" data-toggle=\"collapse\" data-parent=\"#accordion-29386-1\" data-target=\"#d9b0d47bb023adf1c\" href=\"#d9b0d47bb023adf1c\"><span class=\"fusion-toggle-icon-wrapper\" aria-hidden=\"true\"><i class=\"fa-fusion-box active-icon awb-icon-minus\" aria-hidden=\"true\"><\/i><i class=\"fa-fusion-box inactive-icon awb-icon-plus\" aria-hidden=\"true\"><\/i><\/span><span class=\"fusion-toggle-heading\">Transfer and Policy Papers, Working Papers<\/span><\/a><\/h4><\/div><div id=\"d9b0d47bb023adf1c\" class=\"panel-collapse collapse \" aria-labelledby=\"toggle_d9b0d47bb023adf1c\"><div class=\"panel-body toggle-content fusion-clearfix\">\n<ul>\n<li>Brill, Hannah; Gruber, Martin; Liebig, Simon; Ramos Lobato, Isabel; Hanh\u00f6rster, Heike (2024): <a href=\"https:\/\/doi.org\/10.58122\/a9ds-3337\" target=\"_blank\" rel=\"noopener\">Eine Frage der kommunalen Umsetzung: \u00d6ffentliche Wohnraumversorgung und Belegungsstrategien in NRW<\/a>. ILS-TRENDS 03\/24. Dortmund. <a href=\"https:\/\/doi.org\/10.58122\/a9ds-3337\" target=\"_blank\" rel=\"noopener\">https:\/\/doi.org\/10.58122\/a9ds-3337<\/a>.<\/li>\n<\/ul>\n<p>&nbsp;<\/p>\n<ul>\n<li>Ramos Lobato, Isabel (2023): Soziale Entmischung in der Grundschule \u2013 Wie die Wahl der Eltern Segregation verst\u00e4rkt. Unter Mitarbeit von Wettlaufer, Andreas; Farwick, Andreas; Hanh\u00f6rster, Heike. <a href=\"https:\/\/doi.org\/10.58122\/b0hj-cn55\" target=\"_blank\" rel=\"noopener\">ILS-Trends 03\/2023<\/a>. Dortmund. <a href=\"https:\/\/doi.org\/10.58122\/b0hj-cn55\" target=\"_blank\" rel=\"noopener\">https:\/\/doi.org\/10.58122\/b0hj-cn55<\/a>.<\/li>\n<\/ul>\n<p>&nbsp;<\/p>\n<ul>\n<li>Ramos Lobato, Isabel (2023): <a href=\"https:\/\/kaupunkitieto.hel.fi\/fi\/koulusegregaatio-ja-tarveperusteinen-rahoitus-miten-helsingin-kouluissa-kaytetaan-lisamaararahoja\" target=\"_blank\" rel=\"noopener\">Koulusegregaatio ja tarveperusteinen rahoitus \u2013 miten Helsingin kouluissa k\u00e4ytet\u00e4\u00e4n lis\u00e4m\u00e4\u00e4r\u00e4rahoja ja mit\u00e4 haasteita kouluissa tunnistetaan?<\/a> (\u201eSchool segregation and needs-based funding \u2013 how do schools in Helsinki use additional funding and what challenges do they face?\u201c). In: City of Helsinki (Hrsg.): Kvartti. Helsinki.<\/li>\n<\/ul>\n<p>&nbsp;<\/p>\n<ul>\n<li>Ramos Lobato, Isabel (2021): Internationale Erfahrungen mit der bedarfsorientierten Mittelzuweisung f\u00fcr Schulen (\u00fcbersetzt aus dem Finnischen). In: Bernelius, Venla; Huilla, Heidi (Hrsg.): Koulutuksellinen tasa-arvo, alueellinen ja sosiaalinen eriytyminen ja my\u00f6nteisen erityiskohtelun mahdollisuudet. Valtioneuvosto, 105-109 (Bericht f\u00fcr das finnische Bildungsministerium).<\/li>\n<\/ul>\n<p>&nbsp;<\/p>\n<ul>\n<li>Ramos Lobato, Isabel (2021): Schulsegregation aus einer internationalen Perspektive (\u00fcbersetzt aus dem Finnischen). In Bernelius, Venla; Huilla, Heidi (Hrsg.): Koulutuksellinen tasa-arvo, alueellinen ja sosiaalinen eriytyminen ja my\u00f6nteisen erityiskohtelun mahdollisuudet. Valtioneuvosto, 96-104 (Bericht f\u00fcr das finnische Bildungsministerium).<\/li>\n<\/ul>\n<p>&nbsp;<\/p>\n<ul>\n<li>Ramos Lobato, Isabel; Hanh\u00f6rster, Heike (2021): Housing companies and the (re)production of socio-spatial unequality in German cities. In: Urbaria Summaries Series 2021\/6. Helsinki.<\/li>\n<\/ul>\n<p>&nbsp;<\/p>\n<ul>\n<li>Ramos Lobato, Isabel (2021): La segregation scolaire en contexte urbain. In: Urbaria Summaries Series 2021\/6. Helsinki.<\/li>\n<\/ul>\n<p>&nbsp;<\/p>\n<ul>\n<li>Ramos Lobato, Isabel (2020): School segregation in urban contexts: Socio-spatial dynamics and educational inequalities. In: Urbaria Summaries Series 2021\/6. Helsinki.<\/li>\n<\/ul>\n<p>&nbsp;<\/p>\n<ul>\n<li>Farwick, Andreas; Hanh\u00f6rster, Heike; Knorn, Tobias; Ramos Lobato, Isabel; Staubach, Reiner; Striemer, Wiebke; Zilske, Dennis (2019): Soziale Integration im Quartier: F\u00f6rderung von Netzwerken und Begegnungen in benachteiligten Sozialr\u00e4umen. FGW-Studie Integrierende Stadtentwicklung 11. D\u00fcsseldorf.<\/li>\n<\/ul>\n<p>&nbsp;<\/p>\n<ul>\n<li>Bei\u00dfwenger, Sabine; Hanh\u00f6rster, Heike; Ramos Lobato, Isabel; Weck, Sabine (2018): Soziale Mischung in Quartieren. ILS-TRENDS 01\/18. Dortmund.<\/li>\n<\/ul>\n<p>&nbsp;<\/p>\n<ul>\n<li>Ramos Lobato, Isabel; Kaup, Stefan; Weck, Sabine (2015): Die Bek\u00e4mpfung von Armut und sozialer Ausgrenzung auf europ\u00e4ischer Ebene. ILS-TRENDS 01\/15. Dortmund.<\/li>\n<\/ul>\n<p>&nbsp;<\/p>\n<ul>\n<li>Ramos Lobato, Isabel; Weck, Sabine (2014): Poverty and Social Exclusion in Europe: Place-Specific Patterns and Common Challenges. In: Nordregio News 2014, 3, 3\u20136.<\/li>\n<\/ul>\n<p>&nbsp;<\/p>\n<ul>\n<li>Ramos Lobato, Isabel (2012): Weltkultur ohne Erbe? Portos Altstadt zwischen Verfall und Erneuerung. NABU-Impuls Stadt Land Fl\u00e4che, 8, 1\u20137. http:\/\/www.nabu.de\/downloads\/NABU-Impuls-StadtLandFlaeche\/NABU-Impuls_SLF_082012.pdf<\/li>\n<\/ul>\n<\/div><\/div><\/div><\/div><\/div><div class=\"fusion-separator fusion-full-width-sep\" style=\"align-self: center;margin-left: auto;margin-right: auto;margin-top:20px;margin-bottom:20px;width:100%;\"><\/div><div class=\"fusion-text fusion-text-6\"><h3>Presentations (Selection)<\/h3>\n<\/div><div class=\"accordian fusion-accordian\" style=\"--awb-border-size:1px;--awb-icon-size:16px;--awb-content-font-size:16px;--awb-icon-alignment:left;--awb-hover-color:#f9f9f9;--awb-border-color:#cccccc;--awb-background-color:#ffffff;--awb-divider-color:#e0dede;--awb-divider-hover-color:#e0dede;--awb-icon-color:#ffffff;--awb-title-color:#ff9900;--awb-content-color:#333333;--awb-icon-box-color:var(--awb-color7);--awb-toggle-hover-accent-color:var(--awb-custom10);--awb-title-font-family:&quot;Source Sans 3&quot;;--awb-title-font-weight:400;--awb-title-font-style:normal;--awb-title-font-size:16px;--awb-title-line-height:1.5;--awb-content-font-family:&quot;Source Sans 3&quot;;--awb-content-font-style:normal;--awb-content-font-weight:400;\"><div class=\"panel-group fusion-toggle-icon-boxed\" id=\"accordion-29386-2\"><div class=\"fusion-panel panel-default panel-5faf0eb8f97d23078 fusion-toggle-has-divider\" style=\"--awb-title-color:#000000;--awb-content-color:#000000;\"><div class=\"panel-heading\"><h4 class=\"panel-title toggle\" id=\"toggle_5faf0eb8f97d23078\"><a aria-expanded=\"false\" aria-controls=\"5faf0eb8f97d23078\" role=\"button\" data-toggle=\"collapse\" data-parent=\"#accordion-29386-2\" data-target=\"#5faf0eb8f97d23078\" href=\"#5faf0eb8f97d23078\"><span class=\"fusion-toggle-icon-wrapper\" aria-hidden=\"true\"><i class=\"fa-fusion-box active-icon awb-icon-minus\" aria-hidden=\"true\"><\/i><i class=\"fa-fusion-box inactive-icon awb-icon-plus\" aria-hidden=\"true\"><\/i><\/span><span class=\"fusion-toggle-heading\">Refereed Conference Presentations<\/span><\/a><\/h4><\/div><div id=\"5faf0eb8f97d23078\" class=\"panel-collapse collapse \" aria-labelledby=\"toggle_5faf0eb8f97d23078\"><div class=\"panel-body toggle-content fusion-clearfix\">\n<ul>\n<li>Revisiting the Concept of \u201cLeft-Behindness\u201d: Spatial Patterns, Narratives, and Local Responses in the Context of Migration (Schemschat, Norma; gemeinsam mit Brill, Hannah*; Hanh\u00f6rster, Heike*; Ramos Lobato, Isabel*, Ne\u00dfler, Miriam*). Vortrag auf der 22. IMISCOE Annual Conference \u201eDecentering Migration Studies\u201c, 03.07.2025, Paris, Frankreich.<\/li>\n<\/ul>\n<p>&nbsp;<\/p>\n<ul>\n<li>How professional associations in the housing sector theorize sustainable neighborhood development (gemeinsam mit \u00dcblacker, Jan). Vortrag auf der Grand Paris Conference 2025 des ENHR \u2013 European Network for Housing Research, 01.07.2025, Champs-sur-Marne, Frankreich.<\/li>\n<\/ul>\n<p>&nbsp;<\/p>\n<ul>\n<li>Herausforderungen der Wohnraumf\u00f6rderung: Zwischen sozialer Versorgung und marktwirtschaftlichen Zw\u00e4ngen (Brill, Hannah; Liebig, Simon; gemeinsam mit Ramos Lobato, Isabel*; Gruber, Martin*). Vortrag auf der 7. Dortmunder Konferenz Raum- und Planungsforschung \u201eGrund zum Planen in Zeiten multipler Krisen\u201c, 12.02.2025, Dortmund.<\/li>\n<\/ul>\n<p>&nbsp;<\/p>\n<ul>\n<li>Organisation von und Teilnahme an Podiumsdiskussion \u201e\u00dcberforderte Kommunen? Wie St\u00e4dte und Gemeinden Integration und Ankommen verhandeln\u201c im Rahmen der DeZIM-Tagung 2024 \u201eMigration \u2013 Konflikt \u2013 Solidarit\u00e4t. Im Spannungsfeld zwischen Politik und Forschung\u201c, 10.10.2024, Mannheim.<\/li>\n<\/ul>\n<p>&nbsp;<\/p>\n<ul>\n<li>Grundschulen als Co-Produzenten von Segregation und (sozial-) r\u00e4umlicher Ungleichheit (gemeinsam mit Hanh\u00f6rster, Heike). Vortrag auf der Jahrestagung des AK Geographische Migrationsforschung 2023 \u201eProduktion und Transformation von R\u00e4umen der Migration\u201c, 23.\/24.11.2023, Osnabr\u00fcck.<\/li>\n<\/ul>\n<p>&nbsp;<\/p>\n<ul>\n<li>Schulen als Orte der Begegnung? Zum Zusammenspiel von schulischen Praktiken und elterlichen Pr\u00e4ferenzen im Umgang mit Diversit\u00e4t (gemeinsam mit Hanh\u00f6rster, Heike*). Vortrag auf dem 62. Deutschen Kongress f\u00fcr Geographie 2023, 21.09.2023, Frankfurt am Main.<\/li>\n<\/ul>\n<p>&nbsp;<\/p>\n<ul>\n<li>School choice or schools\u2019 choice? How organizational practices shape access to primary schools in Germany. Vortrag im Rahmen des Think&amp;Drink Kolloquiums der HU Berlin und des Georg-Simmel-Zentrums f\u00fcr Metropolenforschung, 26.06.2023, Berlin.<\/li>\n<\/ul>\n<p>&nbsp;<\/p>\n<ul>\n<li>Bildung als Privileg? Zum Zusammenhang von Raum, Bildung und Herkunft. Vortrag im Rahmen der Veranstaltung \u201eSozialplanung trifft\u2026 Bildungsmanagement\u201c der G.I.B. Gesellschaft f\u00fcr innovative Besch\u00e4ftigungsf\u00f6rderung mbH, 16.05.2023, online.<\/li>\n<\/ul>\n<p>&nbsp;<\/p>\n<ul>\n<li>There is competition among schools and a sense of entitlement within families\u2019: School principals\u2019 agency and the legitimacy of parental choice. Vortrag auf der RC 21 Conference 2022 \u201eOrdinary Cities in Exceptional Times\u201c, 25.08.2022, Athen, Griechenland.<\/li>\n<\/ul>\n<p>&nbsp;<\/p>\n<ul>\n<li>Dealbreaker in the neighbourhood? School segregation, residential mobility and equality funding in disadvantaged neighbourhoods in Finland (gemeinsam mit R\u00f6nnberg, Oskar; Bernelius, Venla). Vortrag auf der Konferenz \u201eThe Instrumentation and Enactment of Public Education Reform\u201c, 6\/2022, Barcelona, Spanien.<\/li>\n<\/ul>\n<p>&nbsp;<\/p>\n<ul>\n<li>Migrants\u2018 access to the rental housing market in Germany: The role of institutional housing providers and their allocation policies in shaping socio-spatial segregation and integration (gemeinsam mit Hanh\u00f6rster, Heike). Vortrag im Rahmen der Urbaria Academics der University of Helsinki, 22.09.2021, online.<\/li>\n<\/ul>\n<p>&nbsp;<\/p>\n<ul>\n<li>Families&#8217; childcare-related networks and their impact on primary school choice. Vortrag im Rahmen der RC21 Conference 2021 \u201eSensing and Shaping the City\u201c, 15.07.2021, online.<\/li>\n<\/ul>\n<p>&nbsp;<\/p>\n<ul>\n<li>Migrants\u2018 access to the rental housing market in Germany (gemeinsam mit Hanh\u00f6rster, Heike). Vortrag im Rahmen der IMISCOE Annual Conference 2021, 07.07.2021, online.<\/li>\n<\/ul>\n<p>&nbsp;<\/p>\n<ul>\n<li>Notorious schools in notorious places? Interconnections between reputation and segregation in schools and neighbourhoods (gemeinsam mit Bernelius, Venla; Huilla, Heidi). Vortrag im Rahmen der Veranstaltung \u201eHow to break the vicious circle of segregation? Understanding the connectedness of spatial inequality across generations and life domains\u201c, 10\/2020, online.<\/li>\n<\/ul>\n<p>&nbsp;<\/p>\n<ul>\n<li>Wohnraumversorgung von Migrantinnen und Migranten \u2013 Belegungspolitiken institutioneller Wohnungsanbieter (gemeinsam mit Hanh\u00f6rster, Heike). Vortrag im Rahmen der INUAS-Konferenzreihe \u201eUrbane Transformationen: Wohnen | Ressourcen | \u00d6ffentliche R\u00e4ume\u201c, 04.11.2019, Wien, \u00d6sterreich.<\/li>\n<\/ul>\n<p>&nbsp;<\/p>\n<ul>\n<li>Zug\u00e4nge von Migranten und Migrantinnen zum Mietwohnungsmarkt \u2013 Belegungspolitiken institutioneller Wohnungsanbieter (Heike Hanh\u00f6rster; gemeinsam mit Ramos Lobato, Isabel*). Vortrag auf dem Deutschen Kongress f\u00fcr Geographie 2019 \u201eUmbr\u00fcche und Aufbr\u00fcche. Geographie(n) der Zukunft\u201c der Deutschen Gesellschaft f\u00fcr Geographie (DGfG), 28.09.2019, Kiel.<\/li>\n<\/ul>\n<p>&nbsp;<\/p>\n<ul>\n<li>Soziale Integration im Quartier \u2013 F\u00f6rderung von Netzwerken und Begegnungen in benachteiligten Sozialr\u00e4umen (Heike Hanh\u00f6rster; gemeinsam mit Ramos Lobato, Isabel*). Vortrag auf dem Deutschen Kongress f\u00fcr Geographie 2019 \u201eUmbr\u00fcche und Aufbr\u00fcche. Geographie(n) der Zukunft\u201c der Deutschen Gesellschaft f\u00fcr Geographie (DGfG), 28.09.2019, Kiel.<\/li>\n<\/ul>\n<p>&nbsp;<\/p>\n<ul>\n<li>Segregation in German pre-school education and its effects on primary school choice. Vortrag auf der 14th ESA Conference \u201eEurope and Beyond: Boundaries, Barriers and Belonging\u201c, 21.08.2019, Manchester, Gro\u00dfbritannien.<\/li>\n<\/ul>\n<p>&nbsp;<\/p>\n<ul>\n<li>Resource access in deprived urban neighbourhoods: The immediate surroundings as platform for intergroup contacts (gemeinsam mit Hanh\u00f6rster, Heike). Vortrag auf der 15th IMISCOE Annual Conference \u201eEurope, Migrations and Mediterranean: Human Mobilities and Intercultural Challenges\u201c, 02.07.2018, Barcelona, Spanien.<\/li>\n<\/ul>\n<p>&nbsp;<\/p>\n<ul>\n<li>Segregation in German pre-school education and its effects on primary school choice. Vortrag auf der ENHR Conference 2018 \u201eMore together, more apart: Migration, Densification, Segregation\u201c, 27.06.2018, Uppsala, Schweden.<\/li>\n<\/ul>\n<p>&nbsp;<\/p>\n<ul>\n<li>Coping with socio-spatial change in super-diverse urban neighbourhoods: The Case of Dortmund-Nordstadt\/Germany. Vortrag im Rahmen der Session \u201eGeographies of discontent: Neighborhood change, gentrification, and displacement\u201c auf dem Annual Meeting 2018 der American Association of Geographers (AAG), 14.04.2018, New Orleans, USA.<\/li>\n<\/ul>\n<p>&nbsp;<\/p>\n<ul>\n<li>Striving for the ordinary? Segregation, parental choice and elite school avoidance in Finland and Germany. Vortrag im Rahmen der Session \u201eSchool segregation in contemporary cities: social, spatial and political dynamics\u201c auf dem Annual Meeting 2018 der American Association of Geographers (AAG), 10.04.2018, New Orleans, USA.<\/li>\n<\/ul>\n<p>&nbsp;<\/p>\n<ul>\n<li>Ressourcentransfer in gemischten Stadtteilen \u2013 Die kleinr\u00e4umige Nachbarschaft als Plattform zur F\u00f6rderung sozialer Interaktionen? Vortrag auf dem Deutschen Kongress f\u00fcr Geographie 2017 \u201eEine Welt in Bewegung. Erforschen \u2013 Verstehen \u2013 Gestalten\u201c der Deutschen Gesellschaft f\u00fcr Geographie (DGfG), 02.10.2017, T\u00fcbingen.<\/li>\n<\/ul>\n<p>&nbsp;<\/p>\n<ul>\n<li>Resource Transfer in Diverse Urban Neighbourhoods: The Immediate Living Environment as Platform for Social Interactions? (gemeinsam mit Hanh\u00f6rster, Heike) Vortrag auf der RC21 Conference 2017 \u201eRethinking Global Urban Justice\u201c, 12.09.2017, Leeds, Gro\u00dfbritannien.<\/li>\n<\/ul>\n<p>&nbsp;<\/p>\n<ul>\n<li>The Introduction of Free Primary School Choice and its Impact on Educational Segregation. Vortrag auf der RC21 Conference 2017 \u201eRethinking Global Urban Justice\u201c, 12.09.2017, Leeds, Gro\u00dfbritannien.<\/li>\n<\/ul>\n<p>&nbsp;<\/p>\n<ul>\n<li>\u201eThere is no interest in contact and we cannot enforce it\u201c: Child-Related Infrastructure in Diverse Urban Neighbourhoods as Facilitator for Inter-Group Resource Transfer? (gemeinsam mit Hanh\u00f6rster, Heike) Vortrag auf der 14th IMISCOE Annual Conference 2017 \u201eMigration, Diversity and Cities\u201c, 29.06.2017, Rotterdam, Niederlande.<\/li>\n<\/ul>\n<p>&nbsp;<\/p>\n<ul>\n<li>\u201aWith Parents Who I Know and Who are Similar to Me\u2018 \u2013 Parental Choice of Childcare and its Impact on School Segregation. Vortrag auf der RGS-IBG Annual International Conference 2016 \u201eNexus Thinking\u201c der Royal Geography Society (RGS), 31.08.2016, London, Gro\u00dfbritannien.<\/li>\n<\/ul>\n<p>&nbsp;<\/p>\n<ul>\n<li>Soziale Mischung: Kleinr\u00e4umige Orte der Grenzziehung und Br\u00fcckenbildung in Quartieren. Vortrag auf dem Deutschen Kongress f\u00fcr Geographie 2015 \u201eStadt Land Schaf(f)t \u2013 Land Schaf(f)t Stadt\u201c der Deutschen Gesellschaft f\u00fcr Geographie (DGfG), 03.10.2015, Berlin.<\/li>\n<\/ul>\n<p>&nbsp;<\/p>\n<ul>\n<li>Childcare, Class and Social Mix \u2013 The Role of Networks for School Choice. Vortrag auf der RC21 Conference 2015 \u201eThe Ideal City: Between Myth and Reality\u201c, 28.08.2015, Urbino, Italien.<\/li>\n<\/ul>\n<p>&nbsp;<\/p>\n<ul>\n<li>Armut, soziale Ausgrenzung und Segregation \u2013 Kleinr\u00e4umige Verteilung von Bildungschancen und M\u00f6glichkeiten der Gegensteuerung (gemeinsam mit Weck, Sabine). Vortrag auf der Jahrestagung \u201eStadterneuerung und Armut\u201c des Arbeitskreises Stadterneuerung an der Universit\u00e4t Kassel, 26.06.2014, Kassel.<\/li>\n<\/ul>\n<p>&nbsp;<\/p>\n<ul>\n<li>Spatial Inequalities of Educational Opportunities \u2013 Local Attempts to Promote Socially Vulnerable Youth in Dortmund\/Germany. Vortrag auf der EURA Conference 2013 \u201eCities as Seedbeds of Innovation\u201c der European Urban Research Association, 05.07.2013, Enschede, Niederlande.<\/li>\n<\/ul>\n<p>&nbsp;<\/p>\n<ul>\n<li>Education as a Spatial Privilege? A Small Scale Analysis of Social Exclusion, Spatial Inequalities and their Political Implications \u2013 the Case of Dortmund\/Germany (gemeinsam mit Weck, Sabine). Vortrag auf der 43rd Urban Affairs Association Conference \u201eBuilding the 21st Century City: Inclusion, Innovation, and Globalization\u201c, 04.04.2013, San Francisco, USA.<\/li>\n<\/ul>\n<p>&nbsp;<\/p>\n<ul>\n<li>Institutional Resilience of Spatial Planning: How Do Regions Deal with Global Challenges? (gemeinsam mit Reimer, Mario). Vortrag auf dem 26th AESOP Annual Congress \u201ePlanning to achieve\/Planning to avoid\u201c, 14.07.2012, Ankara, T\u00fcrkei.<\/li>\n<\/ul>\n<p>&nbsp;<\/p>\n<ul>\n<li>Urban Decay in Porto: Strengths and Weaknesses of Portuguese Regeneration Programmes (zusammen mit Alves, S\u00f3nia). Vortrag auf der ENHR Conference 2012 \u201eHousing: Local Welfare and Local Markets in a Globalised World\u201c, 27.06.2012, Lillehammer, Norwegen.<\/li>\n<\/ul>\n<\/div><\/div><\/div><div class=\"fusion-panel panel-default panel-b3f235598696f03fc fusion-toggle-has-divider\" style=\"--awb-title-color:#ff9900;--awb-content-color:#333333;\"><div class=\"panel-heading\"><h4 class=\"panel-title toggle\" id=\"toggle_b3f235598696f03fc\"><a aria-expanded=\"false\" aria-controls=\"b3f235598696f03fc\" role=\"button\" data-toggle=\"collapse\" data-parent=\"#accordion-29386-2\" data-target=\"#b3f235598696f03fc\" href=\"#b3f235598696f03fc\"><span class=\"fusion-toggle-icon-wrapper\" aria-hidden=\"true\"><i class=\"fa-fusion-box active-icon awb-icon-minus\" aria-hidden=\"true\"><\/i><i class=\"fa-fusion-box inactive-icon awb-icon-plus\" aria-hidden=\"true\"><\/i><\/span><span class=\"fusion-toggle-heading\">Additional Presentations<\/span><\/a><\/h4><\/div><div id=\"b3f235598696f03fc\" class=\"panel-collapse collapse \" aria-labelledby=\"toggle_b3f235598696f03fc\"><div class=\"panel-body toggle-content fusion-clearfix\">\n<ul>\n<li>Participation of immigrants in new arrival neighbourhoods: Schools as places of encounter? Vortrag auf der Veranstaltung \u201eUrban Transformations, Demographic Change and Spatial Educational Inequalities in Global Cities der Unviersitat Aut\u00f2noma de Barcelona und Universitat de Barcelona, 10.06.2025, Barcelona, Spanien.<\/li>\n<\/ul>\n<p>&nbsp;<\/p>\n<ul>\n<li>Au\u00dferuniversit\u00e4re Forschungskarriere \u2013 Karriere in einem au\u00dferuniversit\u00e4ren Forschungsinstitut. Vortrag auf dem 27. Karriereforum f\u00fcr Postdoktorand*innen \u201eKarrierewege im Weitwinkel\u201c der Research Academy Ruhr, 26.03.2025, Dortmund.<\/li>\n<\/ul>\n<p>&nbsp;<\/p>\n<ul>\n<li>Research on migration, (new) arrival areas and arrival infrastructures at the Research Institute for Regional and Urban Development (gemeinsam mit Brill, Hannah). Vortrag auf dem bicc-Colloquium des Bonn International Center for Conflict Studies, 10.12.2024, online.<\/li>\n<\/ul>\n<p>&nbsp;<\/p>\n<ul>\n<li>How institutional practices contribute to segregation in primary schools. Vortrag auf der Fachtagung \u201eUnravelling pathways of school segregation: A global perspective\u201d, 08.10.2024, K\u00f6ln.<\/li>\n<\/ul>\n<p>&nbsp;<\/p>\n<ul>\n<li>Schule macht Stadt? Zum wechselseitigen Zusammenhang von Raum und Bildung. Vortrag auf dem Fachtag Familiengrundschulzentren \u201eGemeinsam Weiterkommen\u201c, 10.09.2024, D\u00fcsseldorf.<\/li>\n<\/ul>\n<p>&nbsp;<\/p>\n<ul>\n<li>Residentielle Segregation und Schulsegregation. Zum Zusammenhang von Location und Education. Vortrag im Rahmen der Vorlesung \u201eEinf\u00fchrung in die Stadt- und Regionalsoziologie\u201c an der TU Dortmund, 08.07.2024, Dortmund.<\/li>\n<\/ul>\n<p>&nbsp;<\/p>\n<ul>\n<li>Gleichheit und Gerechtigkeit in der Stadt? Sozialr\u00e4umliche Polarisierung als Schl\u00fcsselfrage f\u00fcr Schulsegregation und Bildungspolitik in Finnland. Gastvortrag und Diskussionsrunde im Rahmen des Seminars \u201eSegregation im europ\u00e4ischen Vergleich\u201c an der TU Berlin, 06.02.2024, Berlin.<\/li>\n<\/ul>\n<p>&nbsp;<\/p>\n<ul>\n<li>Die Mischung macht\u2019s? Wie Raum, Herkunft und Organisationen den Zugang zu Schulen beeinflussen. Vortrag im Rahmen des Osnabr\u00fccker Geographischen Kolloquiums der Universit\u00e4t Osnabr\u00fcck, 06.12.2023, Osnabr\u00fcck.<\/li>\n<\/ul>\n<p>&nbsp;<\/p>\n<ul>\n<li>Educational inequality and needs-based resource allocation for urban schools. Gastvortrag im Rahmen des National Seminar on School Segregation der City of Turku, 12\/2022, Turku, Finnland.<\/li>\n<\/ul>\n<p>&nbsp;<\/p>\n<ul>\n<li>Teilnahme an der Podiumsdiskussion \u201eSchool Choice as a trigger for school segregation?\u201c im Rahmen des Seminars \u201ePatterns of Inequalities\u201c der Politecnico Milano, 11\/2022, Mailand, Italien.<\/li>\n<\/ul>\n<p>&nbsp;<\/p>\n<ul>\n<li>The \u201amixed neighbourhoods\u2018 planning paradigm and its impact on migrants\u2019 access to the housing market (gemeinsam mit Hanh\u00f6rster, Heike). Vortrag im Rahmen des Workshops \u201eMaking Neighborhoods \u2013 Being Made by Neighborhoods\u201c des Fachbereichs Sozialwesen an der FH M\u00fcnster, 04.05.2022, Bochum.<\/li>\n<\/ul>\n<p>&nbsp;<\/p>\n<ul>\n<li>Gleichheit und Gerechtigkeit in der Stadt? Sozialr\u00e4umliche Polarisierung als Schl\u00fcsselfrage f\u00fcr Schulsegregation und Bildungspolitik in Finnland. Gastvortrag im Rahmen des Seminars \u201eNordic Talking III: Gleichheit \u2013 Gerechtigkeit \u2013 Gl\u00fcck\u201c der Schader Stiftung, 5\/2022, Darmstadt.<\/li>\n<\/ul>\n<p>&nbsp;<\/p>\n<ul>\n<li>Changing segregation patterns in a Nordic welfare city: The case of Helsinki, Finnland (gemeinsam mit Vilkama, Katja). Vortrag im Rahmen des Seminars \u201eChanging geographies of poverty in city-regions: concentration, deconcentration and suburbanisation of poor and low-income households\u201c des ILS und der RWTH Aachen, 2\/2022, online.<\/li>\n<\/ul>\n<p>&nbsp;<\/p>\n<ul>\n<li>Soziale Spaltung in der Stadt? Segregationsdynamiken in Quartier und Schule. Gastvortrag im Rahmen des Humangeographischen Kolloquiums der Universit\u00e4t Jena, 11\/2021, Jena.<\/li>\n<\/ul>\n<p>&nbsp;<\/p>\n<ul>\n<li>Can segregation be stopped, or is urban inequality here to stay? The education perspective (gemeinsam mit Bernelius, Venla). Vortrag im Rahmen der Urban Academy Strategic Board Meeting des Helsinki Institute for Urban and Regional Studies, 8\/2020, Helsinki, Finnland.<\/li>\n<\/ul>\n<p>&nbsp;<\/p>\n<ul>\n<li>Wohnraumversorgung von Migrantinnen und Migranten \u2013 Belegungspolitiken institutioneller Wohnungsanbieter (gemeinsam mit Hanh\u00f6rster, Heike). Vortrag im Rahmen der INUAS-Konferenzreihe \u201eUrbane Transformationen: Wohnen | Ressourcen | \u00d6ffentliche R\u00e4ume\u201c, 04.11.2019, Wien, \u00d6sterreich.<\/li>\n<\/ul>\n<p>&nbsp;<\/p>\n<ul>\n<li>Soziale Mischung: Durchl\u00e4ssigkeit und soziale Interaktionen in Quartieren. Vortrag im Rahmen des St\u00e4dtebaulichen Kolloquiums \u201eMischung und Ma\u00dfstab\u201c, 04.06.2019, Dortmund.<\/li>\n<\/ul>\n<p>&nbsp;<\/p>\n<ul>\n<li>Education and the urban: Free choice policies and their impact on school segregation. Vortrag im Rahmen der Panel Discussion on Education, Marginality and the Urban: Linkages and Intersections des German Historical Institute London, 26.06.2019, London, Gro\u00dfbritannien.<\/li>\n<\/ul>\n<p>&nbsp;<\/p>\n<ul>\n<li>Soziale Integration im Quartier \u2013 F\u00f6rderung von Netzwerken und Begegnungen in benachteiligten Sozialr\u00e4umen (gemeinsam mit Farwick, Andreas). Vortrag im Rahmen des NRW-Dialogforums 2018, 29.10.2018, D\u00fcsseldorf.<\/li>\n<\/ul>\n<p>&nbsp;<\/p>\n<ul>\n<li>Die Mischung macht\u2019s: Begegnungen und Interaktionen von Familienhaushalten in heterogenen Stadtquartieren. Vortrag auf der Fachtagung \u201eNetzwerke von Familien \u2013 untersch\u00e4tzt und doch unsch\u00e4tzbar. Unterst\u00fctzung f\u00fcr Alleinerziehende, Mehrkindfamilien und Familien mit Migrationshintergrund in der Kommune\u201c des Zentrums f\u00fcr interdisziplin\u00e4re Regionalforschung (ZEFIR), 18.01.2017, Bochum.<\/li>\n<\/ul>\n<p>&nbsp;<\/p>\n<ul>\n<li>Territorial Dimension of Poverty and Social Exclusion in Europe. Results from an ESPON Project (gemeinsam mit Kaup, Stefan). Vortrag auf dem SPRING-Kolloquium der TU Dortmund, 05.12.2014, Dortmund.<\/li>\n<\/ul>\n<p>&nbsp;<\/p>\n<ul>\n<li>Case Studies: Main Findings, Methods Used and Policy Implications. Vortrag auf dem Workshop \u201eThe Territorial Dimension of Poverty and Social Exclusion in Europe\u201c von Nordregio, 25.11.2014, Stockholm, Schweden.<\/li>\n<\/ul>\n<p>&nbsp;<\/p>\n<ul>\n<li>Territorial Performance Monitoring (TPM): Case Study North Rhine-Westphalia (zusammen mit Reimer, Mario). Vortrag im Rahmen des \u201eFinal Workshop of the ESPON Project on Territorial Performance Monitoring (TPM)\u201c, 29.06.2012, Br\u00fcssel, Belgien.<\/li>\n<\/ul>\n<\/div><\/div><\/div><\/div><\/div><div class=\"fusion-separator fusion-full-width-sep\" style=\"align-self: center;margin-left: auto;margin-right: auto;margin-top:15px;margin-bottom:15px;width:100%;\"><\/div><div class=\"accordian fusion-accordian lehrtaetigkeiten\" style=\"--awb-border-size:1px;--awb-icon-size:16px;--awb-content-font-size:16px;--awb-icon-alignment:left;--awb-hover-color:#f9f9f9;--awb-border-color:#cccccc;--awb-background-color:#ffffff;--awb-divider-color:#e0dede;--awb-divider-hover-color:#e0dede;--awb-icon-color:#ffffff;--awb-title-color:#ff9900;--awb-content-color:#333333;--awb-icon-box-color:var(--awb-color7);--awb-toggle-hover-accent-color:var(--awb-custom10);--awb-title-font-family:&quot;Source Sans 3&quot;;--awb-title-font-weight:400;--awb-title-font-style:normal;--awb-title-font-size:16px;--awb-title-line-height:1.5;--awb-content-font-family:&quot;Source Sans 3&quot;;--awb-content-font-style:normal;--awb-content-font-weight:400;\"><div class=\"panel-group fusion-toggle-icon-boxed\" id=\"accordion-29386-3\"><div class=\"fusion-panel panel-default panel-4d3d0fe1ac1963fd8 fusion-toggle-has-divider\" style=\"--awb-title-color:#ff9900;--awb-content-color:#333333;\"><div class=\"panel-heading\"><h4 class=\"panel-title toggle\" id=\"toggle_4d3d0fe1ac1963fd8\"><a aria-expanded=\"false\" aria-controls=\"4d3d0fe1ac1963fd8\" role=\"button\" data-toggle=\"collapse\" data-parent=\"#accordion-29386-3\" data-target=\"#4d3d0fe1ac1963fd8\" href=\"#4d3d0fe1ac1963fd8\"><span class=\"fusion-toggle-icon-wrapper\" aria-hidden=\"true\"><i class=\"fa-fusion-box active-icon awb-icon-minus\" aria-hidden=\"true\"><\/i><i class=\"fa-fusion-box inactive-icon awb-icon-plus\" aria-hidden=\"true\"><\/i><\/span><span class=\"fusion-toggle-heading\">Teaching<\/span><\/a><\/h4><\/div><div id=\"4d3d0fe1ac1963fd8\" class=\"panel-collapse collapse \" aria-labelledby=\"toggle_4d3d0fe1ac1963fd8\"><div class=\"panel-body toggle-content fusion-clearfix\">TU Dortmund, Fakult\u00e4t Raumplanung<\/p>\n<ul>\n<li>Ankunftsquartiere als Integrationsmotor? Die Analyse von Diversit\u00e4t und sozial-r\u00e4umlicher Teilhabe mithilfe qualitativer Interviews (Seminar), SoSe 2024<\/li>\n<li>Soziale Spaltung in der Stadt? Segregationsdynamiken in Quartier und Schule (Seminar), SoSe2023<\/li>\n<li>Offen f\u00fcr neue Ideen: Strategien f\u00fcr Bezahlbares Wohnen \u2013 das Beispiel Helsinki (Projektseminar; Szypulski, Anja; gemeinsam mit Gliemann, Katrin; Ramos Lobato, Isabel), WiSe 2023\/24, SoSe 2024<\/li>\n<\/ul>\n<p>University of Helsinki, Department of Education, Master\u2019s Programme in Changing Education<\/p>\n<ul>\n<li>Segregation dynamics in urban neighbourhoods and schools (Gastvorlesung im Seminar \u201eCritical Questions in Urban Education\u201c), WiSe 2022\/2023<\/li>\n<\/ul>\n<p>University of Helsinki, Department of Geosciences and Geography, Master\u2019s Programme in Geography &amp; Master\u2019s Programme in Urban Studies and Planning (USP) (zusammen mit Aalto University)<\/p>\n<ul>\n<li>Segregation dynamics in urban neighbourhoods and schools (Gastvorlesung im Seminar \u201eCritical Questions in Urban Education\u201c), WiSe 2022\/2023<\/li>\n<li>Geographies of segregation, education, and social mixing (Seminar), SoSe 2022<\/li>\n<li>Urban change and education from a European perspective: Shared dynamics across different national and urban contexts? (Gastvorlesung im Seminar \u201eSchools, education and advances urban population dynamics\u201c), SoSe 2021; SoSe2020<\/li>\n<li>Parental choice and school segregation (Gastvorlesung im Seminar \u201eChildren\u2019s Geographies\u201c), WiSe2020\/2021<\/li>\n<\/ul>\n<\/div><\/div><\/div><\/div><\/div><div class=\"fusion-separator fusion-full-width-sep\" style=\"align-self: center;margin-left: auto;margin-right: auto;margin-top:15px;margin-bottom:15px;width:100%;\"><\/div><div class=\"accordian fusion-accordian lehrtaetigkeiten\" style=\"--awb-border-size:1px;--awb-icon-size:16px;--awb-content-font-size:16px;--awb-icon-alignment:left;--awb-hover-color:#f9f9f9;--awb-border-color:#cccccc;--awb-background-color:#ffffff;--awb-divider-color:#e0dede;--awb-divider-hover-color:#e0dede;--awb-icon-color:#ffffff;--awb-title-color:#ff9900;--awb-content-color:#333333;--awb-icon-box-color:var(--awb-color7);--awb-toggle-hover-accent-color:var(--awb-custom10);--awb-title-font-family:&quot;Source Sans 3&quot;;--awb-title-font-weight:400;--awb-title-font-style:normal;--awb-title-font-size:16px;--awb-title-line-height:1.5;--awb-content-font-family:&quot;Source Sans 3&quot;;--awb-content-font-style:normal;--awb-content-font-weight:400;\"><div class=\"panel-group fusion-toggle-icon-boxed\" id=\"accordion-29386-4\"><div class=\"fusion-panel panel-default panel-147522eee4a6f27cd fusion-toggle-has-divider\" style=\"--awb-title-color:#ff9900;--awb-content-color:#333333;\"><div class=\"panel-heading\"><h4 class=\"panel-title toggle\" id=\"toggle_147522eee4a6f27cd\"><a aria-expanded=\"false\" aria-controls=\"147522eee4a6f27cd\" role=\"button\" data-toggle=\"collapse\" data-parent=\"#accordion-29386-4\" data-target=\"#147522eee4a6f27cd\" href=\"#147522eee4a6f27cd\"><span class=\"fusion-toggle-icon-wrapper\" aria-hidden=\"true\"><i class=\"fa-fusion-box active-icon awb-icon-minus\" aria-hidden=\"true\"><\/i><i class=\"fa-fusion-box inactive-icon awb-icon-plus\" aria-hidden=\"true\"><\/i><\/span><span class=\"fusion-toggle-heading\">Academic functions \/ external advice \/ jury memberships<\/span><\/a><\/h4><\/div><div id=\"147522eee4a6f27cd\" class=\"panel-collapse collapse \" aria-labelledby=\"toggle_147522eee4a6f27cd\"><div class=\"panel-body toggle-content fusion-clearfix\">\n<ul>\n<li>Member of the working group \u201eGeographische Migrationsforschung\u201d of the DGfG \u2013 Deutsche Gesellschaft f\u00fcr Geographie<\/li>\n<\/ul>\n<p>&nbsp;<\/p>\n<ul>\n<li>Member of the Senior Editorial Board of \u201cThe Journal Undergraduate Ethnography\u201d<\/li>\n<\/ul>\n<p>&nbsp;<\/p>\n<ul>\n<li style=\"list-style-type: none;\">\n<ul>\n<li>Gutachterin f\u00fcr folgende Fachzeitschriften\n<ul>\n<li>Education Inquiry<\/li>\n<li>Intersections. East European Journal of Society and Politics<\/li>\n<li>Tijdschrift voor Economische en Sociale Geografie<\/li>\n<li>The Journal for Undergraduate Ethnography<\/li>\n<\/ul>\n<p>&nbsp;<\/li>\n<\/ul>\n<\/li>\n<\/ul>\n<p>&nbsp;<\/p>\n<\/div><\/div><\/div><\/div><\/div><\/div><\/div><\/div><\/div>\n","protected":false},"excerpt":{"rendered":"","protected":false},"author":14,"featured_media":29962,"parent":452,"menu_order":0,"comment_status":"closed","ping_status":"closed","template":"","meta":{"footnotes":""},"class_list":["post-29386","page","type-page","status-publish","has-post-thumbnail","hentry"],"yoast_head":"<!-- This site is optimized with the Yoast SEO plugin v27.1.1 - https:\/\/yoast.com\/product\/yoast-seo-wordpress\/ -->\n<title>Dr. Isabel Ramos Lobato, Dipl-Geogr. - ILS - Institut f\u00fcr Landes- und Stadtentwicklungsforschung<\/title>\n<meta name=\"robots\" content=\"index, follow, max-snippet:-1, max-image-preview:large, max-video-preview:-1\" \/>\n<link rel=\"canonical\" href=\"https:\/\/www.ils-forschung.de\/en\/the-ils\/ils-staff\/ramos-lobato-isabel\/\" \/>\n<meta property=\"og:locale\" content=\"en_US\" \/>\n<meta property=\"og:type\" content=\"article\" \/>\n<meta property=\"og:title\" content=\"Dr. Isabel Ramos Lobato, Dipl-Geogr. - ILS - Institut f\u00fcr Landes- und Stadtentwicklungsforschung\" \/>\n<meta property=\"og:url\" content=\"https:\/\/www.ils-forschung.de\/en\/the-ils\/ils-staff\/ramos-lobato-isabel\/\" \/>\n<meta property=\"og:site_name\" content=\"ILS - Institut f\u00fcr Landes- und Stadtentwicklungsforschung\" \/>\n<meta property=\"article:modified_time\" content=\"2026-02-13T16:04:15+00:00\" \/>\n<meta name=\"twitter:card\" content=\"summary_large_image\" \/>\n<meta name=\"twitter:site\" content=\"@ILS_forschung\" \/>\n<meta name=\"twitter:label1\" content=\"Est. reading time\" \/>\n\t<meta name=\"twitter:data1\" content=\"20 minutes\" \/>\n<script type=\"application\/ld+json\" class=\"yoast-schema-graph\">{\"@context\":\"https:\/\/schema.org\",\"@graph\":[{\"@type\":\"WebPage\",\"@id\":\"https:\/\/www.ils-forschung.de\/en\/the-ils\/ils-staff\/ramos-lobato-isabel\/\",\"url\":\"https:\/\/www.ils-forschung.de\/en\/the-ils\/ils-staff\/ramos-lobato-isabel\/\",\"name\":\"Dr. Isabel Ramos Lobato, Dipl-Geogr. - ILS - Institut f\u00fcr Landes- und Stadtentwicklungsforschung\",\"isPartOf\":{\"@id\":\"https:\/\/www.ils-forschung.de\/en\/#website\"},\"primaryImageOfPage\":{\"@id\":\"https:\/\/www.ils-forschung.de\/en\/the-ils\/ils-staff\/ramos-lobato-isabel\/#primaryimage\"},\"image\":{\"@id\":\"https:\/\/www.ils-forschung.de\/en\/the-ils\/ils-staff\/ramos-lobato-isabel\/#primaryimage\"},\"thumbnailUrl\":\"https:\/\/www.ils-forschung.de\/wp-content\/uploads\/2023\/04\/ils-social-share-logo.jpg\",\"datePublished\":\"2023-03-23T11:59:17+00:00\",\"dateModified\":\"2026-02-13T16:04:15+00:00\",\"breadcrumb\":{\"@id\":\"https:\/\/www.ils-forschung.de\/en\/the-ils\/ils-staff\/ramos-lobato-isabel\/#breadcrumb\"},\"inLanguage\":\"en-US\",\"potentialAction\":[{\"@type\":\"ReadAction\",\"target\":[\"https:\/\/www.ils-forschung.de\/en\/the-ils\/ils-staff\/ramos-lobato-isabel\/\"]}]},{\"@type\":\"ImageObject\",\"inLanguage\":\"en-US\",\"@id\":\"https:\/\/www.ils-forschung.de\/en\/the-ils\/ils-staff\/ramos-lobato-isabel\/#primaryimage\",\"url\":\"https:\/\/www.ils-forschung.de\/wp-content\/uploads\/2023\/04\/ils-social-share-logo.jpg\",\"contentUrl\":\"https:\/\/www.ils-forschung.de\/wp-content\/uploads\/2023\/04\/ils-social-share-logo.jpg\",\"width\":1200,\"height\":630},{\"@type\":\"BreadcrumbList\",\"@id\":\"https:\/\/www.ils-forschung.de\/en\/the-ils\/ils-staff\/ramos-lobato-isabel\/#breadcrumb\",\"itemListElement\":[{\"@type\":\"ListItem\",\"position\":1,\"name\":\"Home\",\"item\":\"https:\/\/www.ils-forschung.de\/en\/\"},{\"@type\":\"ListItem\",\"position\":2,\"name\":\"The ILS\",\"item\":\"https:\/\/www.ils-forschung.de\/en\/the-ils\/\"},{\"@type\":\"ListItem\",\"position\":3,\"name\":\"ILS staff\",\"item\":\"https:\/\/www.ils-forschung.de\/en\/the-ils\/ils-staff\/\"},{\"@type\":\"ListItem\",\"position\":4,\"name\":\"Dr. Isabel Ramos Lobato, Dipl-Geogr.\"}]},{\"@type\":\"WebSite\",\"@id\":\"https:\/\/www.ils-forschung.de\/en\/#website\",\"url\":\"https:\/\/www.ils-forschung.de\/en\/\",\"name\":\"ILS - Institut f\u00fcr Landes- und Stadtentwicklungsforschung\",\"description\":\"Das ILS \u2013 Institut f\u00fcr Landes- und Stadtentwicklungsforschung ist ein raumwissenschaftliches au\u00dferuniversit\u00e4res Forschungsinstitut mit Sitz in Dortmund.\",\"potentialAction\":[{\"@type\":\"SearchAction\",\"target\":{\"@type\":\"EntryPoint\",\"urlTemplate\":\"https:\/\/www.ils-forschung.de\/en\/?s={search_term_string}\"},\"query-input\":{\"@type\":\"PropertyValueSpecification\",\"valueRequired\":true,\"valueName\":\"search_term_string\"}}],\"inLanguage\":\"en-US\"}]}<\/script>\n<!-- \/ Yoast SEO plugin. -->","yoast_head_json":{"title":"Dr. Isabel Ramos Lobato, Dipl-Geogr. - ILS - Institut f\u00fcr Landes- und Stadtentwicklungsforschung","robots":{"index":"index","follow":"follow","max-snippet":"max-snippet:-1","max-image-preview":"max-image-preview:large","max-video-preview":"max-video-preview:-1"},"canonical":"https:\/\/www.ils-forschung.de\/en\/the-ils\/ils-staff\/ramos-lobato-isabel\/","og_locale":"en_US","og_type":"article","og_title":"Dr. Isabel Ramos Lobato, Dipl-Geogr. - ILS - Institut f\u00fcr Landes- und Stadtentwicklungsforschung","og_url":"https:\/\/www.ils-forschung.de\/en\/the-ils\/ils-staff\/ramos-lobato-isabel\/","og_site_name":"ILS - Institut f\u00fcr Landes- und Stadtentwicklungsforschung","article_modified_time":"2026-02-13T16:04:15+00:00","twitter_card":"summary_large_image","twitter_site":"@ILS_forschung","twitter_misc":{"Est. reading time":"20 minutes"},"schema":{"@context":"https:\/\/schema.org","@graph":[{"@type":"WebPage","@id":"https:\/\/www.ils-forschung.de\/en\/the-ils\/ils-staff\/ramos-lobato-isabel\/","url":"https:\/\/www.ils-forschung.de\/en\/the-ils\/ils-staff\/ramos-lobato-isabel\/","name":"Dr. Isabel Ramos Lobato, Dipl-Geogr. - ILS - Institut f\u00fcr Landes- und Stadtentwicklungsforschung","isPartOf":{"@id":"https:\/\/www.ils-forschung.de\/en\/#website"},"primaryImageOfPage":{"@id":"https:\/\/www.ils-forschung.de\/en\/the-ils\/ils-staff\/ramos-lobato-isabel\/#primaryimage"},"image":{"@id":"https:\/\/www.ils-forschung.de\/en\/the-ils\/ils-staff\/ramos-lobato-isabel\/#primaryimage"},"thumbnailUrl":"https:\/\/www.ils-forschung.de\/wp-content\/uploads\/2023\/04\/ils-social-share-logo.jpg","datePublished":"2023-03-23T11:59:17+00:00","dateModified":"2026-02-13T16:04:15+00:00","breadcrumb":{"@id":"https:\/\/www.ils-forschung.de\/en\/the-ils\/ils-staff\/ramos-lobato-isabel\/#breadcrumb"},"inLanguage":"en-US","potentialAction":[{"@type":"ReadAction","target":["https:\/\/www.ils-forschung.de\/en\/the-ils\/ils-staff\/ramos-lobato-isabel\/"]}]},{"@type":"ImageObject","inLanguage":"en-US","@id":"https:\/\/www.ils-forschung.de\/en\/the-ils\/ils-staff\/ramos-lobato-isabel\/#primaryimage","url":"https:\/\/www.ils-forschung.de\/wp-content\/uploads\/2023\/04\/ils-social-share-logo.jpg","contentUrl":"https:\/\/www.ils-forschung.de\/wp-content\/uploads\/2023\/04\/ils-social-share-logo.jpg","width":1200,"height":630},{"@type":"BreadcrumbList","@id":"https:\/\/www.ils-forschung.de\/en\/the-ils\/ils-staff\/ramos-lobato-isabel\/#breadcrumb","itemListElement":[{"@type":"ListItem","position":1,"name":"Home","item":"https:\/\/www.ils-forschung.de\/en\/"},{"@type":"ListItem","position":2,"name":"The ILS","item":"https:\/\/www.ils-forschung.de\/en\/the-ils\/"},{"@type":"ListItem","position":3,"name":"ILS staff","item":"https:\/\/www.ils-forschung.de\/en\/the-ils\/ils-staff\/"},{"@type":"ListItem","position":4,"name":"Dr. Isabel Ramos Lobato, Dipl-Geogr."}]},{"@type":"WebSite","@id":"https:\/\/www.ils-forschung.de\/en\/#website","url":"https:\/\/www.ils-forschung.de\/en\/","name":"ILS - Institut f\u00fcr Landes- und Stadtentwicklungsforschung","description":"Das ILS \u2013 Institut f\u00fcr Landes- und Stadtentwicklungsforschung ist ein raumwissenschaftliches au\u00dferuniversit\u00e4res Forschungsinstitut mit Sitz in Dortmund.","potentialAction":[{"@type":"SearchAction","target":{"@type":"EntryPoint","urlTemplate":"https:\/\/www.ils-forschung.de\/en\/?s={search_term_string}"},"query-input":{"@type":"PropertyValueSpecification","valueRequired":true,"valueName":"search_term_string"}}],"inLanguage":"en-US"}]}},"_links":{"self":[{"href":"https:\/\/www.ils-forschung.de\/en\/wp-json\/wp\/v2\/pages\/29386","targetHints":{"allow":["GET"]}}],"collection":[{"href":"https:\/\/www.ils-forschung.de\/en\/wp-json\/wp\/v2\/pages"}],"about":[{"href":"https:\/\/www.ils-forschung.de\/en\/wp-json\/wp\/v2\/types\/page"}],"author":[{"embeddable":true,"href":"https:\/\/www.ils-forschung.de\/en\/wp-json\/wp\/v2\/users\/14"}],"replies":[{"embeddable":true,"href":"https:\/\/www.ils-forschung.de\/en\/wp-json\/wp\/v2\/comments?post=29386"}],"version-history":[{"count":30,"href":"https:\/\/www.ils-forschung.de\/en\/wp-json\/wp\/v2\/pages\/29386\/revisions"}],"predecessor-version":[{"id":55536,"href":"https:\/\/www.ils-forschung.de\/en\/wp-json\/wp\/v2\/pages\/29386\/revisions\/55536"}],"up":[{"embeddable":true,"href":"https:\/\/www.ils-forschung.de\/en\/wp-json\/wp\/v2\/pages\/452"}],"wp:featuredmedia":[{"embeddable":true,"href":"https:\/\/www.ils-forschung.de\/en\/wp-json\/wp\/v2\/media\/29962"}],"wp:attachment":[{"href":"https:\/\/www.ils-forschung.de\/en\/wp-json\/wp\/v2\/media?parent=29386"}],"curies":[{"name":"wp","href":"https:\/\/api.w.org\/{rel}","templated":true}]}}