{"id":13580,"date":"2021-05-18T10:45:01","date_gmt":"2021-05-18T08:45:01","guid":{"rendered":"https:\/\/www.ils-forschung.de\/professional-publications\/teaching\/"},"modified":"2026-04-28T11:33:44","modified_gmt":"2026-04-28T09:33:44","slug":"teaching","status":"publish","type":"page","link":"https:\/\/www.ils-forschung.de\/en\/professional-publications\/teaching\/","title":{"rendered":"Teaching"},"content":{"rendered":"<div class=\"fusion-fullwidth fullwidth-box fusion-builder-row-1 fusion-flex-container nonhundred-percent-fullwidth non-hundred-percent-height-scrolling\" style=\"--awb-border-radius-top-left:0px;--awb-border-radius-top-right:0px;--awb-border-radius-bottom-right:0px;--awb-border-radius-bottom-left:0px;--awb-flex-wrap:wrap;\" ><div class=\"fusion-builder-row fusion-row fusion-flex-align-items-flex-start fusion-flex-content-wrap\" style=\"max-width:1144px;margin-left: calc(-4% \/ 2 );margin-right: calc(-4% \/ 2 );\"><div class=\"fusion-layout-column fusion_builder_column fusion-builder-column-0 fusion_builder_column_1_1 1_1 fusion-flex-column\" style=\"--awb-bg-size:cover;--awb-width-large:100%;--awb-margin-top-large:0px;--awb-spacing-right-large:1.92%;--awb-margin-bottom-large:20px;--awb-spacing-left-large:1.92%;--awb-width-medium:100%;--awb-order-medium:0;--awb-spacing-right-medium:1.92%;--awb-spacing-left-medium:1.92%;--awb-width-small:100%;--awb-order-small:0;--awb-spacing-right-small:1.92%;--awb-spacing-left-small:1.92%;\"><div class=\"fusion-column-wrapper fusion-column-has-shadow fusion-flex-justify-content-flex-start fusion-content-layout-column\"><div class=\"fusion-builder-row fusion-builder-row-inner fusion-row fusion-flex-align-items-flex-start fusion-flex-content-wrap\" style=\"width:104% !important;max-width:104% !important;margin-left: calc(-4% \/ 2 );margin-right: calc(-4% \/ 2 );\"><div class=\"fusion-layout-column fusion_builder_column_inner fusion-builder-nested-column-0 fusion_builder_column_inner_1_4 1_4 fusion-flex-column\" style=\"--awb-bg-size:cover;--awb-width-large:25%;--awb-margin-top-large:0px;--awb-spacing-right-large:7.68%;--awb-margin-bottom-large:20px;--awb-spacing-left-large:7.68%;--awb-width-medium:100%;--awb-order-medium:0;--awb-spacing-right-medium:1.92%;--awb-spacing-left-medium:1.92%;--awb-width-small:100%;--awb-order-small:0;--awb-spacing-right-small:1.92%;--awb-spacing-left-small:1.92%;\"><div class=\"fusion-column-wrapper fusion-column-has-shadow fusion-flex-justify-content-flex-start fusion-content-layout-column\"><div ><a class=\"fusion-button button-flat button-medium button-custom fusion-button-default button-1 fusion-button-span-yes fusion-button-default-type\" style=\"--button_accent_color:#000000;--button_accent_hover_color:#ffffff;--button_border_hover_color:#ffffff;--button_gradient_top_color:#e5e5e5;--button_gradient_bottom_color:#e5e5e5;--button_gradient_top_color_hover:var(--awb-color7);--button_gradient_bottom_color_hover:var(--awb-color7);--button_text_transform:none;\" target=\"_self\" href=\"https:\/\/www.ils-forschung.de\/en\/professional-publications\/publications\/\"><span class=\"fusion-button-text awb-button__text awb-button__text--default\">Publications<\/span><\/a><\/div><\/div><\/div><div class=\"fusion-layout-column fusion_builder_column_inner fusion-builder-nested-column-1 fusion_builder_column_inner_1_4 1_4 fusion-flex-column\" style=\"--awb-bg-size:cover;--awb-width-large:25%;--awb-margin-top-large:0px;--awb-spacing-right-large:7.68%;--awb-margin-bottom-large:20px;--awb-spacing-left-large:7.68%;--awb-width-medium:100%;--awb-order-medium:0;--awb-spacing-right-medium:1.92%;--awb-spacing-left-medium:1.92%;--awb-width-small:100%;--awb-order-small:0;--awb-spacing-right-small:1.92%;--awb-spacing-left-small:1.92%;\"><div class=\"fusion-column-wrapper fusion-column-has-shadow fusion-flex-justify-content-flex-start fusion-content-layout-column\"><div ><a class=\"fusion-button button-flat button-medium button-custom fusion-button-default button-2 fusion-button-span-yes fusion-button-default-type\" style=\"--button_accent_color:#000000;--button_accent_hover_color:#ffffff;--button_border_hover_color:#ffffff;--button_gradient_top_color:#e5e5e5;--button_gradient_bottom_color:#e5e5e5;--button_gradient_top_color_hover:var(--awb-color7);--button_gradient_bottom_color_hover:var(--awb-color7);--button_text_transform:none;\" target=\"_self\" href=\"https:\/\/www.ils-forschung.de\/en\/professional-publications\/presentations\/\"><span class=\"fusion-button-text awb-button__text awb-button__text--default\">Presentations<\/span><\/a><\/div><\/div><\/div><div class=\"fusion-layout-column fusion_builder_column_inner fusion-builder-nested-column-2 fusion_builder_column_inner_1_4 1_4 fusion-flex-column\" style=\"--awb-bg-size:cover;--awb-width-large:25%;--awb-margin-top-large:0px;--awb-spacing-right-large:7.68%;--awb-margin-bottom-large:20px;--awb-spacing-left-large:7.68%;--awb-width-medium:100%;--awb-order-medium:0;--awb-spacing-right-medium:1.92%;--awb-spacing-left-medium:1.92%;--awb-width-small:100%;--awb-order-small:0;--awb-spacing-right-small:1.92%;--awb-spacing-left-small:1.92%;\"><div class=\"fusion-column-wrapper fusion-column-has-shadow fusion-flex-justify-content-flex-start fusion-content-layout-column\"><div style=\"text-align:center;\"><a class=\"fusion-button button-flat button-medium button-default fusion-button-default button-3 fusion-button-span-yes fusion-button-default-type\" style=\"--button_text_transform:none;\" target=\"_self\" href=\"https:\/\/www.ils-forschung.de\/en\/professional-publications\/teaching\/\"><span class=\"fusion-button-text awb-button__text awb-button__text--default\">Teaching<\/span><\/a><\/div><\/div><\/div><div class=\"fusion-layout-column fusion_builder_column_inner fusion-builder-nested-column-3 fusion_builder_column_inner_1_4 1_4 fusion-flex-column\" style=\"--awb-bg-size:cover;--awb-width-large:25%;--awb-margin-top-large:0px;--awb-spacing-right-large:7.68%;--awb-margin-bottom-large:20px;--awb-spacing-left-large:7.68%;--awb-width-medium:100%;--awb-order-medium:0;--awb-spacing-right-medium:1.92%;--awb-spacing-left-medium:1.92%;--awb-width-small:100%;--awb-order-small:0;--awb-spacing-right-small:1.92%;--awb-spacing-left-small:1.92%;\"><div class=\"fusion-column-wrapper fusion-column-has-shadow fusion-flex-justify-content-flex-start fusion-content-layout-column\"><div ><a class=\"fusion-button button-flat button-medium button-custom fusion-button-default button-4 fusion-button-span-yes fusion-button-default-type\" style=\"--button_accent_color:#000000;--button_accent_hover_color:#ffffff;--button_border_hover_color:#ffffff;--button_gradient_top_color:#e5e5e5;--button_gradient_bottom_color:#e5e5e5;--button_gradient_top_color_hover:var(--awb-color7);--button_gradient_bottom_color_hover:var(--awb-color7);--button_text_transform:none;\" target=\"_self\" href=\"https:\/\/www.ils-forschung.de\/en\/professional-publications\/academic-functions\/\"><span class=\"fusion-button-text awb-button__text awb-button__text--default\">Academic Functions<\/span><\/a><\/div><\/div><\/div><\/div><div class=\"accordian fusion-accordian\" style=\"--awb-border-size:1px;--awb-icon-size:16px;--awb-content-font-size:16px;--awb-icon-alignment:left;--awb-hover-color:#f9f9f9;--awb-border-color:#cccccc;--awb-background-color:#ffffff;--awb-divider-color:#e0dede;--awb-divider-hover-color:#e0dede;--awb-icon-color:#ffffff;--awb-title-color:#000000;--awb-content-color:#000000;--awb-icon-box-color:var(--awb-color7);--awb-toggle-hover-accent-color:var(--awb-custom10);--awb-title-font-family:&quot;Source Sans 3&quot;;--awb-title-font-weight:400;--awb-title-font-style:normal;--awb-title-font-size:16px;--awb-title-line-height:1.5;--awb-content-font-family:&quot;Source Sans 3&quot;;--awb-content-font-style:normal;--awb-content-font-weight:400;\"><div class=\"panel-group fusion-toggle-icon-boxed\" id=\"accordion-13580-1\"><div class=\"fusion-panel panel-default panel-3184e8c600fe4aca7 fusion-toggle-has-divider\" style=\"--awb-title-color:#000000;--awb-content-color:#000000;\"><div class=\"panel-heading\"><h4 class=\"panel-title toggle\" id=\"toggle_3184e8c600fe4aca7\"><a aria-expanded=\"false\" aria-controls=\"3184e8c600fe4aca7\" role=\"button\" data-toggle=\"collapse\" data-parent=\"#accordion-13580-1\" data-target=\"#3184e8c600fe4aca7\" href=\"#3184e8c600fe4aca7\"><span class=\"fusion-toggle-icon-wrapper\" aria-hidden=\"true\"><i class=\"fa-fusion-box active-icon awb-icon-minus\" aria-hidden=\"true\"><\/i><i class=\"fa-fusion-box inactive-icon awb-icon-plus\" aria-hidden=\"true\"><\/i><\/span><span class=\"fusion-toggle-heading\">Albrecht, Janna (Dr.-Ing.)<\/span><\/a><\/h4><\/div><div id=\"3184e8c600fe4aca7\" class=\"panel-collapse collapse \" aria-labelledby=\"toggle_3184e8c600fe4aca7\"><div class=\"panel-body toggle-content fusion-clearfix\">\n<ul>\n<li>Was zeichnet ein gutes Verkehrssystem aus? Bestandsanalyse der Stadt Dortmund im Vergleich mit anderen St\u00e4dten (Bachelor-Projekt, gemeinsam mit Steinberg, Gernot), WiSe 2016\/2017; SoSe 2017<\/li>\n<\/ul>\n<ul>\n<li>Akzeptanz von restriktiven Ma\u00dfnahmen im Pkw-Verkehr (Bachelor-Projekt, gemeinsam mit Reichert, Alexander; Lamker, Christian), WiSe 2017\/2018<\/li>\n<\/ul>\n<\/div><\/div><\/div><div class=\"fusion-panel panel-default panel-972312eae74e88a8e fusion-toggle-has-divider\"><div class=\"panel-heading\"><h4 class=\"panel-title toggle\" id=\"toggle_972312eae74e88a8e\"><a aria-expanded=\"false\" aria-controls=\"972312eae74e88a8e\" role=\"button\" data-toggle=\"collapse\" data-parent=\"#accordion-13580-1\" data-target=\"#972312eae74e88a8e\" href=\"#972312eae74e88a8e\"><span class=\"fusion-toggle-icon-wrapper\" aria-hidden=\"true\"><i class=\"fa-fusion-box active-icon awb-icon-minus\" aria-hidden=\"true\"><\/i><i class=\"fa-fusion-box inactive-icon awb-icon-plus\" aria-hidden=\"true\"><\/i><\/span><span class=\"fusion-toggle-heading\">Conrad, Kerstin (Dr.-Ing.)<\/span><\/a><\/h4><\/div><div id=\"972312eae74e88a8e\" class=\"panel-collapse collapse \" aria-labelledby=\"toggle_972312eae74e88a8e\"><div class=\"panel-body toggle-content fusion-clearfix\">\n<p><strong>Hochschule Gesundheit Bochum<\/strong><br \/>\n(in Kooperation mit TU Dortmund, Ruhr-Universit\u00e4t Bochum, Universit\u00e4t Duisburg-Essen, Landeszentrum f\u00fcr Gesundheit, Evangelische Hochschule Rheinland-Westfalen-Lippe, Hochschule Bochum, Medecon Ruhr und ILS \u2013 Institut f\u00fcr Landes- und Stadtentwicklungsforschung)<\/p>\n<ul>\n<li><a href=\"https:\/\/urbanhealth-digispace.de\/walkability-menschen-in-bewegung-bringen\/\">Walkability: Menschen in Bewegung bringen<\/a> (Seminar im Rahmen des Urban Health digiSpace; gemeinsam mit Fina, Stefan; Gerten, Christian; Schmitz, Julian; van der Vlugt, Anna-Lena; Welsch, Janina), WiSe 2021\/2022<\/li>\n<\/ul>\n<\/div><\/div><\/div><div class=\"fusion-panel panel-default panel-3f52eb97bee5fe443 fusion-toggle-has-divider\" style=\"--awb-title-color:#000000;--awb-content-color:#000000;\"><div class=\"panel-heading\"><h4 class=\"panel-title toggle\" id=\"toggle_3f52eb97bee5fe443\"><a aria-expanded=\"false\" aria-controls=\"3f52eb97bee5fe443\" role=\"button\" data-toggle=\"collapse\" data-parent=\"#accordion-13580-1\" data-target=\"#3f52eb97bee5fe443\" href=\"#3f52eb97bee5fe443\"><span class=\"fusion-toggle-icon-wrapper\" aria-hidden=\"true\"><i class=\"fa-fusion-box active-icon awb-icon-minus\" aria-hidden=\"true\"><\/i><i class=\"fa-fusion-box inactive-icon awb-icon-plus\" aria-hidden=\"true\"><\/i><\/span><span class=\"fusion-toggle-heading\">Cozzolino, Stefano (Dr.)<\/span><\/a><\/h4><\/div><div id=\"3f52eb97bee5fe443\" class=\"panel-collapse collapse \" aria-labelledby=\"toggle_3f52eb97bee5fe443\"><div class=\"panel-body toggle-content fusion-clearfix\">RWTH Aachen, Fakult\u00e4t f\u00fcr Architektur<\/p>\n<ul>\n<li>Unfolding city complexity (Seminar), SoSe 2020, SoSe 2021, SoSe 2022, SoSe 2023, SoSe 2024, SoSe 2025<\/li>\n<li>Complex cities, self-organization and planning (Seminar), WiSe 2019\/2020, WiSe 2020\/2021, WiSe 2021\/2022, WiSe 2022\/2023, WiSe 2023\/2024, WiSe 2024\/2025, WiSe 2025\/2026<\/li>\n<li>Neapolitan Complexity: the Everyday Life of a UNESCO World Heritage Site (Exkursion und Workshop), SoSe 2023<\/li>\n<li>Flexible Cities and Design for Adaptive Neighbourhoods (Seminar), SoSe 2019<\/li>\n<\/ul>\n<p>Lehrauftrag an der University of Groningen, Niederlande<\/p>\n<ul>\n<li>Design Standards and Conditions (Seminar), SoSe 2018<\/li>\n<\/ul>\n<p>Lehrauftrag an der Universit\u00e4t Polis of Tirana, Albanien<\/p>\n<ul>\n<li>Emergent urbanism between formality and informality (Workshop im Rahmen der Tirana Design Week; gemeinsam mit Kacani, Artan), SoSe 2021<\/li>\n<\/ul>\n<p>Lehrkraft an der Politecnico di Milano, Italien<\/p>\n<ul>\n<li>Land-use Ethics and the Law, 2012\u20132017<\/li>\n<\/ul>\n<\/div><\/div><\/div><div class=\"fusion-panel panel-default panel-d94d067992be5aae4 fusion-toggle-has-divider\" style=\"--awb-title-color:#000000;--awb-content-color:#000000;\"><div class=\"panel-heading\"><h4 class=\"panel-title toggle\" id=\"toggle_d94d067992be5aae4\"><a aria-expanded=\"false\" aria-controls=\"d94d067992be5aae4\" role=\"button\" data-toggle=\"collapse\" data-parent=\"#accordion-13580-1\" data-target=\"#d94d067992be5aae4\" href=\"#d94d067992be5aae4\"><span class=\"fusion-toggle-icon-wrapper\" aria-hidden=\"true\"><i class=\"fa-fusion-box active-icon awb-icon-minus\" aria-hidden=\"true\"><\/i><i class=\"fa-fusion-box inactive-icon awb-icon-plus\" aria-hidden=\"true\"><\/i><\/span><span class=\"fusion-toggle-heading\">Dittrich-Wesbuer, Andrea (Dr.-Ing.)<\/span><\/a><\/h4><\/div><div id=\"d94d067992be5aae4\" class=\"panel-collapse collapse \" aria-labelledby=\"toggle_d94d067992be5aae4\"><div class=\"panel-body toggle-content fusion-clearfix\">\n<p>Lehrauftrag an der Ruhr-Universit\u00e4t Bochum, Fakult\u00e4t f\u00fcr Geowissenschaften<\/p>\n<ul>\n<li>Wanderungs- und Wohnstandortentscheidungen von Haushalten: Datenanalysen und Motivuntersuchungen (Seminar), WiSe 2015\/2016<\/li>\n<\/ul>\n<p>Lehrauftrag an der Westf\u00e4lischen Wilhelms-Universit\u00e4t M\u00fcnster, Institut f\u00fcr Geographie, Modul Graduate School Society, Space, Power and Planning)<\/p>\n<ul>\n<li>Multilokalit\u00e4t und Transnationalit\u00e4t in der Stadtentwicklung (Seminar), WiSe 2016\/2017<\/li>\n<\/ul>\n<ul>\n<li>Demografischer Wandel und r\u00e4umliche Mobilit\u00e4t (Seminar), WiSe 2015\/2016<\/li>\n<\/ul>\n<\/div><\/div><\/div><div class=\"fusion-panel panel-default panel-eeadaef77c4ccbba7 fusion-toggle-has-divider\" style=\"--awb-title-color:#ff9900;--awb-content-color:#333333;\"><div class=\"panel-heading\"><h4 class=\"panel-title toggle\" id=\"toggle_eeadaef77c4ccbba7\"><a aria-expanded=\"false\" aria-controls=\"eeadaef77c4ccbba7\" role=\"button\" data-toggle=\"collapse\" data-parent=\"#accordion-13580-1\" data-target=\"#eeadaef77c4ccbba7\" href=\"#eeadaef77c4ccbba7\"><span class=\"fusion-toggle-icon-wrapper\" aria-hidden=\"true\"><i class=\"fa-fusion-box active-icon awb-icon-minus\" aria-hidden=\"true\"><\/i><i class=\"fa-fusion-box inactive-icon awb-icon-plus\" aria-hidden=\"true\"><\/i><\/span><span class=\"fusion-toggle-heading\">Fischer, Lea (Dr.-Ing.)<\/span><\/a><\/h4><\/div><div id=\"eeadaef77c4ccbba7\" class=\"panel-collapse collapse \" aria-labelledby=\"toggle_eeadaef77c4ccbba7\"><div class=\"panel-body toggle-content fusion-clearfix\">Lehrauftrag am ISB \u2013 Institut f\u00fcr St\u00e4dtebau Berlin, Interdisziplin\u00e4res Fachforum f\u00fcr das technische Referendariat in der Fachrichtung St\u00e4dtebau, Vermessung und Landespflege<\/p>\n<ul>\n<li>Reflexion und Diskussion von Prozessen des Verwaltungshandelns (Seminar, gemeinsam mit Markscheffel, Florian), WiSe 2025\/2026<\/li>\n<\/ul>\n<p>Lehrauftrag an der Technischen Universit\u00e4t Dortmund, Fakult\u00e4t Raumplanung<\/p>\n<ul>\n<li>Obdachlosigkeit in Dortmund (Projektberatung, gemeinsam mit Platzek, Tom), WiSe 2024\/2025, SoSe 2025<\/li>\n<\/ul>\n<p>Lehrauftrag an der Technischen Universit\u00e4t Dortmund, Fakult\u00e4t Humanwissenschaften und Theologie<\/p>\n<ul>\n<li>Politiken der In- und Exklusion in \u00f6ffentlichen R\u00e4umen (Seminar), SoSe 2025<\/li>\n<\/ul>\n<\/div><\/div><\/div><div class=\"fusion-panel panel-default panel-26a05bcde0d45ff97 fusion-toggle-has-divider\" style=\"--awb-title-color:#ff9900;--awb-content-color:#333333;\"><div class=\"panel-heading\"><h4 class=\"panel-title toggle\" id=\"toggle_26a05bcde0d45ff97\"><a aria-expanded=\"false\" aria-controls=\"26a05bcde0d45ff97\" role=\"button\" data-toggle=\"collapse\" data-parent=\"#accordion-13580-1\" data-target=\"#26a05bcde0d45ff97\" href=\"#26a05bcde0d45ff97\"><span class=\"fusion-toggle-icon-wrapper\" aria-hidden=\"true\"><i class=\"fa-fusion-box active-icon awb-icon-minus\" aria-hidden=\"true\"><\/i><i class=\"fa-fusion-box inactive-icon awb-icon-plus\" aria-hidden=\"true\"><\/i><\/span><span class=\"fusion-toggle-heading\">Garde, Lisa (Dr.)<\/span><\/a><\/h4><\/div><div id=\"26a05bcde0d45ff97\" class=\"panel-collapse collapse \" aria-labelledby=\"toggle_26a05bcde0d45ff97\"><div class=\"panel-body toggle-content fusion-clearfix\">\n<p>Lehrauftrag an der TU Dortmund, Fakult\u00e4t Raumplanung<\/p>\n<ul>\n<li>Zweitwohnsitze in peripheren l\u00e4ndlichen Regionen \u2013 Fluch oder Segen? (Studienprojekt; gemeinsam mit Guhl, Annika) WiSe 2021\/2022; SoSe 2022<\/li>\n<li>Segregation durch Alltagsmobilit\u00e4t (Studienprojekt; gemeinsam mit H\u00f6lzel, David), WiSe 2020\/2021; SoSe 2021<\/li>\n<li>Beratung des Studienprojektes \u201eF 11 \u2013 Flughafen Dortmund \u2013 Zukunftschancen und Entwicklungsperspektiven\u201c (gemeinsam mit Vazifedoost, Mehdi) WiSe 2017\/2018; SoSe 2018<\/li>\n<\/ul>\n<\/div><\/div><\/div><div class=\"fusion-panel panel-default panel-fc3d4964aefb15855 fusion-toggle-has-divider\"><div class=\"panel-heading\"><h4 class=\"panel-title toggle\" id=\"toggle_fc3d4964aefb15855\"><a aria-expanded=\"false\" aria-controls=\"fc3d4964aefb15855\" role=\"button\" data-toggle=\"collapse\" data-parent=\"#accordion-13580-1\" data-target=\"#fc3d4964aefb15855\" href=\"#fc3d4964aefb15855\"><span class=\"fusion-toggle-icon-wrapper\" aria-hidden=\"true\"><i class=\"fa-fusion-box active-icon awb-icon-minus\" aria-hidden=\"true\"><\/i><i class=\"fa-fusion-box inactive-icon awb-icon-plus\" aria-hidden=\"true\"><\/i><\/span><span class=\"fusion-toggle-heading\">Gerten, Christian (Dr.-Ing.)<\/span><\/a><\/h4><\/div><div id=\"fc3d4964aefb15855\" class=\"panel-collapse collapse \" aria-labelledby=\"toggle_fc3d4964aefb15855\"><div class=\"panel-body toggle-content fusion-clearfix\">\n<p><strong>Hochschule Gesundheit Bochum<\/strong><br \/>\n(in Kooperation mit TU Dortmund, Ruhr-Universit\u00e4t Bochum, Universit\u00e4t Duisburg-Essen, Landeszentrum f\u00fcr Gesundheit, Evangelische Hochschule Rheinland-Westfalen-Lippe, Hochschule Bochum, Medecon Ruhr und ILS \u2013 Institut f\u00fcr Landes- und Stadtentwicklungsforschung)<\/p>\n<ul>\n<li><a href=\"https:\/\/urbanhealth-digispace.de\/walkability-menschen-in-bewegung-bringen\/\">Walkability: Menschen in Bewegung bringen<\/a> (Seminar im Rahmen des Urban Health digiSpace; gemeinsam mit Conrad, Kerstin; Fina, Stefan; Schmitz, Julian; van der Vlugt, Anna-Lena; Welsch, Janina), WiSe 2021\/2022<\/li>\n<\/ul>\n<\/div><\/div><\/div><div class=\"fusion-panel panel-default panel-33932486c7eb4ce66 fusion-toggle-has-divider\"><div class=\"panel-heading\"><h4 class=\"panel-title toggle\" id=\"toggle_33932486c7eb4ce66\"><a aria-expanded=\"false\" aria-controls=\"33932486c7eb4ce66\" role=\"button\" data-toggle=\"collapse\" data-parent=\"#accordion-13580-1\" data-target=\"#33932486c7eb4ce66\" href=\"#33932486c7eb4ce66\"><span class=\"fusion-toggle-icon-wrapper\" aria-hidden=\"true\"><i class=\"fa-fusion-box active-icon awb-icon-minus\" aria-hidden=\"true\"><\/i><i class=\"fa-fusion-box inactive-icon awb-icon-plus\" aria-hidden=\"true\"><\/i><\/span><span class=\"fusion-toggle-heading\">Groth, S\u00f6ren (Dr.)<\/span><\/a><\/h4><\/div><div id=\"33932486c7eb4ce66\" class=\"panel-collapse collapse \" aria-labelledby=\"toggle_33932486c7eb4ce66\"><div class=\"panel-body toggle-content fusion-clearfix\">Lehrauftrag am Geographischen Institut (GIUB) der Rheinischen Friedrich-Wilhelms-Universit\u00e4t Bonn<\/p>\n<ul>\n<li>Geographische Stadt- und Mobilit\u00e4tsforschung (Seminar), WiSe 2022\/2023<\/li>\n<\/ul>\n<p>Lehrauftrag an der Universit\u00e4t Duisburg-Essen, Fakult\u00e4t f\u00fcr Ingenieurwissenschaften, Institut f\u00fcr Mobilit\u00e4ts- und Stadtplanung<\/p>\n<ul>\n<li>Stadt- und Verkehrsmanagement (Masterseminar; gemeinsam mit Wittowsky Dirk; Aertker, Johannes), SoSe 2024<\/li>\n<li>Stadt- und Verkehrsmanagement (Seminar; gemeinsam mit Wittowsky, Dirk; Kopal, Kerstin), SoSe 2023<\/li>\n<li>Stadt- und Verkehrsmanagement (Seminar; gemeinsam mit Wittowsky, Dirk; Verheyen, Lynn), SoSe 2022<\/li>\n<\/ul>\n<\/div><\/div><\/div><div class=\"fusion-panel panel-default panel-3842e7748729cd3ba fusion-toggle-has-divider\"><div class=\"panel-heading\"><h4 class=\"panel-title toggle\" id=\"toggle_3842e7748729cd3ba\"><a aria-expanded=\"false\" aria-controls=\"3842e7748729cd3ba\" role=\"button\" data-toggle=\"collapse\" data-parent=\"#accordion-13580-1\" data-target=\"#3842e7748729cd3ba\" href=\"#3842e7748729cd3ba\"><span class=\"fusion-toggle-icon-wrapper\" aria-hidden=\"true\"><i class=\"fa-fusion-box active-icon awb-icon-minus\" aria-hidden=\"true\"><\/i><i class=\"fa-fusion-box inactive-icon awb-icon-plus\" aria-hidden=\"true\"><\/i><\/span><span class=\"fusion-toggle-heading\">Hangebruch, Nina<\/span><\/a><\/h4><\/div><div id=\"3842e7748729cd3ba\" class=\"panel-collapse collapse \" aria-labelledby=\"toggle_3842e7748729cd3ba\"><div class=\"panel-body toggle-content fusion-clearfix\">\n<p>Au\u00dferuniversit\u00e4re Lehre an der IHK Projekte Hannover GmbH<\/p>\n<ul>\n<li>Immobilienstandort Innenstadt. Einf\u00fchrung in die innerst\u00e4dtische Immobilienwirtschaft (Modul im Rahmen des Zertifikatslehrgangs IHK-Citymanager\/Quartiersmanager), 02\/2024<\/li>\n<\/ul>\n<ul>\n<li>Basiskenntnisse der innerst\u00e4dtischen Immobilienwirtschaft (Fortbildung\/Zertifikatslehrgang), SoSe 02\/2023<\/li>\n<\/ul>\n<p>TU Dortmund, Fakult\u00e4t Raumplanung<\/p>\n<ul>\n<li>Am besten geb\u00fcndelt. Lieferverkehre reduzieren, neue Potenziale f\u00fcr die Stadtzentren schaf\u00adfen (Master-Seminar), SoSe 2021<\/li>\n<\/ul>\n<ul>\n<li>Eine Fra\u00adge der Mischung. Von monofunktionalen Stadtbausteinen zu multifunktionalen Stadtquartieren (Master-Seminar), WiSe 2020\/2021<\/li>\n<\/ul>\n<ul>\n<li>Umweltbezogene Gerechtigkeit in Sao Paulo und Rio de Janeiro: Zwei Mega-Cities auf dem Pr\u00fcfstand (F-Projekt), WiSe 2019\/2020; SoSe 2020<\/li>\n<\/ul>\n<ul>\n<li>Me\u00adtho\u00adden, Ver\u00adfah\u00adren und Instrumente der Raumentwicklung | Instrumente und Ver\u00adfah\u00adren zur nachhaltigen Stadtentwicklung im Bestand (Vorlesung), SoSe 2018<\/li>\n<\/ul>\n<ul>\n<li>Wandel der Gesch\u00e4ftsstra\u00dfen und Versorgungsstrukturen in Berlin: Ver\u00e4nderungen und An\u00adfor\u00adde\u00adrun\u00adgen durch Di\u00adgi\u00adta\u00adli\u00adsie\u00adrung und Transnationalit\u00e4t (Master-Projekt), WiSe 2017\/2018<\/li>\n<\/ul>\n<ul>\n<li>Urbane Gebiete, urbane Pro\u00adduk\u00adtion und urbane Pioniere \u2013 Chancen f\u00fcr Stadt- und Wirtschaftsentwicklung in Dort\u00admund (Master-Projekt, in Ko\u00adope\u00adra\u00adti\u00adon mit der Wirtschaftsf\u00f6rderung Dort\u00admund), SoSe 2017<\/li>\n<\/ul>\n<ul>\n<li>Onlinehandel und Stadtentwicklung (Master-Projekt, in Kooperation mit den Uni\u00adver\u00adsi\u00adt\u00e4\u00adten\u00a0Aachen, Bochum, Bonn, Dort\u00admund, K\u00f6ln und M\u00fcnster), WiSe 2016\/2017<\/li>\n<\/ul>\n<p>HafenCity Universit\u00e4t Hamburg, Studiengang Stadtplanung<\/p>\n<ul>\n<li>Onlinehandel und Zukunft der Innenst\u00e4dte. Online-Offline-Strategien f\u00fcr den station\u00e4ren Handel (Master-Projekt), SoSe 2014<\/li>\n<\/ul>\n<ul>\n<li>Wie ver\u00e4ndert der E-Commerce die Stadt? Analysen und Handlungsstrategien f\u00fcr die Stadt Bocholt (Bachelor-Projekt (P2), in Kooperation mit der Wirtschaftsf\u00f6rderungs- und Stadtmarketinggesellschaft Bocholt und dem Wissensnetzwerk Stadt und Handel), SoSe 2014<\/li>\n<\/ul>\n<ul>\n<li>Stadt und Handel (Master-Seminar, in Kooperation mit dem Kolloquium Immobilie und Stadt), WiSe 2013\/2014<\/li>\n<\/ul>\n<ul>\n<li>Ein Einzelhandelskonzept f\u00fcr den Bezirk Altona? Eine standortbezogene Analyse und Empfehlung f\u00fcr den Bezirk (Master-Projekt), WiSe 2013\/2014<\/li>\n<\/ul>\n<ul>\n<li>City S\u00fcd 2.0. Impulse aus Fernost? Umwandlung eines B\u00fcrostandorts zu einem Wohnstandort (Bachelor-Projekt (P3)), WiSe 2010\/2011; SoSe 2011<\/li>\n<\/ul>\n<ul>\n<li>Nutzungswandel in Gewerbegebieten am Beispiel der Stadt Hamburg (Bachelor-Projekt (P2)), WiSe 2010\/2011<\/li>\n<\/ul>\n<ul>\n<li>Auslaufmodell Warenhaus? Was macht Itzehoe ohne Hertie? Strategien zur Revitalisierung des ehemaligen Hertie-Warenhauses in Itzehoe (Bachelor-Projekt (P2)), WiSe 2009\/2010<\/li>\n<\/ul>\n<ul>\n<li>Stadtmarketing-Konzept f\u00fcr die Hansestadt L\u00fcneburg (Diplom-Projekt (P4), in Kooperation mit der Stadt L\u00fcneburg), SoSe 2009<\/li>\n<\/ul>\n<ul>\n<li>Ein Wald voller Pulver. Revitalisierung eines ehemaligen Munitionsdepots im Landkreis Nienburg (Weser) (Bachelor-Projekt (P3), in Kooperation mit der Stadt Nienburg\/Weser und der Gemeinde Freudenberg), WiSe 2008\/2009; SoSe 2009<\/li>\n<\/ul>\n<\/div><\/div><\/div><div class=\"fusion-panel panel-default panel-74ab0235e7005d2db fusion-toggle-has-divider\"><div class=\"panel-heading\"><h4 class=\"panel-title toggle\" id=\"toggle_74ab0235e7005d2db\"><a aria-expanded=\"false\" aria-controls=\"74ab0235e7005d2db\" role=\"button\" data-toggle=\"collapse\" data-parent=\"#accordion-13580-1\" data-target=\"#74ab0235e7005d2db\" href=\"#74ab0235e7005d2db\"><span class=\"fusion-toggle-icon-wrapper\" aria-hidden=\"true\"><i class=\"fa-fusion-box active-icon awb-icon-minus\" aria-hidden=\"true\"><\/i><i class=\"fa-fusion-box inactive-icon awb-icon-plus\" aria-hidden=\"true\"><\/i><\/span><span class=\"fusion-toggle-heading\">Heider, Bastian (Dr.)<\/span><\/a><\/h4><\/div><div id=\"74ab0235e7005d2db\" class=\"panel-collapse collapse \" aria-labelledby=\"toggle_74ab0235e7005d2db\"><div class=\"panel-body toggle-content fusion-clearfix\">Lehrauftrag an der TU Dortmund, Fakult\u00e4t Raumplanung<\/p>\n<ul>\n<li>Funktionale Entmischung in deutschen Gro\u00dfst\u00e4dten? Welche Rolle spielt die Raumplanung bei der Verdr\u00e4ngung von renditeschw\u00e4cheren Gewerbebetrieben? (Seminar; gemeinsam mit Siedentop, Stefan), WiSe 2023\/2024<\/li>\n<\/ul>\n<\/div><\/div><\/div><div class=\"fusion-panel panel-default panel-145bf84b6ade55747 fusion-toggle-has-divider\"><div class=\"panel-heading\"><h4 class=\"panel-title toggle\" id=\"toggle_145bf84b6ade55747\"><a aria-expanded=\"false\" aria-controls=\"145bf84b6ade55747\" role=\"button\" data-toggle=\"collapse\" data-parent=\"#accordion-13580-1\" data-target=\"#145bf84b6ade55747\" href=\"#145bf84b6ade55747\"><span class=\"fusion-toggle-icon-wrapper\" aria-hidden=\"true\"><i class=\"fa-fusion-box active-icon awb-icon-minus\" aria-hidden=\"true\"><\/i><i class=\"fa-fusion-box inactive-icon awb-icon-plus\" aria-hidden=\"true\"><\/i><\/span><span class=\"fusion-toggle-heading\">Klinger, Thomas (Dr.)<\/span><\/a><\/h4><\/div><div id=\"145bf84b6ade55747\" class=\"panel-collapse collapse \" aria-labelledby=\"toggle_145bf84b6ade55747\"><div class=\"panel-body toggle-content fusion-clearfix\">Lehrauftrag an der TU Dortmund<\/p>\n<ul>\n<li>F-Projekt F13: Achsen nachhaltiger Mobilit\u00e4t (Projektseminar; gemeinsam mit Siedentop, Stefan), WiSe 2022\/23; SoSe2023<\/li>\n<\/ul>\n<\/div><\/div><\/div><div class=\"fusion-panel panel-default panel-53b08b89fcbb8264e fusion-toggle-has-divider\" style=\"--awb-title-color:#000000;--awb-content-color:#000000;\"><div class=\"panel-heading\"><h4 class=\"panel-title toggle\" id=\"toggle_53b08b89fcbb8264e\"><a aria-expanded=\"false\" aria-controls=\"53b08b89fcbb8264e\" role=\"button\" data-toggle=\"collapse\" data-parent=\"#accordion-13580-1\" data-target=\"#53b08b89fcbb8264e\" href=\"#53b08b89fcbb8264e\"><span class=\"fusion-toggle-icon-wrapper\" aria-hidden=\"true\"><i class=\"fa-fusion-box active-icon awb-icon-minus\" aria-hidden=\"true\"><\/i><i class=\"fa-fusion-box inactive-icon awb-icon-plus\" aria-hidden=\"true\"><\/i><\/span><span class=\"fusion-toggle-heading\">Koch, Ann-Kristin<\/span><\/a><\/h4><\/div><div id=\"53b08b89fcbb8264e\" class=\"panel-collapse collapse \" aria-labelledby=\"toggle_53b08b89fcbb8264e\"><div class=\"panel-body toggle-content fusion-clearfix\">Lehre an der Universit\u00e4t Potsdam, Mathematisch-Naturwissenschaftliche Fakult\u00e4t, Institut f\u00fcr Umweltwissenschaften und Geographie<\/p>\n<ul>\n<li>Anpassung \u2013 Resilienz \u2013 Transformation: St\u00e4dte und Regionen vor neuen Herausforderungen (Projektseminar; gemeinsam mit Weith, Thomas), WiSe 2025\/2026<\/li>\n<\/ul>\n<\/div><\/div><\/div><div class=\"fusion-panel panel-default panel-6a5b688804c1a93a1 fusion-toggle-has-divider\" style=\"--awb-title-color:#000000;--awb-content-color:#000000;\"><div class=\"panel-heading\"><h4 class=\"panel-title toggle\" id=\"toggle_6a5b688804c1a93a1\"><a aria-expanded=\"false\" aria-controls=\"6a5b688804c1a93a1\" role=\"button\" data-toggle=\"collapse\" data-parent=\"#accordion-13580-1\" data-target=\"#6a5b688804c1a93a1\" href=\"#6a5b688804c1a93a1\"><span class=\"fusion-toggle-icon-wrapper\" aria-hidden=\"true\"><i class=\"fa-fusion-box active-icon awb-icon-minus\" aria-hidden=\"true\"><\/i><i class=\"fa-fusion-box inactive-icon awb-icon-plus\" aria-hidden=\"true\"><\/i><\/span><span class=\"fusion-toggle-heading\">Kolocek, Michael (Dr.)<\/span><\/a><\/h4><\/div><div id=\"6a5b688804c1a93a1\" class=\"panel-collapse collapse \" aria-labelledby=\"toggle_6a5b688804c1a93a1\"><div class=\"panel-body toggle-content fusion-clearfix\">Lehrauftrag bei der Bezirksregierung M\u00fcnster, Referendarausbildung im Fachgebiet \u201eSt\u00e4dtebau\u201c<\/p>\n<ul>\n<li>Kommunale Bodenpolitik (Seminar als Blockveranstaltung), SoSe 2023, WiSe 2024\/2025<\/li>\n<\/ul>\n<p>Lehrauftrag an der TU Dortmund, Fakult\u00e4t Raumplanung<\/p>\n<ul>\n<li>Diskursanalyse in der Raumplanung (Seminar), WiSe 2022\/23<\/li>\n<\/ul>\n<p>Technische Universit\u00e4t Dortmund, Fakult\u00e4t Raumplanung<\/p>\n<ul>\n<li>Land Policy (Vorlesung), SoSe 2017 (gemeinsam mit Davy, Benjamin); WiSe 2019\/2020; WiSe 2020\/2021<\/li>\n<li>Informelle Bodennutzungen in Deutschland (Studienprojekt), WiSe 2019\/2020; SoSe 2020<\/li>\n<li>Grundst\u00fcckswertermittlung (Vorlesung), WiSe 2017\/2018<\/li>\n<li>Bodenmanagement (Vorlesung), WiSe 2017\/2018<\/li>\n<li>Grundst\u00fcckswertermittlung (\u00dcbung), SoSe 2014; WiSe 2018\/2019<\/li>\n<li>Bodenmanagement (\u00dcbung), WiSe 2018\/2019<\/li>\n<li>Mit Boden rechnen (Seminar; gemeinsam mit Halfter, Melanie), SoSe 2018<\/li>\n<li>Diskursanalyse in der Raumplanung (Seminar), SoSe 2013; WiSe 2013\/2014; SoSe 2014; WiSe 2015\/2016; SoSe 2016; WiSe 2016\/2017; SoSe 2019<\/li>\n<li>Die Farbe Gr\u00fcn \u2013 Mogelpackung oder Leitbild? (Studienprojekt), WiSe 2014\/2015; SoSe 2015<\/li>\n<\/ul>\n<p>Universit\u00e4t Z\u00fcrich, Center for Urban &amp; Real Estate Management (CUREM),<\/p>\n<ul>\n<li>Eigentumsrechte \u2013 Juristische, politische und \u00f6konomische Aspekte (Vorlesung), SoSe 2019<\/li>\n<\/ul>\n<\/div><\/div><\/div><div class=\"fusion-panel panel-default panel-4157837718cc3c78c fusion-toggle-has-divider\" style=\"--awb-title-color:#000000;--awb-content-color:#000000;\"><div class=\"panel-heading\"><h4 class=\"panel-title toggle\" id=\"toggle_4157837718cc3c78c\"><a aria-expanded=\"false\" aria-controls=\"4157837718cc3c78c\" role=\"button\" data-toggle=\"collapse\" data-parent=\"#accordion-13580-1\" data-target=\"#4157837718cc3c78c\" href=\"#4157837718cc3c78c\"><span class=\"fusion-toggle-icon-wrapper\" aria-hidden=\"true\"><i class=\"fa-fusion-box active-icon awb-icon-minus\" aria-hidden=\"true\"><\/i><i class=\"fa-fusion-box inactive-icon awb-icon-plus\" aria-hidden=\"true\"><\/i><\/span><span class=\"fusion-toggle-heading\">Krasilnikova, Nadezda (Dr.-Ing.)<\/span><\/a><\/h4><\/div><div id=\"4157837718cc3c78c\" class=\"panel-collapse collapse \" aria-labelledby=\"toggle_4157837718cc3c78c\"><div class=\"panel-body toggle-content fusion-clearfix\">\n<p>Lehrauftrag an der TU Dortmund, Fakult\u00e4t Raumplanung, Fachgebiet Stadtentwicklung<\/p>\n<ul>\n<li>Nachhaltige Mobilit\u00e4t im Umland: \u201eWie setzen wir es um?\u201c (Master-Seminar), WiSe 2024\/2025, SoSe 2025, WiSe 2025\/2026<\/li>\n<\/ul>\n<p>TU Dortmund, Fakult\u00e4t Raumplanung, Fachgebiet Stadtentwicklung (wissenschaftliche Mitarbeiterin)<\/p>\n<ul>\n<li>Nahverkehrsplanung im Umland von Hannover: Lokale und regionale Perspektiven (\u00dcbung), SoSe 2024<\/li>\n<\/ul>\n<\/div><\/div><\/div><div class=\"fusion-panel panel-default panel-761751f5cad01b553 fusion-toggle-has-divider\" style=\"--awb-title-color:#000000;--awb-content-color:#000000;\"><div class=\"panel-heading\"><h4 class=\"panel-title toggle\" id=\"toggle_761751f5cad01b553\"><a aria-expanded=\"false\" aria-controls=\"761751f5cad01b553\" role=\"button\" data-toggle=\"collapse\" data-parent=\"#accordion-13580-1\" data-target=\"#761751f5cad01b553\" href=\"#761751f5cad01b553\"><span class=\"fusion-toggle-icon-wrapper\" aria-hidden=\"true\"><i class=\"fa-fusion-box active-icon awb-icon-minus\" aria-hidden=\"true\"><\/i><i class=\"fa-fusion-box inactive-icon awb-icon-plus\" aria-hidden=\"true\"><\/i><\/span><span class=\"fusion-toggle-heading\">Kuckherm, Joshua<\/span><\/a><\/h4><\/div><div id=\"761751f5cad01b553\" class=\"panel-collapse collapse \" aria-labelledby=\"toggle_761751f5cad01b553\"><div class=\"panel-body toggle-content fusion-clearfix\">\n<p>Hochschule Bielefeld, Fachbereich Gestaltung<\/p>\n<ul>\n<li>Zukunft gestalten: Einf\u00fchrung in Transformation Design und Nachhaltigkeitskommunikation (Seminar; gemeinsam mit F\u00fctterer, Dirk; F\u00f6rster, Marius; Stolz, Patricia), WiSe 2025\/2026<\/li>\n<\/ul>\n<\/div><\/div><\/div><div class=\"fusion-panel panel-default panel-5cfe76f8e9670d287 fusion-toggle-has-divider\" style=\"--awb-title-color:#000000;--awb-content-color:#000000;\"><div class=\"panel-heading\"><h4 class=\"panel-title toggle\" id=\"toggle_5cfe76f8e9670d287\"><a aria-expanded=\"false\" aria-controls=\"5cfe76f8e9670d287\" role=\"button\" data-toggle=\"collapse\" data-parent=\"#accordion-13580-1\" data-target=\"#5cfe76f8e9670d287\" href=\"#5cfe76f8e9670d287\"><span class=\"fusion-toggle-icon-wrapper\" aria-hidden=\"true\"><i class=\"fa-fusion-box active-icon awb-icon-minus\" aria-hidden=\"true\"><\/i><i class=\"fa-fusion-box inactive-icon awb-icon-plus\" aria-hidden=\"true\"><\/i><\/span><span class=\"fusion-toggle-heading\">Liebig, Simon<\/span><\/a><\/h4><\/div><div id=\"5cfe76f8e9670d287\" class=\"panel-collapse collapse \" aria-labelledby=\"toggle_5cfe76f8e9670d287\"><div class=\"panel-body toggle-content fusion-clearfix\">Lehrauftrag an der Ruhr-Universit\u00e4t Bochum, Geographisches Institut<\/p>\n<ul>\n<li>Entwicklungskonzepte und Projektmanagement: Digitalisierung, Soziale Medien und Zusammenleben in der Nachbarschaft (Seminar; gemeinsam mit \u00dcblacker, Jan; Farwick, Andreas), WiSe 2024\/2025<\/li>\n<\/ul>\n<\/div><\/div><\/div><div class=\"fusion-panel panel-default panel-f4810c6d015946f33 fusion-toggle-has-divider\" style=\"--awb-title-color:#000000;--awb-content-color:#000000;\"><div class=\"panel-heading\"><h4 class=\"panel-title toggle\" id=\"toggle_f4810c6d015946f33\"><a aria-expanded=\"false\" aria-controls=\"f4810c6d015946f33\" role=\"button\" data-toggle=\"collapse\" data-parent=\"#accordion-13580-1\" data-target=\"#f4810c6d015946f33\" href=\"#f4810c6d015946f33\"><span class=\"fusion-toggle-icon-wrapper\" aria-hidden=\"true\"><i class=\"fa-fusion-box active-icon awb-icon-minus\" aria-hidden=\"true\"><\/i><i class=\"fa-fusion-box inactive-icon awb-icon-plus\" aria-hidden=\"true\"><\/i><\/span><span class=\"fusion-toggle-heading\">Marschall, Jonas<\/span><\/a><\/h4><\/div><div id=\"f4810c6d015946f33\" class=\"panel-collapse collapse \" aria-labelledby=\"toggle_f4810c6d015946f33\"><div class=\"panel-body toggle-content fusion-clearfix\">Lehrauftrag an der TU Berlin<\/p>\n<ul>\n<li>L\u00e4ndliche Innenentwicklung \u2013 Planungsherausforderungen und -instrumente (Projektseminar), WiSe 2022\/2023; SoSe 2023<\/li>\n<\/ul>\n<\/div><\/div><\/div><div class=\"fusion-panel panel-default panel-b371f83b9ecc5f2b0 fusion-toggle-has-divider\"><div class=\"panel-heading\"><h4 class=\"panel-title toggle\" id=\"toggle_b371f83b9ecc5f2b0\"><a aria-expanded=\"false\" aria-controls=\"b371f83b9ecc5f2b0\" role=\"button\" data-toggle=\"collapse\" data-parent=\"#accordion-13580-1\" data-target=\"#b371f83b9ecc5f2b0\" href=\"#b371f83b9ecc5f2b0\"><span class=\"fusion-toggle-icon-wrapper\" aria-hidden=\"true\"><i class=\"fa-fusion-box active-icon awb-icon-minus\" aria-hidden=\"true\"><\/i><i class=\"fa-fusion-box inactive-icon awb-icon-plus\" aria-hidden=\"true\"><\/i><\/span><span class=\"fusion-toggle-heading\">Milde, Theresa<\/span><\/a><\/h4><\/div><div id=\"b371f83b9ecc5f2b0\" class=\"panel-collapse collapse \" aria-labelledby=\"toggle_b371f83b9ecc5f2b0\"><div class=\"panel-body toggle-content fusion-clearfix\">FH M\u00fcnster, msa | m\u00fcnster school of architecture, Department St\u00e4dtebau:<\/p>\n<ul>\n<li>Seminar \u201eGIS LAB: Dichten+\u201c im WiSe 2015\/2016<\/li>\n<\/ul>\n<\/div><\/div><\/div><div class=\"fusion-panel panel-default panel-85d02e7d6c9eb1413 fusion-toggle-has-divider\" style=\"--awb-title-color:#000000;--awb-content-color:#000000;\"><div class=\"panel-heading\"><h4 class=\"panel-title toggle\" id=\"toggle_85d02e7d6c9eb1413\"><a aria-expanded=\"false\" aria-controls=\"85d02e7d6c9eb1413\" role=\"button\" data-toggle=\"collapse\" data-parent=\"#accordion-13580-1\" data-target=\"#85d02e7d6c9eb1413\" href=\"#85d02e7d6c9eb1413\"><span class=\"fusion-toggle-icon-wrapper\" aria-hidden=\"true\"><i class=\"fa-fusion-box active-icon awb-icon-minus\" aria-hidden=\"true\"><\/i><i class=\"fa-fusion-box inactive-icon awb-icon-plus\" aria-hidden=\"true\"><\/i><\/span><span class=\"fusion-toggle-heading\">M\u00fcnter, Angelika (Dr.)<\/span><\/a><\/h4><\/div><div id=\"85d02e7d6c9eb1413\" class=\"panel-collapse collapse \" aria-labelledby=\"toggle_85d02e7d6c9eb1413\"><div class=\"panel-body toggle-content fusion-clearfix\">Gastprofessur an der Universit\u00e4t Kassel, Institut f\u00fcr Urbane Entwicklungen, Fachgebiet \u201eUrban Transformations\u201c<\/p>\n<ul>\n<li>Wohnungskrise vs. Fl\u00e4chensparen \u2013 Welchen Beitrag k\u00f6nnen Suffizienzstrategien zur L\u00f6sung leisten? (Studienprojekt ), WiSe 2025\/2026<\/li>\n<\/ul>\n<p>Lehrauftrag an der TU Dortmund, Fakult\u00e4t Raumplanung<\/p>\n<ul>\n<li>Wanderungs- und Wohnstandortentscheidungen von Haushalten: Motivuntersuchungen und Datenanalysen (Seminar, gemeinsam mit Osterhage, Frank), SoSe 2017<\/li>\n<\/ul>\n<p>TU Dortmund, Fakult\u00e4t Raumplanung (Wissenschaftliche Mitarbeiterin an der TU Dortmund, Fakult\u00e4t Raumplanung):<\/p>\n<ul>\n<li>Von der Raumordnung zur strategischen Regionalentwicklung (Seminar), SoSe 2015<\/li>\n<\/ul>\n<ul>\n<li>Zukunftsstandort PHOENIX &#8211; Eine Zwischenbilanz (Seminar) WiSe 2012\/2013, SoSe 2013<\/li>\n<\/ul>\n<ul>\n<li>Die Wohnungsmarktkrise in Spanien: Hintergr\u00fcnde und Auswirkungen auf die Raumentwicklung (Studienprojekt; gemeinsam mit Katharina Heider und Thorsten Heitkamp). SoSe 2011<\/li>\n<\/ul>\n<ul>\n<li>Die Wohnungsmarktkrise in Spanien: Hintergr\u00fcnde und Auswirkungen auf die Raumentwicklung (Studienprojekt), WiSe 2010\/2011<\/li>\n<\/ul>\n<ul>\n<li>Metropolitane R\u00e4nder \u2013 Die Rolle des (post-)suburbanen Raumes innerhalb von Metropolregionen (Studienprojekt), WiSe 2009\/2010 und SoSe 2010.<\/li>\n<\/ul>\n<ul>\n<li>\u201eAgeing in Place\u201c oder \u201eZur\u00fcck in die Stadt\u201c? Wohnvorstellung von Senioren im suburbanen Raum (Studienprojekt), WiSe 2008\/2009 und SoSe 2009.<\/li>\n<\/ul>\n<\/div><\/div><\/div><div class=\"fusion-panel panel-default panel-6fe60daa9c4d6cb41 fusion-toggle-has-divider\" style=\"--awb-title-color:#000000;--awb-content-color:#000000;\"><div class=\"panel-heading\"><h4 class=\"panel-title toggle\" id=\"toggle_6fe60daa9c4d6cb41\"><a aria-expanded=\"false\" aria-controls=\"6fe60daa9c4d6cb41\" role=\"button\" data-toggle=\"collapse\" data-parent=\"#accordion-13580-1\" data-target=\"#6fe60daa9c4d6cb41\" href=\"#6fe60daa9c4d6cb41\"><span class=\"fusion-toggle-icon-wrapper\" aria-hidden=\"true\"><i class=\"fa-fusion-box active-icon awb-icon-minus\" aria-hidden=\"true\"><\/i><i class=\"fa-fusion-box inactive-icon awb-icon-plus\" aria-hidden=\"true\"><\/i><\/span><span class=\"fusion-toggle-heading\">Novack, Tessio (Dr.)<\/span><\/a><\/h4><\/div><div id=\"6fe60daa9c4d6cb41\" class=\"panel-collapse collapse \" aria-labelledby=\"toggle_6fe60daa9c4d6cb41\"><div class=\"panel-body toggle-content fusion-clearfix\">Universit\u00e4t M\u00fcnster, Institut of Geoinformatics:<\/p>\n<ul>\n<li>Advanced Research Methods and Skills (Vorlesung), SoSe 2023<\/li>\n<\/ul>\n<p>University of Warwick (United Kingdom):<\/p>\n<ul>\n<li>Spatial Methods and Practice in Urban Science (Lecture), Acad. Years 2021 and 2022<\/li>\n<li>Digital Cities: Interdisciplinary Perspectives on Urban Science (Lecture), Acad. Years 2021 and 2022<\/li>\n<li>Dissertation (Lecture), Acad. Years 2021 and 2022<\/li>\n<\/ul>\n<p>Universit\u00e4t Heidelberg<\/p>\n<ul>\n<li>Land Classification and Monitoring (Seminar), WiSe 2017, WiSe 2018<\/li>\n<li>Geographical Analysis of Social Media Data (Seminar), SoSe 2017, WiSe 2018, WiSe 2019<\/li>\n<li>Critical GIS \u2013 Discussions and Practices (Seminar), SoSe 2019, SoSe 2020<\/li>\n<\/ul>\n<\/div><\/div><\/div><div class=\"fusion-panel panel-default panel-85ed392f88c9f820b fusion-toggle-has-divider\" style=\"--awb-title-color:#000000;--awb-content-color:#000000;\"><div class=\"panel-heading\"><h4 class=\"panel-title toggle\" id=\"toggle_85ed392f88c9f820b\"><a aria-expanded=\"false\" aria-controls=\"85ed392f88c9f820b\" role=\"button\" data-toggle=\"collapse\" data-parent=\"#accordion-13580-1\" data-target=\"#85ed392f88c9f820b\" href=\"#85ed392f88c9f820b\"><span class=\"fusion-toggle-icon-wrapper\" aria-hidden=\"true\"><i class=\"fa-fusion-box active-icon awb-icon-minus\" aria-hidden=\"true\"><\/i><i class=\"fa-fusion-box inactive-icon awb-icon-plus\" aria-hidden=\"true\"><\/i><\/span><span class=\"fusion-toggle-heading\">P\u00e4sler, Sandra<\/span><\/a><\/h4><\/div><div id=\"85ed392f88c9f820b\" class=\"panel-collapse collapse \" aria-labelledby=\"toggle_85ed392f88c9f820b\"><div class=\"panel-body toggle-content fusion-clearfix\">\n<p>TU Dortmund, Fakult\u00e4t Raumplanung<\/p>\n<ul>\n<li>Empirische Analysemethoden (\u00dcbung; gemeinsam mit Scheiner, Joachim; Szypulski, Anja), SoSe 2011<\/li>\n<\/ul>\n<ul>\n<li>Empirische Erhebungsmethoden (\u00dcbung; gemeinsam mit Scheiner, Joachim; Schuster, Nina), WiSe 2011\/2012<\/li>\n<\/ul>\n<ul>\n<li>Empirische Analysemethoden (\u00dcbung; gemeinsam mit Scheiner, Joachim; Schuster, Nina), SoSe 2010<\/li>\n<\/ul>\n<ul>\n<li>Empirische Erhebungsmethoden (\u00dcbung; gemeinsam mit Scheiner, Joachim; Schuster, Nina), WiSe 2010\/2011<\/li>\n<\/ul>\n<\/div><\/div><\/div><div class=\"fusion-panel panel-default panel-7d14ac45ee7a2365b fusion-toggle-has-divider\" style=\"--awb-title-color:#000000;--awb-content-color:#000000;\"><div class=\"panel-heading\"><h4 class=\"panel-title toggle\" id=\"toggle_7d14ac45ee7a2365b\"><a aria-expanded=\"false\" aria-controls=\"7d14ac45ee7a2365b\" role=\"button\" data-toggle=\"collapse\" data-parent=\"#accordion-13580-1\" data-target=\"#7d14ac45ee7a2365b\" href=\"#7d14ac45ee7a2365b\"><span class=\"fusion-toggle-icon-wrapper\" aria-hidden=\"true\"><i class=\"fa-fusion-box active-icon awb-icon-minus\" aria-hidden=\"true\"><\/i><i class=\"fa-fusion-box inactive-icon awb-icon-plus\" aria-hidden=\"true\"><\/i><\/span><span class=\"fusion-toggle-heading\">Ramos Lobato, Isabel (Dr.)<\/span><\/a><\/h4><\/div><div id=\"7d14ac45ee7a2365b\" class=\"panel-collapse collapse \" aria-labelledby=\"toggle_7d14ac45ee7a2365b\"><div class=\"panel-body toggle-content fusion-clearfix\">\n<p>TU Dortmund, Fakult\u00e4t Raumplanung<\/p>\n<ul>\n<li>Ankunftsquartiere als Integrationsmotor? Die Analyse von Diversit\u00e4t und sozial-r\u00e4umlicher Teilhabe mithilfe qualitativer Interviews (Seminar), SoSe 2024<\/li>\n<li>Soziale Spaltung in der Stadt? Segregationsdynamiken in Quartier und Schule (Seminar), SoSe2023<\/li>\n<li>Offen f\u00fcr neue Ideen: Strategien f\u00fcr Bezahlbares Wohnen \u2013 das Beispiel Helsinki (Projektseminar; Szypulski, Anja; gemeinsam mit Gliemann, Katrin; Ramos Lobato, Isabel), WiSe 2023\/24, SoSe 2024<\/li>\n<\/ul>\n<p>University of Helsinki, Department of Education, Master\u2019s Programme in Changing Education<\/p>\n<ul>\n<li>Segregation dynamics in urban neighbourhoods and schools (Gastvorlesung im Seminar \u201eCritical Questions in Urban Education\u201c), WiSe 2022\/2023<\/li>\n<\/ul>\n<p>University of Helsinki, Department of Geosciences and Geography, Master\u2019s Programme in Geography &amp; Master\u2019s Programme in Urban Studies and Planning (USP) (zusammen mit Aalto University)<\/p>\n<ul>\n<li>Segregation dynamics in urban neighbourhoods and schools (Gastvorlesung im Seminar \u201eCritical Questions in Urban Education\u201c), WiSe 2022\/2023<\/li>\n<li>Geographies of segregation, education, and social mixing (Seminar), SoSe 2022<\/li>\n<li>Urban change and education from a European perspective: Shared dynamics across different national and urban contexts? (Gastvorlesung im Seminar \u201eSchools, education and advances urban population dynamics\u201c), SoSe 2021; SoSe2020<\/li>\n<li>Parental choice and school segregation (Gastvorlesung im Seminar \u201eChildren\u2019s Geographies\u201c), WiSe2020\/2021<\/li>\n<\/ul>\n<\/div><\/div><\/div><div class=\"fusion-panel panel-default panel-3918d2e8ebc9f8c63 fusion-toggle-has-divider\" style=\"--awb-title-color:#000000;--awb-content-color:#000000;\"><div class=\"panel-heading\"><h4 class=\"panel-title toggle\" id=\"toggle_3918d2e8ebc9f8c63\"><a aria-expanded=\"false\" aria-controls=\"3918d2e8ebc9f8c63\" role=\"button\" data-toggle=\"collapse\" data-parent=\"#accordion-13580-1\" data-target=\"#3918d2e8ebc9f8c63\" href=\"#3918d2e8ebc9f8c63\"><span class=\"fusion-toggle-icon-wrapper\" aria-hidden=\"true\"><i class=\"fa-fusion-box active-icon awb-icon-minus\" aria-hidden=\"true\"><\/i><i class=\"fa-fusion-box inactive-icon awb-icon-plus\" aria-hidden=\"true\"><\/i><\/span><span class=\"fusion-toggle-heading\">Schr\u00f6der, Annika<\/span><\/a><\/h4><\/div><div id=\"3918d2e8ebc9f8c63\" class=\"panel-collapse collapse \" aria-labelledby=\"toggle_3918d2e8ebc9f8c63\"><div class=\"panel-body toggle-content fusion-clearfix\">Guest lectures in courses at various universities:<\/p>\n<ul>\n<li>Von autoorientierter zu autoreduzierter Siedlungsentwicklung: Transformativer Wandel aus \u00dcberzeugung? Gastvortrag in der Vorlesung \u201eKommunalplanung\u201c im Rahmen des Masterstudiengangs \u201eRegionalwissenschaft\/Raumplanung\u201c des Instituts f\u00fcr Regionalwissenschaft (IfR) am Karlsruher Institut f\u00fcr Technologie (KIT), 17.07.2025, Karlsruhe.<\/li>\n<\/ul>\n<ul>\n<li>F\u00f6rderung nachhaltiger Mobilit\u00e4t im gesellschaftlichen Dialog und Diskurs. Erfahrungen aus der Praxis und Ans\u00e4tze aus der Wissenschaft. Gastvortrag im Rahmen des Seminars \u201eKommunikation und gesellschaftliche Akzeptanz\u201c im Studiengang \u201eRadverkehr in intermodalen Verkehrssystemen\u201c der Technischen Hochschule Wildau, 31.05.2022, online.<\/li>\n<\/ul>\n<ul>\n<li>M\u00fcnster auf dem Weg zur Fahrradstadt 2.0 \u2013 Ma\u00dfnahmen f\u00fcr die Fahrradmobilit\u00e4t von heute und morgen. Gastvortrag im Rahmen der Ringvorlesung \u201eAktive Mobilit\u00e4t \u2013 Radfahren und Gehen in der Stadt\u201c an der TU Wien, 03.03.2021, online.<\/li>\n<\/ul>\n<\/div><\/div><\/div><div class=\"fusion-panel panel-default panel-2d128fef5e765d5a5 fusion-toggle-has-divider\" style=\"--awb-title-color:#000000;--awb-content-color:#000000;\"><div class=\"panel-heading\"><h4 class=\"panel-title toggle\" id=\"toggle_2d128fef5e765d5a5\"><a aria-expanded=\"false\" aria-controls=\"2d128fef5e765d5a5\" role=\"button\" data-toggle=\"collapse\" data-parent=\"#accordion-13580-1\" data-target=\"#2d128fef5e765d5a5\" href=\"#2d128fef5e765d5a5\"><span class=\"fusion-toggle-icon-wrapper\" aria-hidden=\"true\"><i class=\"fa-fusion-box active-icon awb-icon-minus\" aria-hidden=\"true\"><\/i><i class=\"fa-fusion-box inactive-icon awb-icon-plus\" aria-hidden=\"true\"><\/i><\/span><span class=\"fusion-toggle-heading\">Specht, Kathrin (Dr.)<\/span><\/a><\/h4><\/div><div id=\"2d128fef5e765d5a5\" class=\"panel-collapse collapse \" aria-labelledby=\"toggle_2d128fef5e765d5a5\"><div class=\"panel-body toggle-content fusion-clearfix\">\n<p>Lecturer at Humboldt-Universit\u00e4t zu Berlin<\/p>\n<ul>\n<li>Green Cities as sites of learning for climate communication (Circle U. European University Alliance; Summer School mit Vorlesung und Exkursion; gemeinsam mit Robischon, Marcel), SoSe 2022<\/li>\n<\/ul>\n<ul>\n<li>Q Team- Seminar &#8220;Innovative Formen der st\u00e4dtischen Nahrungsmittelproduktion \u2013 Akzeptanz, Potentiale und Risiken&#8221;, SoSe 2018<\/li>\n<\/ul>\n<p>Wageningen University and University of Bologna<\/p>\n<ul>\n<li>Internationales Studienprojekt \u201eUrban Greenhouse challenge\u201d, SoSe 2018<\/li>\n<\/ul>\n<ul>\n<li>Study Visit Programme of the ERASMUS+ BUGI: Western Balkan Urban Agriculture, The idea of ZFarming from concept to practice., SoSe 2018<\/li>\n<\/ul>\n<p>Lecturer at University of Bologna:<\/p>\n<ul>\n<li>Social dimensions of zero-acreage farming, Blockseminar, Sose 2018<\/li>\n<\/ul>\n<ul>\n<li>ZFarming: an introduction to the concept, Einzelvorlesung, WiSe 2016\/17<\/li>\n<\/ul>\n<p>Lecturer at University of Potsdam<\/p>\n<ul>\n<li>Sustainability concepts in practice \u2013 Zero acreage farming, Modul &#8220;Sustainability concepts in practice&#8221;, , Einzelvorlesung, WiSe 2013\/14<\/li>\n<\/ul>\n<ul>\n<li>Webinar for PhDs and Young Professionals organized by AESOP Sustainable Food Planning and LE:NOTRE Institute, Vorlesungsreihe (1 Webinar\/Quartal), 2016<\/li>\n<\/ul>\n<\/div><\/div><\/div><div class=\"fusion-panel panel-default panel-c2575a53714bf4e99 fusion-toggle-has-divider\"><div class=\"panel-heading\"><h4 class=\"panel-title toggle\" id=\"toggle_c2575a53714bf4e99\"><a aria-expanded=\"false\" aria-controls=\"c2575a53714bf4e99\" role=\"button\" data-toggle=\"collapse\" data-parent=\"#accordion-13580-1\" data-target=\"#c2575a53714bf4e99\" href=\"#c2575a53714bf4e99\"><span class=\"fusion-toggle-icon-wrapper\" aria-hidden=\"true\"><i class=\"fa-fusion-box active-icon awb-icon-minus\" aria-hidden=\"true\"><\/i><i class=\"fa-fusion-box inactive-icon awb-icon-plus\" aria-hidden=\"true\"><\/i><\/span><span class=\"fusion-toggle-heading\">Stroms-van der Vlugt, Anna-Lena (Dr.-Ing.)<\/span><\/a><\/h4><\/div><div id=\"c2575a53714bf4e99\" class=\"panel-collapse collapse \" aria-labelledby=\"toggle_c2575a53714bf4e99\"><div class=\"panel-body toggle-content fusion-clearfix\">\n<p><strong>Hochschule Gesundheit Bochum<\/strong><br \/>\n(in Kooperation mit TU Dortmund, Ruhr-Universit\u00e4t Bochum, Universit\u00e4t Duisburg-Essen, Landeszentrum f\u00fcr Gesundheit, Evangelische Hochschule Rheinland-Westfalen-Lippe, Hochschule Bochum, Medecon Ruhr und ILS \u2013 Institut f\u00fcr Landes- und Stadtentwicklungsforschung)<\/p>\n<ul>\n<li><a href=\"https:\/\/urbanhealth-digispace.de\/walkability-menschen-in-bewegung-bringen\/\">Walkability: Menschen in Bewegung bringen<\/a> (Seminar im Rahmen des Urban Health digiSpace; gemeinsam mit Conrad, Kerstin; Fina, Stefan; Gerten, Christian; Schmitz, Julian; Welsch, Janina), WiSe 2021\/2022<\/li>\n<\/ul>\n<\/div><\/div><\/div><div class=\"fusion-panel panel-default panel-9afb1439bf5350f71 fusion-toggle-has-divider\"><div class=\"panel-heading\"><h4 class=\"panel-title toggle\" id=\"toggle_9afb1439bf5350f71\"><a aria-expanded=\"false\" aria-controls=\"9afb1439bf5350f71\" role=\"button\" data-toggle=\"collapse\" data-parent=\"#accordion-13580-1\" data-target=\"#9afb1439bf5350f71\" href=\"#9afb1439bf5350f71\"><span class=\"fusion-toggle-icon-wrapper\" aria-hidden=\"true\"><i class=\"fa-fusion-box active-icon awb-icon-minus\" aria-hidden=\"true\"><\/i><i class=\"fa-fusion-box inactive-icon awb-icon-plus\" aria-hidden=\"true\"><\/i><\/span><span class=\"fusion-toggle-heading\">Tippel, Cornelia (Dr.)<\/span><\/a><\/h4><\/div><div id=\"9afb1439bf5350f71\" class=\"panel-collapse collapse \" aria-labelledby=\"toggle_9afb1439bf5350f71\"><div class=\"panel-body toggle-content fusion-clearfix\">TU Dortmund, Fakult\u00e4t Raumplanung<\/p>\n<ul>\n<li>Was kommt nach der Industrie? Wohnen und Arbeiten auf der Zeche Lohberg in Dinslaken (Studienprojekt; gemeinsam mit M\u00e4gdefrau, Nadine), WiSe 2015\/2016, SoSe 2016<\/li>\n<\/ul>\n<\/div><\/div><\/div><div class=\"fusion-panel panel-default panel-f172b608c4175c79d fusion-toggle-has-divider\" style=\"--awb-title-color:#000000;--awb-content-color:#000000;\"><div class=\"panel-heading\"><h4 class=\"panel-title toggle\" id=\"toggle_f172b608c4175c79d\"><a aria-expanded=\"false\" aria-controls=\"f172b608c4175c79d\" role=\"button\" data-toggle=\"collapse\" data-parent=\"#accordion-13580-1\" data-target=\"#f172b608c4175c79d\" href=\"#f172b608c4175c79d\"><span class=\"fusion-toggle-icon-wrapper\" aria-hidden=\"true\"><i class=\"fa-fusion-box active-icon awb-icon-minus\" aria-hidden=\"true\"><\/i><i class=\"fa-fusion-box inactive-icon awb-icon-plus\" aria-hidden=\"true\"><\/i><\/span><span class=\"fusion-toggle-heading\">Torreiter, Laura (Dr.)<\/span><\/a><\/h4><\/div><div id=\"f172b608c4175c79d\" class=\"panel-collapse collapse \" aria-labelledby=\"toggle_f172b608c4175c79d\"><div class=\"panel-body toggle-content fusion-clearfix\">Bauhaus-Universit\u00e4t Weimar, Institut f\u00fcr Europ\u00e4ische Urbanistik:<\/p>\n<ul>\n<li>Sozialwissenschaftliche Stadtforschung (Tutorium), WiSe 2012\/2013<\/li>\n<\/ul>\n<\/div><\/div><\/div><div class=\"fusion-panel panel-default panel-9fbbcc80448dcc02d fusion-toggle-has-divider\" style=\"--awb-title-color:#000000;--awb-content-color:#000000;\"><div class=\"panel-heading\"><h4 class=\"panel-title toggle\" id=\"toggle_9fbbcc80448dcc02d\"><a aria-expanded=\"false\" aria-controls=\"9fbbcc80448dcc02d\" role=\"button\" data-toggle=\"collapse\" data-parent=\"#accordion-13580-1\" data-target=\"#9fbbcc80448dcc02d\" href=\"#9fbbcc80448dcc02d\"><span class=\"fusion-toggle-icon-wrapper\" aria-hidden=\"true\"><i class=\"fa-fusion-box active-icon awb-icon-minus\" aria-hidden=\"true\"><\/i><i class=\"fa-fusion-box inactive-icon awb-icon-plus\" aria-hidden=\"true\"><\/i><\/span><span class=\"fusion-toggle-heading\">Volgmann, Kati (Dr.)<\/span><\/a><\/h4><\/div><div id=\"9fbbcc80448dcc02d\" class=\"panel-collapse collapse \" aria-labelledby=\"toggle_9fbbcc80448dcc02d\"><div class=\"panel-body toggle-content fusion-clearfix\">\n<p>TU Dortmund, Fakult\u00e4t Raumplanung<\/p>\n<ul>\n<li>\u201eRaumplanung und der Reiz der Zahlen \u2013 Raumbezogene Statistik f\u00fcr Fortgeschrittene\u201c (Seminar; gemeinsam mit Terfr\u00fcchte, Thomas), WiSe 2018\/2019; WiSe 2019\/2020<\/li>\n<\/ul>\n<ul>\n<li>Empirische Erhebungs- und Analysemethoden (\u00dcbung; gemeinsam mit Growe, Anna; Scheiner, Joachim; Schuster, Nina), WiSe 2009\/2010<\/li>\n<\/ul>\n<\/div><\/div><\/div><div class=\"fusion-panel panel-default panel-fa7d197dfd47bb39b fusion-toggle-has-divider\" style=\"--awb-title-color:#000000;--awb-content-color:#000000;\"><div class=\"panel-heading\"><h4 class=\"panel-title toggle\" id=\"toggle_fa7d197dfd47bb39b\"><a aria-expanded=\"false\" aria-controls=\"fa7d197dfd47bb39b\" role=\"button\" data-toggle=\"collapse\" data-parent=\"#accordion-13580-1\" data-target=\"#fa7d197dfd47bb39b\" href=\"#fa7d197dfd47bb39b\"><span class=\"fusion-toggle-icon-wrapper\" aria-hidden=\"true\"><i class=\"fa-fusion-box active-icon awb-icon-minus\" aria-hidden=\"true\"><\/i><i class=\"fa-fusion-box inactive-icon awb-icon-plus\" aria-hidden=\"true\"><\/i><\/span><span class=\"fusion-toggle-heading\">Weck, Sabine (Dr.)<\/span><\/a><\/h4><\/div><div id=\"fa7d197dfd47bb39b\" class=\"panel-collapse collapse \" aria-labelledby=\"toggle_fa7d197dfd47bb39b\"><div class=\"panel-body toggle-content fusion-clearfix\">Lehrauftrag an der TU Dortmund, Fakult\u00e4t Raumplanung<\/p>\n<ul>\n<li>\u201eDiskussionen um Gentrifizierung in amerikanischen Legacy Cities\u201c (Master-Projekt; gemeinsam mit Frank, Susanne), WiSe 2018\/2019; SoSe 2019<\/li>\n<\/ul>\n<ul>\n<li>Alte Klassengrenzen oder neue Mischung? Kleinr\u00e4umige Segregation und soziales Miteinander in Dortmund H\u00f6rde: Elternwahl in der fr\u00fchkindlichen Bildung. (Master-Projekt, gemeinsam mit Prof. Dr. Susanne Frank), WiSe 2015\/2016<\/li>\n<\/ul>\n<\/div><\/div><\/div><div class=\"fusion-panel panel-default panel-ae55bcf4e28b0eb9d fusion-toggle-has-divider\" style=\"--awb-title-color:#000000;--awb-content-color:#000000;\"><div class=\"panel-heading\"><h4 class=\"panel-title toggle\" id=\"toggle_ae55bcf4e28b0eb9d\"><a aria-expanded=\"false\" aria-controls=\"ae55bcf4e28b0eb9d\" role=\"button\" data-toggle=\"collapse\" data-parent=\"#accordion-13580-1\" data-target=\"#ae55bcf4e28b0eb9d\" href=\"#ae55bcf4e28b0eb9d\"><span class=\"fusion-toggle-icon-wrapper\" aria-hidden=\"true\"><i class=\"fa-fusion-box active-icon awb-icon-minus\" aria-hidden=\"true\"><\/i><i class=\"fa-fusion-box inactive-icon awb-icon-plus\" aria-hidden=\"true\"><\/i><\/span><span class=\"fusion-toggle-heading\">Weith, Thomas (Prof. Dr.-Ing.)<\/span><\/a><\/h4><\/div><div id=\"ae55bcf4e28b0eb9d\" class=\"panel-collapse collapse \" aria-labelledby=\"toggle_ae55bcf4e28b0eb9d\"><div class=\"panel-body toggle-content fusion-clearfix\">\n<p>Lehre seit 1998 an der Universit\u00e4t Potsdam und der HU Berlin; Lehrerfahrung in f\u00fcnf europ\u00e4ischen L\u00e4ndern, u.a. Interdisziplin\u00e4re deutsch-polnische Seminare (Sommersemester 2004 bis 2017)<\/p>\n<p>Aktuell:<br \/>\n<strong>Au\u00dferplanm\u00e4\u00dfige Professur an der Universit\u00e4t Potsdam, Mathematisch-Naturwissenschaftliche Fakult\u00e4t, Institut f\u00fcr Umweltwissenschaften und Geographie<\/strong><\/p>\n<ul>\n<li>Anpassung \u2013 Resilienz \u2013 Transformation: St\u00e4dte und Regionen vor neuen Herausforderungen (Projektseminar; gemeinsam mit Koch, Ann-Kristin), WiSe 2025\/2026<\/li>\n<\/ul>\n<ul>\n<li>Transformation von St\u00e4dten und Regionen: Mehr als nur eine Worth\u00fclse?, Seminar\/Projektseminar, WiSe 2024\/2025<\/li>\n<\/ul>\n<ul>\n<li>Stadt und Land: zwischen Konflikten, Kooperation und Transformation?! (Projektseminar), WiSe 2023\/2024<\/li>\n<\/ul>\n<ul>\n<li>Humangeographisches und fachdidaktisches Doktorandenseminar, WiSe 2023\/2024; SoSe 2024; WiSe 2024\/2025; SoSe 2026<\/li>\n<\/ul>\n<ul>\n<li>Stadt \u2013 Land \u2013 Zuk\u00fcnfte?! Zum Umgang mit Anspr\u00fcchen an Land heute und morgen (Projektseminar Bachelor Geographie), WiSe 2022\/2023<\/li>\n<\/ul>\n<ul>\n<li>Streit ums Land \u2013 Land Grabbing auch in Brandenburg? (Projektseminar Bachelor Geographie), WiSe 2021\/2022<\/li>\n<\/ul>\n<ul>\n<li>Landgrabbing \u2013 ein Thema auch in Deutschland? (Projektseminar Bachelor Geographie), WiSe 2020\/2021<\/li>\n<\/ul>\n<\/div><\/div><\/div><div class=\"fusion-panel panel-default panel-3416099fe4010e98e fusion-toggle-has-divider\"><div class=\"panel-heading\"><h4 class=\"panel-title toggle\" id=\"toggle_3416099fe4010e98e\"><a aria-expanded=\"false\" aria-controls=\"3416099fe4010e98e\" role=\"button\" data-toggle=\"collapse\" data-parent=\"#accordion-13580-1\" data-target=\"#3416099fe4010e98e\" href=\"#3416099fe4010e98e\"><span class=\"fusion-toggle-icon-wrapper\" aria-hidden=\"true\"><i class=\"fa-fusion-box active-icon awb-icon-minus\" aria-hidden=\"true\"><\/i><i class=\"fa-fusion-box inactive-icon awb-icon-plus\" aria-hidden=\"true\"><\/i><\/span><span class=\"fusion-toggle-heading\">Welsch, Janina (Dr.)<\/span><\/a><\/h4><\/div><div id=\"3416099fe4010e98e\" class=\"panel-collapse collapse \" aria-labelledby=\"toggle_3416099fe4010e98e\"><div class=\"panel-body toggle-content fusion-clearfix\"><strong>Hochschule Gesundheit Bochum<\/strong><br \/>\n(in Kooperation mit TU Dortmund, Ruhr-Universit\u00e4t Bochum, Universit\u00e4t Duisburg-Essen, Landeszentrum f\u00fcr Gesundheit, Evangelische Hochschule Rheinland-Westfalen-Lippe, Hochschule Bochum, Medecon Ruhr und ILS \u2013 Institut f\u00fcr Landes- und Stadtentwicklungsforschung)<\/p>\n<ul>\n<li><a href=\"https:\/\/urbanhealth-digispace.de\/walkability-menschen-in-bewegung-bringen\/\">Walkability: Menschen in Bewegung bringen<\/a> (Seminar im Rahmen des Urban Health digiSpace; gemeinsam mit Conrad, Kerstin; Fina, Stefan; Gerten, Christian; Schmitz, Julian; van der Vlugt, Anna-Lena), WiSe 2021\/2022<\/li>\n<\/ul>\n<\/div><\/div><\/div><div class=\"fusion-panel panel-default panel-bac1b1f2be02a01a1 fusion-toggle-has-divider\" style=\"--awb-title-color:#000000;--awb-content-color:#000000;\"><div class=\"panel-heading\"><h4 class=\"panel-title toggle\" id=\"toggle_bac1b1f2be02a01a1\"><a aria-expanded=\"false\" aria-controls=\"bac1b1f2be02a01a1\" role=\"button\" data-toggle=\"collapse\" data-parent=\"#accordion-13580-1\" data-target=\"#bac1b1f2be02a01a1\" href=\"#bac1b1f2be02a01a1\"><span class=\"fusion-toggle-icon-wrapper\" aria-hidden=\"true\"><i class=\"fa-fusion-box active-icon awb-icon-minus\" aria-hidden=\"true\"><\/i><i class=\"fa-fusion-box inactive-icon awb-icon-plus\" aria-hidden=\"true\"><\/i><\/span><span class=\"fusion-toggle-heading\">Xu, Shaojuan (Dr.)<\/span><\/a><\/h4><\/div><div id=\"bac1b1f2be02a01a1\" class=\"panel-collapse collapse \" aria-labelledby=\"toggle_bac1b1f2be02a01a1\"><div class=\"panel-body toggle-content fusion-clearfix\">\n<p>Lehrauftrag an der Ruhr-Universit\u00e4t Bochum<\/p>\n<ul>\n<li>Introduction to GIS (Seminar; gemeinsam mit Rienow, Andreas), WiSe 2023\/2024, WiSe 2025\/2026<\/li>\n<\/ul>\n<p>Lehrauftrag an der HU Berlin<\/p>\n<ul>\n<li>Earth Observation for Environmental Monitoring (Seminar; gemeinsam mit Ghazaryan, Gohar), WiSe 2025\/2026<\/li>\n<li>Praktische Geoinformationsverarbeitung und Kartographie (Seminar; gemeinsam mit Wolf, Saskia), SoSe 2025<\/li>\n<li>Earth Observation for sustainable urban development (Seminar), SoSe 2023<\/li>\n<\/ul>\n<p>Universit\u00e4t Osnabr\u00fcck, Institut f\u00fcr Informatik, Arbeitsgruppe Umweltinformatik und Kommunalplanung:<\/p>\n<ul>\n<li>Anwendungen von GIS (Seminar), WiSe 2017\/2018<\/li>\n<\/ul>\n<ul>\n<li>Geodatenmodellierung (Seminar), WiSe 2017\/2018<\/li>\n<\/ul>\n<ul>\n<li>Geod\u00e4tische Messverfahren (Seminar), SoSe 2017<\/li>\n<\/ul>\n<ul>\n<li>Kartographie (\u00dcbung), SoSe 2017<\/li>\n<\/ul>\n<\/div><\/div><\/div><\/div><\/div><\/div><\/div><\/div><\/div>\n","protected":false},"excerpt":{"rendered":"","protected":false},"author":14,"featured_media":29962,"parent":6078,"menu_order":3,"comment_status":"closed","ping_status":"closed","template":"","meta":{"footnotes":""},"class_list":["post-13580","page","type-page","status-publish","has-post-thumbnail","hentry"],"yoast_head":"<!-- This site is optimized with the Yoast SEO plugin v27.1.1 - https:\/\/yoast.com\/product\/yoast-seo-wordpress\/ -->\n<title>Teaching - ILS - Institut f\u00fcr Landes- und Stadtentwicklungsforschung<\/title>\n<meta name=\"robots\" content=\"index, follow, max-snippet:-1, max-image-preview:large, max-video-preview:-1\" \/>\n<link rel=\"canonical\" href=\"https:\/\/www.ils-forschung.de\/en\/professional-publications\/teaching\/\" \/>\n<meta property=\"og:locale\" content=\"en_US\" \/>\n<meta property=\"og:type\" content=\"article\" \/>\n<meta property=\"og:title\" content=\"Teaching - ILS - Institut f\u00fcr Landes- und Stadtentwicklungsforschung\" \/>\n<meta property=\"og:url\" content=\"https:\/\/www.ils-forschung.de\/en\/professional-publications\/teaching\/\" \/>\n<meta property=\"og:site_name\" content=\"ILS - Institut f\u00fcr Landes- und Stadtentwicklungsforschung\" \/>\n<meta property=\"article:modified_time\" content=\"2026-04-28T09:33:44+00:00\" \/>\n<meta name=\"twitter:card\" content=\"summary_large_image\" \/>\n<meta name=\"twitter:site\" content=\"@ILS_forschung\" \/>\n<meta name=\"twitter:label1\" content=\"Est. reading time\" \/>\n\t<meta name=\"twitter:data1\" content=\"13 minutes\" \/>\n<script type=\"application\/ld+json\" class=\"yoast-schema-graph\">{\"@context\":\"https:\/\/schema.org\",\"@graph\":[{\"@type\":\"WebPage\",\"@id\":\"https:\/\/www.ils-forschung.de\/en\/professional-publications\/teaching\/\",\"url\":\"https:\/\/www.ils-forschung.de\/en\/professional-publications\/teaching\/\",\"name\":\"Teaching - ILS - Institut f\u00fcr Landes- und Stadtentwicklungsforschung\",\"isPartOf\":{\"@id\":\"https:\/\/www.ils-forschung.de\/en\/#website\"},\"primaryImageOfPage\":{\"@id\":\"https:\/\/www.ils-forschung.de\/en\/professional-publications\/teaching\/#primaryimage\"},\"image\":{\"@id\":\"https:\/\/www.ils-forschung.de\/en\/professional-publications\/teaching\/#primaryimage\"},\"thumbnailUrl\":\"https:\/\/www.ils-forschung.de\/wp-content\/uploads\/2023\/04\/ils-social-share-logo.jpg\",\"datePublished\":\"2021-05-18T08:45:01+00:00\",\"dateModified\":\"2026-04-28T09:33:44+00:00\",\"breadcrumb\":{\"@id\":\"https:\/\/www.ils-forschung.de\/en\/professional-publications\/teaching\/#breadcrumb\"},\"inLanguage\":\"en-US\",\"potentialAction\":[{\"@type\":\"ReadAction\",\"target\":[\"https:\/\/www.ils-forschung.de\/en\/professional-publications\/teaching\/\"]}]},{\"@type\":\"ImageObject\",\"inLanguage\":\"en-US\",\"@id\":\"https:\/\/www.ils-forschung.de\/en\/professional-publications\/teaching\/#primaryimage\",\"url\":\"https:\/\/www.ils-forschung.de\/wp-content\/uploads\/2023\/04\/ils-social-share-logo.jpg\",\"contentUrl\":\"https:\/\/www.ils-forschung.de\/wp-content\/uploads\/2023\/04\/ils-social-share-logo.jpg\",\"width\":1200,\"height\":630},{\"@type\":\"BreadcrumbList\",\"@id\":\"https:\/\/www.ils-forschung.de\/en\/professional-publications\/teaching\/#breadcrumb\",\"itemListElement\":[{\"@type\":\"ListItem\",\"position\":1,\"name\":\"Home\",\"item\":\"https:\/\/www.ils-forschung.de\/en\/\"},{\"@type\":\"ListItem\",\"position\":2,\"name\":\"Professional publications\",\"item\":\"https:\/\/www.ils-forschung.de\/en\/professional-publications\/\"},{\"@type\":\"ListItem\",\"position\":3,\"name\":\"Teaching\"}]},{\"@type\":\"WebSite\",\"@id\":\"https:\/\/www.ils-forschung.de\/en\/#website\",\"url\":\"https:\/\/www.ils-forschung.de\/en\/\",\"name\":\"ILS - Institut f\u00fcr Landes- und Stadtentwicklungsforschung\",\"description\":\"Das ILS \u2013 Institut f\u00fcr Landes- und Stadtentwicklungsforschung ist ein raumwissenschaftliches au\u00dferuniversit\u00e4res Forschungsinstitut mit Sitz in Dortmund.\",\"potentialAction\":[{\"@type\":\"SearchAction\",\"target\":{\"@type\":\"EntryPoint\",\"urlTemplate\":\"https:\/\/www.ils-forschung.de\/en\/?s={search_term_string}\"},\"query-input\":{\"@type\":\"PropertyValueSpecification\",\"valueRequired\":true,\"valueName\":\"search_term_string\"}}],\"inLanguage\":\"en-US\"}]}<\/script>\n<!-- \/ Yoast SEO plugin. -->","yoast_head_json":{"title":"Teaching - ILS - Institut f\u00fcr Landes- und Stadtentwicklungsforschung","robots":{"index":"index","follow":"follow","max-snippet":"max-snippet:-1","max-image-preview":"max-image-preview:large","max-video-preview":"max-video-preview:-1"},"canonical":"https:\/\/www.ils-forschung.de\/en\/professional-publications\/teaching\/","og_locale":"en_US","og_type":"article","og_title":"Teaching - ILS - Institut f\u00fcr Landes- und Stadtentwicklungsforschung","og_url":"https:\/\/www.ils-forschung.de\/en\/professional-publications\/teaching\/","og_site_name":"ILS - Institut f\u00fcr Landes- und Stadtentwicklungsforschung","article_modified_time":"2026-04-28T09:33:44+00:00","twitter_card":"summary_large_image","twitter_site":"@ILS_forschung","twitter_misc":{"Est. reading time":"13 minutes"},"schema":{"@context":"https:\/\/schema.org","@graph":[{"@type":"WebPage","@id":"https:\/\/www.ils-forschung.de\/en\/professional-publications\/teaching\/","url":"https:\/\/www.ils-forschung.de\/en\/professional-publications\/teaching\/","name":"Teaching - ILS - Institut f\u00fcr Landes- und Stadtentwicklungsforschung","isPartOf":{"@id":"https:\/\/www.ils-forschung.de\/en\/#website"},"primaryImageOfPage":{"@id":"https:\/\/www.ils-forschung.de\/en\/professional-publications\/teaching\/#primaryimage"},"image":{"@id":"https:\/\/www.ils-forschung.de\/en\/professional-publications\/teaching\/#primaryimage"},"thumbnailUrl":"https:\/\/www.ils-forschung.de\/wp-content\/uploads\/2023\/04\/ils-social-share-logo.jpg","datePublished":"2021-05-18T08:45:01+00:00","dateModified":"2026-04-28T09:33:44+00:00","breadcrumb":{"@id":"https:\/\/www.ils-forschung.de\/en\/professional-publications\/teaching\/#breadcrumb"},"inLanguage":"en-US","potentialAction":[{"@type":"ReadAction","target":["https:\/\/www.ils-forschung.de\/en\/professional-publications\/teaching\/"]}]},{"@type":"ImageObject","inLanguage":"en-US","@id":"https:\/\/www.ils-forschung.de\/en\/professional-publications\/teaching\/#primaryimage","url":"https:\/\/www.ils-forschung.de\/wp-content\/uploads\/2023\/04\/ils-social-share-logo.jpg","contentUrl":"https:\/\/www.ils-forschung.de\/wp-content\/uploads\/2023\/04\/ils-social-share-logo.jpg","width":1200,"height":630},{"@type":"BreadcrumbList","@id":"https:\/\/www.ils-forschung.de\/en\/professional-publications\/teaching\/#breadcrumb","itemListElement":[{"@type":"ListItem","position":1,"name":"Home","item":"https:\/\/www.ils-forschung.de\/en\/"},{"@type":"ListItem","position":2,"name":"Professional publications","item":"https:\/\/www.ils-forschung.de\/en\/professional-publications\/"},{"@type":"ListItem","position":3,"name":"Teaching"}]},{"@type":"WebSite","@id":"https:\/\/www.ils-forschung.de\/en\/#website","url":"https:\/\/www.ils-forschung.de\/en\/","name":"ILS - Institut f\u00fcr Landes- und Stadtentwicklungsforschung","description":"Das ILS \u2013 Institut f\u00fcr Landes- und Stadtentwicklungsforschung ist ein raumwissenschaftliches au\u00dferuniversit\u00e4res Forschungsinstitut mit Sitz in Dortmund.","potentialAction":[{"@type":"SearchAction","target":{"@type":"EntryPoint","urlTemplate":"https:\/\/www.ils-forschung.de\/en\/?s={search_term_string}"},"query-input":{"@type":"PropertyValueSpecification","valueRequired":true,"valueName":"search_term_string"}}],"inLanguage":"en-US"}]}},"_links":{"self":[{"href":"https:\/\/www.ils-forschung.de\/en\/wp-json\/wp\/v2\/pages\/13580","targetHints":{"allow":["GET"]}}],"collection":[{"href":"https:\/\/www.ils-forschung.de\/en\/wp-json\/wp\/v2\/pages"}],"about":[{"href":"https:\/\/www.ils-forschung.de\/en\/wp-json\/wp\/v2\/types\/page"}],"author":[{"embeddable":true,"href":"https:\/\/www.ils-forschung.de\/en\/wp-json\/wp\/v2\/users\/14"}],"replies":[{"embeddable":true,"href":"https:\/\/www.ils-forschung.de\/en\/wp-json\/wp\/v2\/comments?post=13580"}],"version-history":[{"count":41,"href":"https:\/\/www.ils-forschung.de\/en\/wp-json\/wp\/v2\/pages\/13580\/revisions"}],"predecessor-version":[{"id":57778,"href":"https:\/\/www.ils-forschung.de\/en\/wp-json\/wp\/v2\/pages\/13580\/revisions\/57778"}],"up":[{"embeddable":true,"href":"https:\/\/www.ils-forschung.de\/en\/wp-json\/wp\/v2\/pages\/6078"}],"wp:featuredmedia":[{"embeddable":true,"href":"https:\/\/www.ils-forschung.de\/en\/wp-json\/wp\/v2\/media\/29962"}],"wp:attachment":[{"href":"https:\/\/www.ils-forschung.de\/en\/wp-json\/wp\/v2\/media?parent=13580"}],"curies":[{"name":"wp","href":"https:\/\/api.w.org\/{rel}","templated":true}]}}